{"id":63736,"date":"2022-12-06T14:14:50","date_gmt":"2022-12-06T13:14:50","guid":{"rendered":"https:\/\/www.severihotels.it\/hotel-everest-pinarella\/domande-frequenti"},"modified":"2026-01-03T14:54:49","modified_gmt":"2026-01-03T13:54:49","slug":"domande-frequenti","status":"publish","type":"page","link":"https:\/\/www.severihotels.it\/fr\/hotel-everest-pinarella\/domande-frequenti","title":{"rendered":"Foire aux questions"},"content":{"rendered":"<div class=\"fusion-fullwidth fullwidth-box fusion-builder-row-1 fusion-flex-container nonhundred-percent-fullwidth non-hundred-percent-height-scrolling\" style=\"--awb-border-radius-top-left:0px;--awb-border-radius-top-right:0px;--awb-border-radius-bottom-right:0px;--awb-border-radius-bottom-left:0px;--awb-flex-wrap:wrap;\" ><div class=\"fusion-builder-row fusion-row fusion-flex-align-items-flex-start fusion-flex-content-wrap\" style=\"max-width:1429.4px;margin-left: calc(-2.1% \/ 2 );margin-right: calc(-2.1% \/ 2 );\"><div class=\"fusion-layout-column fusion_builder_column fusion-builder-column-0 fusion_builder_column_1_1 1_1 fusion-flex-column\" style=\"--awb-padding-top:2%;--awb-padding-bottom:2%;--awb-bg-size:cover;--awb-width-large:100%;--awb-margin-top-large:0px;--awb-spacing-right-large:1.02795%;--awb-margin-bottom-large:20px;--awb-spacing-left-large:1.02795%;--awb-width-medium:100%;--awb-order-medium:0;--awb-spacing-right-medium:1.02795%;--awb-spacing-left-medium:1.02795%;--awb-width-small:100%;--awb-order-small:0;--awb-spacing-right-small:1.02795%;--awb-spacing-left-small:1.02795%;\"><div class=\"fusion-column-wrapper fusion-column-has-shadow fusion-flex-justify-content-flex-start fusion-content-layout-column\"><div class=\"fusion-title title fusion-title-1 fusion-sep-none fusion-title-text fusion-title-size-two\" style=\"--awb-font-size:38px;\"><h2 class=\"fusion-title-heading title-heading-left\" style=\"font-family:&quot;Alegreya&quot;;font-style:normal;font-weight:400;margin:0;font-size:1em;\"><h2>Foire aux questions<\/h2><\/h2><\/div><div class=\"fusion-separator fusion-full-width-sep\" style=\"align-self: center;margin-left: auto;margin-right: auto;width:100%;\"><div class=\"fusion-separator-border sep-single sep-solid\" style=\"--awb-height:20px;--awb-amount:20px;border-color:#e2e2e2;border-top-width:1px;\"><\/div><\/div><\/div><\/div><div class=\"fusion-layout-column fusion_builder_column fusion-builder-column-1 fusion_builder_column_1_2 1_2 fusion-flex-column\" style=\"--awb-bg-size:cover;--awb-width-large:50%;--awb-margin-top-large:0px;--awb-spacing-right-large:2.0559%;--awb-margin-bottom-large:20px;--awb-spacing-left-large:2.0559%;--awb-width-medium:50%;--awb-order-medium:0;--awb-spacing-right-medium:2.0559%;--awb-spacing-left-medium:2.0559%;--awb-width-small:100%;--awb-order-small:0;--awb-spacing-right-small:1.02795%;--awb-spacing-left-small:1.02795%;\"><div class=\"fusion-column-wrapper fusion-column-has-shadow fusion-flex-justify-content-flex-start fusion-content-layout-column\"><div class=\"accordian fusion-accordian\" style=\"--awb-border-size:1px;--awb-icon-size:16px;--awb-content-font-size:18px;--awb-icon-alignment:left;--awb-hover-color:#f9f9fb;--awb-border-color:#e2e2e2;--awb-background-color:#ffffff;--awb-divider-color:#e2e2e2;--awb-divider-hover-color:#e2e2e2;--awb-icon-color:#ffffff;--awb-title-color:#212934;--awb-content-color:#4a4e57;--awb-icon-box-color:#212934;--awb-toggle-hover-accent-color:#62a5c8;--awb-title-font-family:&quot;Playfair Display&quot;;--awb-title-font-weight:400;--awb-title-font-style:normal;--awb-title-font-size:20px;--awb-title-line-height:1,2;--awb-content-font-family:&quot;Roboto&quot;;--awb-content-font-style:normal;--awb-content-font-weight:400;\"><div class=\"panel-group fusion-toggle-icon-boxed\" id=\"accordion-63736-1\"><div class=\"fusion-panel panel-default panel-75d62c72cad834e11 fusion-toggle-no-divider fusion-toggle-boxed-mode\" style=\"--awb-title-color:#212934;\"><div class=\"panel-heading\"><h4 class=\"panel-title toggle\" id=\"toggle_75d62c72cad834e11\"><a aria-expanded=\"false\" aria-controls=\"75d62c72cad834e11\" role=\"button\" data-toggle=\"collapse\" data-parent=\"#accordion-63736-1\" data-target=\"#75d62c72cad834e11\" href=\"#75d62c72cad834e11\"><span class=\"fusion-toggle-icon-wrapper\" aria-hidden=\"true\"><i class=\"fa-fusion-box active-icon awb-icon-minus\" aria-hidden=\"true\"><\/i><i class=\"fa-fusion-box inactive-icon awb-icon-plus\" aria-hidden=\"true\"><\/i><\/span><span class=\"fusion-toggle-heading\">Cosa trovo nell'All Inclusive?<\/span><\/a><\/h4><\/div><div id=\"75d62c72cad834e11\" class=\"panel-collapse collapse \" aria-labelledby=\"toggle_75d62c72cad834e11\"><div class=\"panel-body toggle-content fusion-clearfix\">\n<p>Notre formule SUPER Tout Inclus comprend les boissons alcoolis\u00e9es et non alcoolis\u00e9es \u00e0 volont\u00e9 au bar de l&rsquo;h\u00f4tel : caf\u00e9, eau, sodas, spiritueux, vin mousseux, vin tranquille et vin rouge. Au bar de la plage, vous trouverez \u00e9galement une s\u00e9lection de glaces, granit\u00e9s, sorbets, bi\u00e8res et spritz. Ap\u00e9ritifs avec buffet avant le repas, go\u00fbter, coin d\u00e9tente avant le coucher, un parasol et deux transats dans la zone standard, et bien plus encore. D\u00e9couvrez l&rsquo;offre tout inclus compl\u00e8te sur la <a href=\"https:\/\/www.severihotels.it\/fr\/hotel-everest-pinarella\/vacances-tout-inclus\">page d\u00e9di\u00e9e.<\/a><\/p>\n<\/div><\/div><\/div><div class=\"fusion-panel panel-default panel-07853abb283b0379c fusion-toggle-no-divider fusion-toggle-boxed-mode\" style=\"--awb-title-color:#212934;\"><div class=\"panel-heading\"><h4 class=\"panel-title toggle\" id=\"toggle_07853abb283b0379c\"><a aria-expanded=\"false\" aria-controls=\"07853abb283b0379c\" role=\"button\" data-toggle=\"collapse\" data-parent=\"#accordion-63736-1\" data-target=\"#07853abb283b0379c\" href=\"#07853abb283b0379c\"><span class=\"fusion-toggle-icon-wrapper\" aria-hidden=\"true\"><i class=\"fa-fusion-box active-icon awb-icon-minus\" aria-hidden=\"true\"><\/i><i class=\"fa-fusion-box inactive-icon awb-icon-plus\" aria-hidden=\"true\"><\/i><\/span><span class=\"fusion-toggle-heading\">Est-il possible de d\u00e9jeuner ou de d\u00eener sur la plage ?<\/span><\/a><\/h4><\/div><div id=\"07853abb283b0379c\" class=\"panel-collapse collapse \" aria-labelledby=\"toggle_07853abb283b0379c\"><div class=\"panel-body toggle-content fusion-clearfix\">\n<p>En choisissant la demi-pension ou la pension compl\u00e8te, vous pourrez d\u00e9jeuner et d\u00eener sur notre plage priv\u00e9e (sous r\u00e9serve des conditions m\u00e9t\u00e9orologiques) au restaurant Le Lido Bistro, sans suppl\u00e9ment. Vous pouvez indiquer votre pr\u00e9f\u00e9rence la veille au soir en la mentionnant sur le menu.<\/p>\n<\/div><\/div><\/div><div class=\"fusion-panel panel-default panel-22c9acde09b72110d fusion-toggle-no-divider fusion-toggle-boxed-mode\" style=\"--awb-title-color:#212934;\"><div class=\"panel-heading\"><h4 class=\"panel-title toggle\" id=\"toggle_22c9acde09b72110d\"><a aria-expanded=\"false\" aria-controls=\"22c9acde09b72110d\" role=\"button\" data-toggle=\"collapse\" data-parent=\"#accordion-63736-1\" data-target=\"#22c9acde09b72110d\" href=\"#22c9acde09b72110d\"><span class=\"fusion-toggle-icon-wrapper\" aria-hidden=\"true\"><i class=\"fa-fusion-box active-icon awb-icon-minus\" aria-hidden=\"true\"><\/i><i class=\"fa-fusion-box inactive-icon awb-icon-plus\" aria-hidden=\"true\"><\/i><\/span><span class=\"fusion-toggle-heading\">Y a-t-il un parking ?<\/span><\/a><\/h4><\/div><div id=\"22c9acde09b72110d\" class=\"panel-collapse collapse \" aria-labelledby=\"toggle_22c9acde09b72110d\"><div class=\"panel-body toggle-content fusion-clearfix\">\n<p>Oui, pour toutes les cat\u00e9gories de chambres et d&rsquo;h\u00e9bergements, une place de parking gratuite (place individuelle non r\u00e9servable) est garantie sur un parking ext\u00e9rieur situ\u00e9 \u00e0 environ 600 m\u00e8tres de l&rsquo;h\u00f4tel.<\/p>\n<p>Le parking n&rsquo;est pas surveill\u00e9\u00a0; par cons\u00e9quent, l&rsquo;h\u00f4tel d\u00e9cline toute responsabilit\u00e9 en cas de vol ou de dommages caus\u00e9s aux v\u00e9hicules.<\/p>\n<p>Pour faciliter vos d\u00e9placements, nous mettons \u00e0 votre disposition une navette gratuite, disponible tous les jours de 8h00 \u00e0 19h00 (en journ\u00e9e uniquement), reliant l&rsquo;h\u00f4tel au parking.<\/p>\n<\/div><\/div><\/div><div class=\"fusion-panel panel-default panel-104a8544492bc2105 fusion-toggle-no-divider fusion-toggle-boxed-mode\" style=\"--awb-title-color:#212934;\"><div class=\"panel-heading\"><h4 class=\"panel-title toggle\" id=\"toggle_104a8544492bc2105\"><a aria-expanded=\"false\" aria-controls=\"104a8544492bc2105\" role=\"button\" data-toggle=\"collapse\" data-parent=\"#accordion-63736-1\" data-target=\"#104a8544492bc2105\" href=\"#104a8544492bc2105\"><span class=\"fusion-toggle-icon-wrapper\" aria-hidden=\"true\"><i class=\"fa-fusion-box active-icon awb-icon-minus\" aria-hidden=\"true\"><\/i><i class=\"fa-fusion-box inactive-icon awb-icon-plus\" aria-hidden=\"true\"><\/i><\/span><span class=\"fusion-toggle-heading\">Les boissons alcoolis\u00e9es sont-elles incluses dans la formule tout compris ?<\/span><\/a><\/h4><\/div><div id=\"104a8544492bc2105\" class=\"panel-collapse collapse \" aria-labelledby=\"toggle_104a8544492bc2105\"><div class=\"panel-body toggle-content fusion-clearfix\">\n<p>Oui, au bar de l&rsquo;h\u00f4tel et sur notre plage priv\u00e9e Le Lido, incluse dans la formule tout compris, vous trouverez une s\u00e9lection de bitters, spritz, vins mousseux, ap\u00e9ritifs maison et bi\u00e8res. Les boissons alcoolis\u00e9es sont r\u00e9serv\u00e9es aux personnes de 18 ans et plus.<\/p>\n<\/div><\/div><\/div><div class=\"fusion-panel panel-default panel-27ba7e231af11b34e fusion-toggle-no-divider fusion-toggle-boxed-mode\" style=\"--awb-title-color:#212934;\"><div class=\"panel-heading\"><h4 class=\"panel-title toggle\" id=\"toggle_27ba7e231af11b34e\"><a aria-expanded=\"false\" aria-controls=\"27ba7e231af11b34e\" role=\"button\" data-toggle=\"collapse\" data-parent=\"#accordion-63736-1\" data-target=\"#27ba7e231af11b34e\" href=\"#27ba7e231af11b34e\"><span class=\"fusion-toggle-icon-wrapper\" aria-hidden=\"true\"><i class=\"fa-fusion-box active-icon awb-icon-minus\" aria-hidden=\"true\"><\/i><i class=\"fa-fusion-box inactive-icon awb-icon-plus\" aria-hidden=\"true\"><\/i><\/span><span class=\"fusion-toggle-heading\">L'h\u00f4tel accepte-t-il les animaux domestiques ?<\/span><\/a><\/h4><\/div><div id=\"27ba7e231af11b34e\" class=\"panel-collapse collapse \" aria-labelledby=\"toggle_27ba7e231af11b34e\"><div class=\"panel-body toggle-content fusion-clearfix\">\n<p>Oui, l&rsquo;h\u00f4tel accueille avec plaisir votre compagnon \u00e0 quatre pattes.<\/p>\n<p>Nous acceptons un maximum d&rsquo;un animal de compagnie de taille moyenne ou petite par chambre.<\/p>\n<p>Les animaux ne sont pas admis au bar, au solarium, \u00e0 la piscine ni au restaurant.<\/p>\n<p>Ils doivent \u00eatre tenus en laisse dans les parties communes de l&rsquo;h\u00f4tel.<\/p>\n<p>Le m\u00e9nage des chambres peut \u00eatre effectu\u00e9 l&rsquo;apr\u00e8s-midi. Comme tous nos clients, vos compagnons \u00e0 quatre pattes doivent respecter les heures de repos et de calme, soit de 14h00 \u00e0 16h00 et de 22h30 \u00e0 7h30.<\/p>\n<p>Un suppl\u00e9ment de 40 \u20ac par semaine sera factur\u00e9 lors de la r\u00e9servation pour le m\u00e9nage de la chambre apr\u00e8s votre d\u00e9part.<\/p>\n<\/div><\/div><\/div><div class=\"fusion-panel panel-default panel-e9a0423eea73e13f3 fusion-toggle-no-divider fusion-toggle-boxed-mode\" style=\"--awb-title-color:#212934;\"><div class=\"panel-heading\"><h4 class=\"panel-title toggle\" id=\"toggle_e9a0423eea73e13f3\"><a aria-expanded=\"false\" aria-controls=\"e9a0423eea73e13f3\" role=\"button\" data-toggle=\"collapse\" data-parent=\"#accordion-63736-1\" data-target=\"#e9a0423eea73e13f3\" href=\"#e9a0423eea73e13f3\"><span class=\"fusion-toggle-icon-wrapper\" aria-hidden=\"true\"><i class=\"fa-fusion-box active-icon awb-icon-minus\" aria-hidden=\"true\"><\/i><i class=\"fa-fusion-box inactive-icon awb-icon-plus\" aria-hidden=\"true\"><\/i><\/span><span class=\"fusion-toggle-heading\">Les animaux domestiques sont-ils autoris\u00e9s sur la plage ?<\/span><\/a><\/h4><\/div><div id=\"e9a0423eea73e13f3\" class=\"panel-collapse collapse \" aria-labelledby=\"toggle_e9a0423eea73e13f3\"><div class=\"panel-body toggle-content fusion-clearfix\">\n<p>Oui, le r\u00e8glement municipal de Cervia autorise les chiens \u00e0 acc\u00e9der \u00e0 la plage de 6h00 \u00e0 8h00 et de 21h00 \u00e0 minuit. Les chiens doivent \u00eatre tenus en laisse (1,50 m\u00e8tre maximum) et porter une museli\u00e8re adapt\u00e9e. Ils peuvent se baigner avec leur ma\u00eetre.<\/p>\n<\/div><\/div><\/div><div class=\"fusion-panel panel-default panel-2c00c59d11495bec0 fusion-toggle-no-divider fusion-toggle-boxed-mode\" style=\"--awb-title-color:#212934;\"><div class=\"panel-heading\"><h4 class=\"panel-title toggle\" id=\"toggle_2c00c59d11495bec0\"><a aria-expanded=\"false\" aria-controls=\"2c00c59d11495bec0\" role=\"button\" data-toggle=\"collapse\" data-parent=\"#accordion-63736-1\" data-target=\"#2c00c59d11495bec0\" href=\"#2c00c59d11495bec0\"><span class=\"fusion-toggle-icon-wrapper\" aria-hidden=\"true\"><i class=\"fa-fusion-box active-icon awb-icon-minus\" aria-hidden=\"true\"><\/i><i class=\"fa-fusion-box inactive-icon awb-icon-plus\" aria-hidden=\"true\"><\/i><\/span><span class=\"fusion-toggle-heading\">Y a-t-il un coin pour les aliments pour b\u00e9b\u00e9s ?<\/span><\/a><\/h4><\/div><div id=\"2c00c59d11495bec0\" class=\"panel-collapse collapse \" aria-labelledby=\"toggle_2c00c59d11495bec0\"><div class=\"panel-body toggle-content fusion-clearfix\">\n<div class=\"fusion-text fusion-text-14\">\n<p>Au restaurant de l&rsquo;H\u00f4tel Everest, vous trouverez l&rsquo;espace repas b\u00e9b\u00e9, sp\u00e9cialement con\u00e7u pour les mamans souhaitant pr\u00e9parer les repas de leurs tout-petits pendant leur s\u00e9jour. Il est ouvert tous les jours de 7h30 \u00e0 21h00.<\/p>\n<p>L&rsquo;espace repas b\u00e9b\u00e9 est \u00e9quip\u00e9 d&rsquo;une plaque de cuisson, d&rsquo;un r\u00e9frig\u00e9rateur, d&rsquo;un micro-ondes et d&rsquo;ustensiles de cuisine, vous permettant de cuisiner en toute autonomie. Nous mettons \u00e9galement \u00e0 votre disposition une s\u00e9lection d&rsquo;ingr\u00e9dients en portions individuelles.<\/p>\n<\/div>\n<\/div><\/div><\/div><div class=\"fusion-panel panel-default panel-db9f838d918379e67 fusion-toggle-no-divider fusion-toggle-boxed-mode\" style=\"--awb-title-color:#212934;\"><div class=\"panel-heading\"><h4 class=\"panel-title toggle\" id=\"toggle_db9f838d918379e67\"><a aria-expanded=\"false\" aria-controls=\"db9f838d918379e67\" role=\"button\" data-toggle=\"collapse\" data-parent=\"#accordion-63736-1\" data-target=\"#db9f838d918379e67\" href=\"#db9f838d918379e67\"><span class=\"fusion-toggle-icon-wrapper\" aria-hidden=\"true\"><i class=\"fa-fusion-box active-icon awb-icon-minus\" aria-hidden=\"true\"><\/i><i class=\"fa-fusion-box inactive-icon awb-icon-plus\" aria-hidden=\"true\"><\/i><\/span><span class=\"fusion-toggle-heading\">Existe-t-il des options pour les v\u00e9g\u00e9taliens ?<\/span><\/a><\/h4><\/div><div id=\"db9f838d918379e67\" class=\"panel-collapse collapse \" aria-labelledby=\"toggle_db9f838d918379e67\"><div class=\"panel-body toggle-content fusion-clearfix\">\n<p>Oui, chaque jour aux repas principaux, vous trouverez un copieux buffet de l\u00e9gumes cuits et crus.<\/p>\n<\/div><\/div><\/div><div class=\"fusion-panel panel-default panel-c0e36eeaefd503fa3 fusion-toggle-no-divider fusion-toggle-boxed-mode\" style=\"--awb-title-color:#212934;\"><div class=\"panel-heading\"><h4 class=\"panel-title toggle\" id=\"toggle_c0e36eeaefd503fa3\"><a aria-expanded=\"false\" aria-controls=\"c0e36eeaefd503fa3\" role=\"button\" data-toggle=\"collapse\" data-parent=\"#accordion-63736-1\" data-target=\"#c0e36eeaefd503fa3\" href=\"#c0e36eeaefd503fa3\"><span class=\"fusion-toggle-icon-wrapper\" aria-hidden=\"true\"><i class=\"fa-fusion-box active-icon awb-icon-minus\" aria-hidden=\"true\"><\/i><i class=\"fa-fusion-box inactive-icon awb-icon-plus\" aria-hidden=\"true\"><\/i><\/span><span class=\"fusion-toggle-heading\">\u00c0 quelle distance se trouve l'h\u00f4tel de la plage ?<\/span><\/a><\/h4><\/div><div id=\"c0e36eeaefd503fa3\" class=\"panel-collapse collapse \" aria-labelledby=\"toggle_c0e36eeaefd503fa3\"><div class=\"panel-body toggle-content fusion-clearfix\">\n<p>Notre plage priv\u00e9e, Le Lido, se trouve \u00e0 seulement 200 m\u00e8tres et est accessible par une agr\u00e9able promenade \u00e0 travers la fra\u00eeche et verdoyante pin\u00e8de.<\/p>\n<\/div><\/div><\/div><div class=\"fusion-panel panel-default panel-03d488e53d9c879b1 fusion-toggle-no-divider fusion-toggle-boxed-mode\" style=\"--awb-title-color:#212934;\"><div class=\"panel-heading\"><h4 class=\"panel-title toggle\" id=\"toggle_03d488e53d9c879b1\"><a aria-expanded=\"false\" aria-controls=\"03d488e53d9c879b1\" role=\"button\" data-toggle=\"collapse\" data-parent=\"#accordion-63736-1\" data-target=\"#03d488e53d9c879b1\" href=\"#03d488e53d9c879b1\"><span class=\"fusion-toggle-icon-wrapper\" aria-hidden=\"true\"><i class=\"fa-fusion-box active-icon awb-icon-minus\" aria-hidden=\"true\"><\/i><i class=\"fa-fusion-box inactive-icon awb-icon-plus\" aria-hidden=\"true\"><\/i><\/span><span class=\"fusion-toggle-heading\">La piscine est-elle chauff\u00e9e ?<\/span><\/a><\/h4><\/div><div id=\"03d488e53d9c879b1\" class=\"panel-collapse collapse \" aria-labelledby=\"toggle_03d488e53d9c879b1\"><div class=\"panel-body toggle-content fusion-clearfix\">\n<p>Oui, la piscine est chauff\u00e9e et reste \u00e0 une temp\u00e9rature sup\u00e9rieure \u00e0 26\u00b0C.<\/p>\n<\/div><\/div><\/div><div class=\"fusion-panel panel-default panel-1478de96ec68395bb fusion-toggle-no-divider fusion-toggle-boxed-mode\" style=\"--awb-title-color:#212934;\"><div class=\"panel-heading\"><h4 class=\"panel-title toggle\" id=\"toggle_1478de96ec68395bb\"><a aria-expanded=\"false\" aria-controls=\"1478de96ec68395bb\" role=\"button\" data-toggle=\"collapse\" data-parent=\"#accordion-63736-1\" data-target=\"#1478de96ec68395bb\" href=\"#1478de96ec68395bb\"><span class=\"fusion-toggle-icon-wrapper\" aria-hidden=\"true\"><i class=\"fa-fusion-box active-icon awb-icon-minus\" aria-hidden=\"true\"><\/i><i class=\"fa-fusion-box inactive-icon awb-icon-plus\" aria-hidden=\"true\"><\/i><\/span><span class=\"fusion-toggle-heading\">O\u00f9 se situe l'h\u00f4tel Everest ?<\/span><\/a><\/h4><\/div><div id=\"1478de96ec68395bb\" class=\"panel-collapse collapse \" aria-labelledby=\"toggle_1478de96ec68395bb\"><div class=\"panel-body toggle-content fusion-clearfix\">\n<p>L&rsquo;h\u00f4tel Everest est situ\u00e9 \u00e0 Pinarella di Cervia (RA) en \u00c9milie-Romagne et surplombe la pin\u00e8de : une bande de verdure fra\u00eeche qui le s\u00e9pare de la plage.<\/p>\n<\/div><\/div><\/div><div class=\"fusion-panel panel-default panel-929fca838972d93f1 fusion-toggle-no-divider fusion-toggle-boxed-mode\" style=\"--awb-title-color:#212934;\"><div class=\"panel-heading\"><h4 class=\"panel-title toggle\" id=\"toggle_929fca838972d93f1\"><a aria-expanded=\"false\" aria-controls=\"929fca838972d93f1\" role=\"button\" data-toggle=\"collapse\" data-parent=\"#accordion-63736-1\" data-target=\"#929fca838972d93f1\" href=\"#929fca838972d93f1\"><span class=\"fusion-toggle-icon-wrapper\" aria-hidden=\"true\"><i class=\"fa-fusion-box active-icon awb-icon-minus\" aria-hidden=\"true\"><\/i><i class=\"fa-fusion-box inactive-icon awb-icon-plus\" aria-hidden=\"true\"><\/i><\/span><span class=\"fusion-toggle-heading\">Si je s\u00e9journe dans un h\u00f4tel, puis-je utiliser les services d'un autre h\u00f4tel ?<\/span><\/a><\/h4><\/div><div id=\"929fca838972d93f1\" class=\"panel-collapse collapse \" aria-labelledby=\"toggle_929fca838972d93f1\"><div class=\"panel-body toggle-content fusion-clearfix\">\n<p>Non, \u00e0 l&rsquo;exception des animations en soir\u00e9e propos\u00e9es par notre \u00e9quipe d&rsquo;animation.<\/p>\n<\/div><\/div><\/div><\/div><\/div><\/div><\/div><div class=\"fusion-layout-column fusion_builder_column fusion-builder-column-2 fusion_builder_column_1_2 1_2 fusion-flex-column\" style=\"--awb-bg-size:cover;--awb-width-large:50%;--awb-margin-top-large:0px;--awb-spacing-right-large:2.0559%;--awb-margin-bottom-large:20px;--awb-spacing-left-large:2.0559%;--awb-width-medium:50%;--awb-order-medium:0;--awb-spacing-right-medium:2.0559%;--awb-spacing-left-medium:2.0559%;--awb-width-small:100%;--awb-order-small:0;--awb-spacing-right-small:1.02795%;--awb-spacing-left-small:1.02795%;\"><div class=\"fusion-column-wrapper fusion-column-has-shadow fusion-flex-justify-content-flex-start fusion-content-layout-column\"><div class=\"accordian fusion-accordian\" style=\"--awb-border-size:1px;--awb-icon-size:16px;--awb-content-font-size:18px;--awb-icon-alignment:left;--awb-hover-color:#f9f9fb;--awb-border-color:#e2e2e2;--awb-background-color:#ffffff;--awb-divider-color:#e2e2e2;--awb-divider-hover-color:#e2e2e2;--awb-icon-color:#ffffff;--awb-title-color:#212934;--awb-content-color:#4a4e57;--awb-icon-box-color:#212934;--awb-toggle-hover-accent-color:#62a5c8;--awb-title-font-family:&quot;Playfair Display&quot;;--awb-title-font-weight:400;--awb-title-font-style:normal;--awb-title-font-size:20px;--awb-title-line-height:1,2;--awb-content-font-family:&quot;Roboto&quot;;--awb-content-font-style:normal;--awb-content-font-weight:400;\"><div class=\"panel-group fusion-toggle-icon-boxed\" id=\"accordion-63736-2\"><div class=\"fusion-panel panel-default panel-2d5789742beea1081 fusion-toggle-no-divider fusion-toggle-boxed-mode\" style=\"--awb-title-color:#212934;\"><div class=\"panel-heading\"><h4 class=\"panel-title toggle\" id=\"toggle_2d5789742beea1081\"><a aria-expanded=\"false\" aria-controls=\"2d5789742beea1081\" role=\"button\" data-toggle=\"collapse\" data-parent=\"#accordion-63736-2\" data-target=\"#2d5789742beea1081\" href=\"#2d5789742beea1081\"><span class=\"fusion-toggle-icon-wrapper\" aria-hidden=\"true\"><i class=\"fa-fusion-box active-icon awb-icon-minus\" aria-hidden=\"true\"><\/i><i class=\"fa-fusion-box inactive-icon awb-icon-plus\" aria-hidden=\"true\"><\/i><\/span><span class=\"fusion-toggle-heading\">Non, \u00e0 l'exception des animations en soir\u00e9e propos\u00e9es par notre \u00e9quipe d'animation.Al mio arrivo la camera \u00e8 pronta?<\/span><\/a><\/h4><\/div><div id=\"2d5789742beea1081\" class=\"panel-collapse collapse \" aria-labelledby=\"toggle_2d5789742beea1081\"><div class=\"panel-body toggle-content fusion-clearfix\">\n<p>La chambre sera \u00e0 votre disposition de 14h00 \u00e0 17h00 et devra \u00eatre lib\u00e9r\u00e9e avant 10h00 le jour de votre d\u00e9part.<\/p>\n<\/div><\/div><\/div><div class=\"fusion-panel panel-default panel-719398b9d0a19a989 fusion-toggle-no-divider fusion-toggle-boxed-mode\" style=\"--awb-title-color:#212934;\"><div class=\"panel-heading\"><h4 class=\"panel-title toggle\" id=\"toggle_719398b9d0a19a989\"><a aria-expanded=\"false\" aria-controls=\"719398b9d0a19a989\" role=\"button\" data-toggle=\"collapse\" data-parent=\"#accordion-63736-2\" data-target=\"#719398b9d0a19a989\" href=\"#719398b9d0a19a989\"><span class=\"fusion-toggle-icon-wrapper\" aria-hidden=\"true\"><i class=\"fa-fusion-box active-icon awb-icon-minus\" aria-hidden=\"true\"><\/i><i class=\"fa-fusion-box inactive-icon awb-icon-plus\" aria-hidden=\"true\"><\/i><\/span><span class=\"fusion-toggle-heading\">Y a-t-il d\u00e9j\u00e0 des places de parking disponibles \u00e0 mon arriv\u00e9e ?<\/span><\/a><\/h4><\/div><div id=\"719398b9d0a19a989\" class=\"panel-collapse collapse \" aria-labelledby=\"toggle_719398b9d0a19a989\"><div class=\"panel-body toggle-content fusion-clearfix\">\n<p>Le parking sera accessible \u00e0 partir de 10h00 et devra \u00eatre lib\u00e9r\u00e9 avant 10h00 le jour du d\u00e9part.<\/p>\n<\/div><\/div><\/div><div class=\"fusion-panel panel-default panel-9e4b559f86560315b fusion-toggle-no-divider fusion-toggle-boxed-mode\" style=\"--awb-title-color:#212934;\"><div class=\"panel-heading\"><h4 class=\"panel-title toggle\" id=\"toggle_9e4b559f86560315b\"><a aria-expanded=\"false\" aria-controls=\"9e4b559f86560315b\" role=\"button\" data-toggle=\"collapse\" data-parent=\"#accordion-63736-2\" data-target=\"#9e4b559f86560315b\" href=\"#9e4b559f86560315b\"><span class=\"fusion-toggle-icon-wrapper\" aria-hidden=\"true\"><i class=\"fa-fusion-box active-icon awb-icon-minus\" aria-hidden=\"true\"><\/i><i class=\"fa-fusion-box inactive-icon awb-icon-plus\" aria-hidden=\"true\"><\/i><\/span><span class=\"fusion-toggle-heading\">Le parasol et les transats sont-ils disponibles d\u00e8s mon arriv\u00e9e ?<\/span><\/a><\/h4><\/div><div id=\"9e4b559f86560315b\" class=\"panel-collapse collapse \" aria-labelledby=\"toggle_9e4b559f86560315b\"><div class=\"panel-body toggle-content fusion-clearfix\">\n<p>Le parasol et les 2 chaises longues de notre plage priv\u00e9e Le Lido seront \u00e0 votre disposition du matin de votre arriv\u00e9e jusqu&rsquo;au soir de la veille de votre d\u00e9part.<\/p>\n<\/div><\/div><\/div><div class=\"fusion-panel panel-default panel-ebc4eef28a014396f fusion-toggle-no-divider fusion-toggle-boxed-mode\" style=\"--awb-title-color:#212934;\"><div class=\"panel-heading\"><h4 class=\"panel-title toggle\" id=\"toggle_ebc4eef28a014396f\"><a aria-expanded=\"false\" aria-controls=\"ebc4eef28a014396f\" role=\"button\" data-toggle=\"collapse\" data-parent=\"#accordion-63736-2\" data-target=\"#ebc4eef28a014396f\" href=\"#ebc4eef28a014396f\"><span class=\"fusion-toggle-icon-wrapper\" aria-hidden=\"true\"><i class=\"fa-fusion-box active-icon awb-icon-minus\" aria-hidden=\"true\"><\/i><i class=\"fa-fusion-box inactive-icon awb-icon-plus\" aria-hidden=\"true\"><\/i><\/span><span class=\"fusion-toggle-heading\">Mon enfant a moins de 4 ans, que peut-il faire ?<\/span><\/a><\/h4><\/div><div id=\"ebc4eef28a014396f\" class=\"panel-collapse collapse \" aria-labelledby=\"toggle_ebc4eef28a014396f\"><div class=\"panel-body toggle-content fusion-clearfix\">\n<p>L&rsquo;h\u00f4tel dispose d&rsquo;une salle de jeux pour enfants avec un espace de jeux int\u00e9rieur s\u00e9curis\u00e9, ainsi que d&rsquo;un espace ext\u00e9rieur avec baby-foot, table de ping-pong et ch\u00e2teau gonflable. Sur la plage, un espace de jeux avec un immense ch\u00e2teau gonflable sur le th\u00e8me de la mer est am\u00e9nag\u00e9 pour les enfants. Notre \u00e9quipe d&rsquo;animation propose chaque jour aux tout-petits des activit\u00e9s sur la plage\u00a0: \u00e9veil musical, ateliers et bien d&rsquo;autres. La pr\u00e9sence d&rsquo;un adulte est requise pendant toutes les activit\u00e9s.<\/p>\n<\/div><\/div><\/div><div class=\"fusion-panel panel-default panel-ce87c97d5c0c769cf fusion-toggle-no-divider fusion-toggle-boxed-mode\" style=\"--awb-title-color:#212934;\"><div class=\"panel-heading\"><h4 class=\"panel-title toggle\" id=\"toggle_ce87c97d5c0c769cf\"><a aria-expanded=\"false\" aria-controls=\"ce87c97d5c0c769cf\" role=\"button\" data-toggle=\"collapse\" data-parent=\"#accordion-63736-2\" data-target=\"#ce87c97d5c0c769cf\" href=\"#ce87c97d5c0c769cf\"><span class=\"fusion-toggle-icon-wrapper\" aria-hidden=\"true\"><i class=\"fa-fusion-box active-icon awb-icon-minus\" aria-hidden=\"true\"><\/i><i class=\"fa-fusion-box inactive-icon awb-icon-plus\" aria-hidden=\"true\"><\/i><\/span><span class=\"fusion-toggle-heading\">Le divertissement est-il uniquement destin\u00e9 aux enfants ou aussi aux adultes ?<\/span><\/a><\/h4><\/div><div id=\"ce87c97d5c0c769cf\" class=\"panel-collapse collapse \" aria-labelledby=\"toggle_ce87c97d5c0c769cf\"><div class=\"panel-body toggle-content fusion-clearfix\">\n<p>Nos animations s&rsquo;adressent \u00e0 tous les \u00e2ges\u00a0; notre \u00e9quipe organise des activit\u00e9s et des tournois adapt\u00e9s \u00e0 chaque tranche d&rsquo;\u00e2ge, ainsi que des soir\u00e9es pour adultes et enfants avec spectacles de cabaret, musique et jeux. Nous proposons \u00e9galement un large choix d&rsquo;excursions pour les couples et les familles, pour vivre des aventures inoubliables.<\/p>\n<\/div><\/div><\/div><div class=\"fusion-panel panel-default panel-2d22cc9f49ac714e0 fusion-toggle-no-divider fusion-toggle-boxed-mode\" style=\"--awb-title-color:#212934;\"><div class=\"panel-heading\"><h4 class=\"panel-title toggle\" id=\"toggle_2d22cc9f49ac714e0\"><a aria-expanded=\"false\" aria-controls=\"2d22cc9f49ac714e0\" role=\"button\" data-toggle=\"collapse\" data-parent=\"#accordion-63736-2\" data-target=\"#2d22cc9f49ac714e0\" href=\"#2d22cc9f49ac714e0\"><span class=\"fusion-toggle-icon-wrapper\" aria-hidden=\"true\"><i class=\"fa-fusion-box active-icon awb-icon-minus\" aria-hidden=\"true\"><\/i><i class=\"fa-fusion-box inactive-icon awb-icon-plus\" aria-hidden=\"true\"><\/i><\/span><span class=\"fusion-toggle-heading\">Y a-t-il des v\u00e9los disponibles ?<\/span><\/a><\/h4><\/div><div id=\"2d22cc9f49ac714e0\" class=\"panel-collapse collapse \" aria-labelledby=\"toggle_2d22cc9f49ac714e0\"><div class=\"panel-body toggle-content fusion-clearfix\">\n<p>Oui, l&rsquo;h\u00f4tel met des v\u00e9los \u00e0 disposition des adultes et des enfants. Ils sont disponibles gratuitement pour les courts trajets et pour rejoindre les principaux sites touristiques. Lors du stationnement, vous devez les attacher avec le cadenas fourni. Les clients seront tenus responsables de tout dommage ou vol caus\u00e9 au v\u00e9lo et devront s&rsquo;acquitter d&rsquo;une indemnisation allant de 20 \u20ac \u00e0 200 \u20ac, selon l&rsquo;\u00e9tendue des d\u00e9g\u00e2ts.<\/p>\n<\/div><\/div><\/div><div class=\"fusion-panel panel-default panel-ffa127b818ddcd832 fusion-toggle-no-divider fusion-toggle-boxed-mode\" style=\"--awb-title-color:#212934;\"><div class=\"panel-heading\"><h4 class=\"panel-title toggle\" id=\"toggle_ffa127b818ddcd832\"><a aria-expanded=\"false\" aria-controls=\"ffa127b818ddcd832\" role=\"button\" data-toggle=\"collapse\" data-parent=\"#accordion-63736-2\" data-target=\"#ffa127b818ddcd832\" href=\"#ffa127b818ddcd832\"><span class=\"fusion-toggle-icon-wrapper\" aria-hidden=\"true\"><i class=\"fa-fusion-box active-icon awb-icon-minus\" aria-hidden=\"true\"><\/i><i class=\"fa-fusion-box inactive-icon awb-icon-plus\" aria-hidden=\"true\"><\/i><\/span><span class=\"fusion-toggle-heading\">Les excursions sont-elles incluses dans la formule tout compris ?<\/span><\/a><\/h4><\/div><div id=\"ffa127b818ddcd832\" class=\"panel-collapse collapse \" aria-labelledby=\"toggle_ffa127b818ddcd832\"><div class=\"panel-body toggle-content fusion-clearfix\">\n<p>Non, le service d&rsquo;excursion <em>Minibus Garden<\/em> n&rsquo;est pas incluse dans la formule tout compris. Le programme, avec les tarifs et les horaires, est disponible au bureau des excursions situ\u00e9 sur notre plage. Pour rester inform\u00e9(e), consultez notre profil Instagram <a href=\"https:\/\/www.instagram.com\/minibus.garden\/\">@minibusgarden<\/a><\/p>\n<\/div><\/div><\/div><div class=\"fusion-panel panel-default panel-88ad8b80351bc9e1b fusion-toggle-no-divider fusion-toggle-boxed-mode\" style=\"--awb-title-color:#212934;\"><div class=\"panel-heading\"><h4 class=\"panel-title toggle\" id=\"toggle_88ad8b80351bc9e1b\"><a aria-expanded=\"false\" aria-controls=\"88ad8b80351bc9e1b\" role=\"button\" data-toggle=\"collapse\" data-parent=\"#accordion-63736-2\" data-target=\"#88ad8b80351bc9e1b\" href=\"#88ad8b80351bc9e1b\"><span class=\"fusion-toggle-icon-wrapper\" aria-hidden=\"true\"><i class=\"fa-fusion-box active-icon awb-icon-minus\" aria-hidden=\"true\"><\/i><i class=\"fa-fusion-box inactive-icon awb-icon-plus\" aria-hidden=\"true\"><\/i><\/span><span class=\"fusion-toggle-heading\">Existe-t-il un service de navette jusqu'\u00e0 la gare la plus proche ?<\/span><\/a><\/h4><\/div><div id=\"88ad8b80351bc9e1b\" class=\"panel-collapse collapse \" aria-labelledby=\"toggle_88ad8b80351bc9e1b\"><div class=\"panel-body toggle-content fusion-clearfix\">\n<p>Oui, l&rsquo;h\u00f4tel propose un service de navette gratuit jusqu&rsquo;\u00e0 la gare Cervia-Milano Marittima de 7h30 \u00e0 23h00.<\/p>\n<p>Veuillez le pr\u00e9ciser lors de votre r\u00e9servation.<\/p>\n<\/div><\/div><\/div><div class=\"fusion-panel panel-default panel-d98c8b82ba3f0ccb3 fusion-toggle-no-divider fusion-toggle-boxed-mode\" style=\"--awb-title-color:#212934;\"><div class=\"panel-heading\"><h4 class=\"panel-title toggle\" id=\"toggle_d98c8b82ba3f0ccb3\"><a aria-expanded=\"false\" aria-controls=\"d98c8b82ba3f0ccb3\" role=\"button\" data-toggle=\"collapse\" data-parent=\"#accordion-63736-2\" data-target=\"#d98c8b82ba3f0ccb3\" href=\"#d98c8b82ba3f0ccb3\"><span class=\"fusion-toggle-icon-wrapper\" aria-hidden=\"true\"><i class=\"fa-fusion-box active-icon awb-icon-minus\" aria-hidden=\"true\"><\/i><i class=\"fa-fusion-box inactive-icon awb-icon-plus\" aria-hidden=\"true\"><\/i><\/span><span class=\"fusion-toggle-heading\">Que se passe-t-il en cas d'annulation ou de d\u00e9part anticip\u00e9 ?<\/span><\/a><\/h4><\/div><div id=\"d98c8b82ba3f0ccb3\" class=\"panel-collapse collapse \" aria-labelledby=\"toggle_d98c8b82ba3f0ccb3\"><div class=\"panel-body toggle-content fusion-clearfix\">\n<p>Nous vous invitons \u00e0 lire l&rsquo;int\u00e9gralit\u00e9 des conditions g\u00e9n\u00e9rales sur <strong><a href=\"https:\/\/www.severihotels.it\/fr\/hotel-everest-pinarella\/conditions-generales\">cette page<\/a><\/strong><\/p>\n<\/div><\/div><\/div><div class=\"fusion-panel panel-default panel-bdfca97fb3289fced fusion-toggle-no-divider fusion-toggle-boxed-mode\" style=\"--awb-title-color:#212934;\"><div class=\"panel-heading\"><h4 class=\"panel-title toggle\" id=\"toggle_bdfca97fb3289fced\"><a aria-expanded=\"false\" aria-controls=\"bdfca97fb3289fced\" role=\"button\" data-toggle=\"collapse\" data-parent=\"#accordion-63736-2\" data-target=\"#bdfca97fb3289fced\" href=\"#bdfca97fb3289fced\"><span class=\"fusion-toggle-icon-wrapper\" aria-hidden=\"true\"><i class=\"fa-fusion-box active-icon awb-icon-minus\" aria-hidden=\"true\"><\/i><i class=\"fa-fusion-box inactive-icon awb-icon-plus\" aria-hidden=\"true\"><\/i><\/span><span class=\"fusion-toggle-heading\">Existe-t-il des poussettes pour enfants ?<\/span><\/a><\/h4><\/div><div id=\"bdfca97fb3289fced\" class=\"panel-collapse collapse \" aria-labelledby=\"toggle_bdfca97fb3289fced\"><div class=\"panel-body toggle-content fusion-clearfix\">\n<p>Oui, l&rsquo;h\u00f4tel met des poussettes \u00e0 la disposition de ses clients. Veuillez en faire la demande \u00e0 la r\u00e9ception le jour de votre arriv\u00e9e.<\/p>\n<\/div><\/div><\/div><div class=\"fusion-panel panel-default panel-a2ddb2f97b03e2a7e fusion-toggle-no-divider fusion-toggle-boxed-mode\" style=\"--awb-title-color:#212934;\"><div class=\"panel-heading\"><h4 class=\"panel-title toggle\" id=\"toggle_a2ddb2f97b03e2a7e\"><a aria-expanded=\"false\" aria-controls=\"a2ddb2f97b03e2a7e\" role=\"button\" data-toggle=\"collapse\" data-parent=\"#accordion-63736-2\" data-target=\"#a2ddb2f97b03e2a7e\" href=\"#a2ddb2f97b03e2a7e\"><span class=\"fusion-toggle-icon-wrapper\" aria-hidden=\"true\"><i class=\"fa-fusion-box active-icon awb-icon-minus\" aria-hidden=\"true\"><\/i><i class=\"fa-fusion-box inactive-icon awb-icon-plus\" aria-hidden=\"true\"><\/i><\/span><span class=\"fusion-toggle-heading\">Y a-t-il un local \u00e0 jouets sur la plage ?<\/span><\/a><\/h4><\/div><div id=\"a2ddb2f97b03e2a7e\" class=\"panel-collapse collapse \" aria-labelledby=\"toggle_a2ddb2f97b03e2a7e\"><div class=\"panel-body toggle-content fusion-clearfix\">\n<p>Oui, il y a une salle de jeux, mais elle n&rsquo;est pas surveill\u00e9e.<\/p>\n<\/div><\/div><\/div><div class=\"fusion-panel panel-default panel-05530cea76b72e459 fusion-toggle-no-divider fusion-toggle-boxed-mode\" style=\"--awb-title-color:#212934;\"><div class=\"panel-heading\"><h4 class=\"panel-title toggle\" id=\"toggle_05530cea76b72e459\"><a aria-expanded=\"false\" aria-controls=\"05530cea76b72e459\" role=\"button\" data-toggle=\"collapse\" data-parent=\"#accordion-63736-2\" data-target=\"#05530cea76b72e459\" href=\"#05530cea76b72e459\"><span class=\"fusion-toggle-icon-wrapper\" aria-hidden=\"true\"><i class=\"fa-fusion-box active-icon awb-icon-minus\" aria-hidden=\"true\"><\/i><i class=\"fa-fusion-box inactive-icon awb-icon-plus\" aria-hidden=\"true\"><\/i><\/span><span class=\"fusion-toggle-heading\">Cet h\u00f4tel convient-il aux personnes allergiques aux acariens ?<\/span><\/a><\/h4><\/div><div id=\"05530cea76b72e459\" class=\"panel-collapse collapse \" aria-labelledby=\"toggle_05530cea76b72e459\"><div class=\"panel-body toggle-content fusion-clearfix\">\n<p class=\"p1\">Nous tenons \u00e0 vous informer que l&rsquo;h\u00f4tel ne peut malheureusement pas prendre en charge les allergies aux acariens. Nous ne disposons pas de matelas, de draps, de serviettes ni de rideaux hypoallerg\u00e9niques, et les couloirs sont recouverts de moquette. L&rsquo;h\u00f4tel \u00e9tant situ\u00e9 juste en face d&rsquo;une pin\u00e8de, cette zone peut \u00eatre expos\u00e9e \u00e0 la poussi\u00e8re\u00a0; il vous appartient donc de prendre en charge les allergies de votre enfant.<\/p>\n<\/div><\/div><\/div><div class=\"fusion-panel panel-default panel-74c5dc24fabc36ad6 fusion-toggle-no-divider fusion-toggle-boxed-mode\" style=\"--awb-title-color:#212934;\"><div class=\"panel-heading\"><h4 class=\"panel-title toggle\" id=\"toggle_74c5dc24fabc36ad6\"><a aria-expanded=\"false\" aria-controls=\"74c5dc24fabc36ad6\" role=\"button\" data-toggle=\"collapse\" data-parent=\"#accordion-63736-2\" data-target=\"#74c5dc24fabc36ad6\" href=\"#74c5dc24fabc36ad6\"><span class=\"fusion-toggle-icon-wrapper\" aria-hidden=\"true\"><i class=\"fa-fusion-box active-icon awb-icon-minus\" aria-hidden=\"true\"><\/i><i class=\"fa-fusion-box inactive-icon awb-icon-plus\" aria-hidden=\"true\"><\/i><\/span><span class=\"fusion-toggle-heading\">L'h\u00f4tel prend-il en compte les allergies et intol\u00e9rances alimentaires ?<\/span><\/a><\/h4><\/div><div id=\"74c5dc24fabc36ad6\" class=\"panel-collapse collapse \" aria-labelledby=\"toggle_74c5dc24fabc36ad6\"><div class=\"panel-body toggle-content fusion-clearfix\">\n<p>Conform\u00e9ment au r\u00e8glement 1169\/2011, nous vous informons que nos plats peuvent contenir des allerg\u00e8nes et des traces de : gluten, lactose, \u0153ufs, crustac\u00e9s, poisson, arachides, soja, fruits \u00e0 coque, c\u00e9leri, moutarde, ail, s\u00e9same, dioxyde de soufre, lupins et mollusques.<\/p>\n<p>Nos deux cuisines (h\u00f4tel et plage) ne disposent pas d&rsquo;une zone s\u00e9par\u00e9e pour pr\u00e9venir toute contamination crois\u00e9e en cas d&rsquo;allergies et\/ou d&rsquo;intol\u00e9rances alimentaires.<\/p>\n<p>Pour les personnes atteintes de la maladie c\u0153liaque ou d&rsquo;intol\u00e9rance au lactose, une petite s\u00e9lection de produits pr\u00e9emball\u00e9s est disponible \u00e0 l&rsquo;h\u00f4tel*.<\/p>\n<p>Si vous pensez pouvoir g\u00e9rer vos allergies et\/ou intol\u00e9rances vous-m\u00eame, notre chef se tient \u00e0 votre disposition pour vous renseigner sur les plats servis ; dans ce cas, il vous sera demand\u00e9 de remplir et de signer une d\u00e9charge de responsabilit\u00e9. Les personnes souffrant d&rsquo;allergies particuli\u00e8rement s\u00e9v\u00e8res sont invit\u00e9es \u00e0 bien r\u00e9fl\u00e9chir avant de s\u00e9journer dans notre h\u00f4tel.<\/p>\n<p>*La cuisine du restaurant de plage ne dispose pas de produits pr\u00e9emball\u00e9s et ne modifie pas le menu du jour.<\/p>\n<\/div><\/div><\/div><\/div><\/div><\/div><\/div><\/div><\/div>\n","protected":false},"excerpt":{"rendered":"","protected":false},"author":2,"featured_media":0,"parent":7147,"menu_order":0,"comment_status":"closed","ping_status":"closed","template":"","meta":{"footnotes":"","_joinchat":[]},"yoast_head":"<!-- This site is optimized with the Yoast SEO plugin v21.5 - https:\/\/yoast.com\/wordpress\/plugins\/seo\/ -->\n<title>Foire aux questions<\/title>\n<meta name=\"robots\" content=\"index, follow, max-snippet:-1, max-image-preview:large, max-video-preview:-1\" \/>\n<link rel=\"canonical\" href=\"https:\/\/www.severihotels.it\/fr\/hotel-everest-pinarella\/domande-frequenti\" \/>\n<meta property=\"og:locale\" content=\"fr_FR\" \/>\n<meta property=\"og:type\" content=\"article\" \/>\n<meta property=\"og:title\" content=\"Foire aux questions\" \/>\n<meta property=\"og:url\" content=\"https:\/\/www.severihotels.it\/fr\/hotel-everest-pinarella\/domande-frequenti\" \/>\n<meta property=\"og:site_name\" content=\"Severi Hotels\" \/>\n<meta property=\"article:publisher\" content=\"https:\/\/www.facebook.com\/severihotels\" \/>\n<meta property=\"article:modified_time\" content=\"2026-01-03T13:54:49+00:00\" \/>\n<meta name=\"twitter:card\" content=\"summary_large_image\" \/>\n<meta name=\"twitter:label1\" content=\"Dur\u00e9e de lecture estim\u00e9e\" \/>\n\t<meta name=\"twitter:data1\" content=\"13 minutes\" \/>\n<script type=\"application\/ld+json\" class=\"yoast-schema-graph\">{\"@context\":\"https:\/\/schema.org\",\"@graph\":[{\"@type\":\"WebPage\",\"@id\":\"https:\/\/www.severihotels.it\/fr\/hotel-everest-pinarella\/domande-frequenti\",\"url\":\"https:\/\/www.severihotels.it\/fr\/hotel-everest-pinarella\/domande-frequenti\",\"name\":\"Foire aux questions\",\"isPartOf\":{\"@id\":\"https:\/\/www.severihotels.it\/#website\"},\"datePublished\":\"2022-12-06T13:14:50+00:00\",\"dateModified\":\"2026-01-03T13:54:49+00:00\",\"breadcrumb\":{\"@id\":\"https:\/\/www.severihotels.it\/fr\/hotel-everest-pinarella\/domande-frequenti#breadcrumb\"},\"inLanguage\":\"fr-FR\",\"potentialAction\":[{\"@type\":\"ReadAction\",\"target\":[\"https:\/\/www.severihotels.it\/fr\/hotel-everest-pinarella\/domande-frequenti\"]}]},{\"@type\":\"BreadcrumbList\",\"@id\":\"https:\/\/www.severihotels.it\/fr\/hotel-everest-pinarella\/domande-frequenti#breadcrumb\",\"itemListElement\":[{\"@type\":\"ListItem\",\"position\":1,\"name\":\"Home\",\"item\":\"https:\/\/www.severihotels.it\/fr\"},{\"@type\":\"ListItem\",\"position\":2,\"name\":\"Hotel Everest Pinarella\",\"item\":\"https:\/\/www.severihotels.it\/fr\/hotel-everest-pinarella\"},{\"@type\":\"ListItem\",\"position\":3,\"name\":\"Foire aux questions\"}]},{\"@type\":\"WebSite\",\"@id\":\"https:\/\/www.severihotels.it\/#website\",\"url\":\"https:\/\/www.severihotels.it\/\",\"name\":\"Severi Hotels\",\"description\":\"I migliori hotels per la tua vacanza in Romagna\",\"potentialAction\":[{\"@type\":\"SearchAction\",\"target\":{\"@type\":\"EntryPoint\",\"urlTemplate\":\"https:\/\/www.severihotels.it\/?s={search_term_string}\"},\"query-input\":\"required name=search_term_string\"}],\"inLanguage\":\"fr-FR\"}]}<\/script>\n<!-- \/ Yoast SEO plugin. -->","yoast_head_json":{"title":"Foire aux questions","robots":{"index":"index","follow":"follow","max-snippet":"max-snippet:-1","max-image-preview":"max-image-preview:large","max-video-preview":"max-video-preview:-1"},"canonical":"https:\/\/www.severihotels.it\/fr\/hotel-everest-pinarella\/domande-frequenti","og_locale":"fr_FR","og_type":"article","og_title":"Foire aux questions","og_url":"https:\/\/www.severihotels.it\/fr\/hotel-everest-pinarella\/domande-frequenti","og_site_name":"Severi Hotels","article_publisher":"https:\/\/www.facebook.com\/severihotels","article_modified_time":"2026-01-03T13:54:49+00:00","twitter_card":"summary_large_image","twitter_misc":{"Dur\u00e9e de lecture estim\u00e9e":"13 minutes"},"schema":{"@context":"https:\/\/schema.org","@graph":[{"@type":"WebPage","@id":"https:\/\/www.severihotels.it\/fr\/hotel-everest-pinarella\/domande-frequenti","url":"https:\/\/www.severihotels.it\/fr\/hotel-everest-pinarella\/domande-frequenti","name":"Foire aux questions","isPartOf":{"@id":"https:\/\/www.severihotels.it\/#website"},"datePublished":"2022-12-06T13:14:50+00:00","dateModified":"2026-01-03T13:54:49+00:00","breadcrumb":{"@id":"https:\/\/www.severihotels.it\/fr\/hotel-everest-pinarella\/domande-frequenti#breadcrumb"},"inLanguage":"fr-FR","potentialAction":[{"@type":"ReadAction","target":["https:\/\/www.severihotels.it\/fr\/hotel-everest-pinarella\/domande-frequenti"]}]},{"@type":"BreadcrumbList","@id":"https:\/\/www.severihotels.it\/fr\/hotel-everest-pinarella\/domande-frequenti#breadcrumb","itemListElement":[{"@type":"ListItem","position":1,"name":"Home","item":"https:\/\/www.severihotels.it\/fr"},{"@type":"ListItem","position":2,"name":"Hotel Everest Pinarella","item":"https:\/\/www.severihotels.it\/fr\/hotel-everest-pinarella"},{"@type":"ListItem","position":3,"name":"Foire aux questions"}]},{"@type":"WebSite","@id":"https:\/\/www.severihotels.it\/#website","url":"https:\/\/www.severihotels.it\/","name":"Severi Hotels","description":"I migliori hotels per la tua vacanza in Romagna","potentialAction":[{"@type":"SearchAction","target":{"@type":"EntryPoint","urlTemplate":"https:\/\/www.severihotels.it\/?s={search_term_string}"},"query-input":"required name=search_term_string"}],"inLanguage":"fr-FR"}]}},"_links":{"self":[{"href":"https:\/\/www.severihotels.it\/fr\/wp-json\/wp\/v2\/pages\/63736"}],"collection":[{"href":"https:\/\/www.severihotels.it\/fr\/wp-json\/wp\/v2\/pages"}],"about":[{"href":"https:\/\/www.severihotels.it\/fr\/wp-json\/wp\/v2\/types\/page"}],"author":[{"embeddable":true,"href":"https:\/\/www.severihotels.it\/fr\/wp-json\/wp\/v2\/users\/2"}],"replies":[{"embeddable":true,"href":"https:\/\/www.severihotels.it\/fr\/wp-json\/wp\/v2\/comments?post=63736"}],"version-history":[{"count":4,"href":"https:\/\/www.severihotels.it\/fr\/wp-json\/wp\/v2\/pages\/63736\/revisions"}],"predecessor-version":[{"id":63748,"href":"https:\/\/www.severihotels.it\/fr\/wp-json\/wp\/v2\/pages\/63736\/revisions\/63748"}],"up":[{"embeddable":true,"href":"https:\/\/www.severihotels.it\/fr\/wp-json\/wp\/v2\/pages\/7147"}],"wp:attachment":[{"href":"https:\/\/www.severihotels.it\/fr\/wp-json\/wp\/v2\/media?parent=63736"}],"curies":[{"name":"wp","href":"https:\/\/api.w.org\/{rel}","templated":true}]}}