{"id":7762,"date":"2020-11-02T16:59:09","date_gmt":"2020-11-02T15:59:09","guid":{"rendered":"https:\/\/www.severihotels.it\/residence-rosa-dei-venti\/appartamenti"},"modified":"2023-12-10T14:04:48","modified_gmt":"2023-12-10T13:04:48","slug":"wohnungen","status":"publish","type":"page","link":"https:\/\/www.severihotels.it\/de\/residence-rosa-dei-venti\/wohnungen","title":{"rendered":"Wohnungen"},"content":{"rendered":"<p><div class=\"fusion-fullwidth fullwidth-box fusion-builder-row-1 fusion-flex-container nonhundred-percent-fullwidth non-hundred-percent-height-scrolling\" style=\"--awb-border-radius-top-left:0px;--awb-border-radius-top-right:0px;--awb-border-radius-bottom-right:0px;--awb-border-radius-bottom-left:0px;--awb-margin-bottom:40px;--awb-flex-wrap:wrap;\" ><div class=\"fusion-builder-row fusion-row fusion-flex-align-items-flex-start fusion-flex-content-wrap\" style=\"max-width:1429.4px;margin-left: calc(-2.1% \/ 2 );margin-right: calc(-2.1% \/ 2 );\"><div class=\"fusion-layout-column fusion_builder_column fusion-builder-column-0 fusion_builder_column_1_2 1_2 fusion-flex-column\" style=\"--awb-bg-image:url(&#039;https:\/\/www.severihotels.it\/wp-content\/uploads\/2023\/10\/rosa-vissuta.jpg&#039;);--awb-bg-size:cover;--awb-width-large:50%;--awb-margin-top-large:0px;--awb-spacing-right-large:2.0559%;--awb-margin-bottom-large:20px;--awb-spacing-left-large:2.0559%;--awb-width-medium:50%;--awb-order-medium:0;--awb-spacing-right-medium:2.0559%;--awb-spacing-left-medium:2.0559%;--awb-width-small:100%;--awb-order-small:0;--awb-spacing-right-small:1.02795%;--awb-spacing-left-small:1.02795%;\" data-motion-effects=\"[{&quot;type&quot;:&quot;&quot;,&quot;scroll_type&quot;:&quot;transition&quot;,&quot;scroll_direction&quot;:&quot;up&quot;,&quot;transition_speed&quot;:&quot;1&quot;,&quot;fade_type&quot;:&quot;in&quot;,&quot;scale_type&quot;:&quot;up&quot;,&quot;initial_scale&quot;:&quot;1&quot;,&quot;max_scale&quot;:&quot;1.5&quot;,&quot;min_scale&quot;:&quot;0.5&quot;,&quot;initial_rotate&quot;:&quot;0&quot;,&quot;end_rotate&quot;:&quot;30&quot;,&quot;initial_blur&quot;:&quot;0&quot;,&quot;end_blur&quot;:&quot;3&quot;,&quot;start_element&quot;:&quot;top&quot;,&quot;start_viewport&quot;:&quot;bottom&quot;,&quot;end_element&quot;:&quot;bottom&quot;,&quot;end_viewport&quot;:&quot;top&quot;,&quot;mouse_effect&quot;:&quot;track&quot;,&quot;mouse_effect_direction&quot;:&quot;opposite&quot;,&quot;mouse_effect_speed&quot;:&quot;2&quot;,&quot;infinite_animation&quot;:&quot;float&quot;,&quot;infinite_animation_speed&quot;:&quot;2&quot;}]\" data-scroll-devices=\"small-visibility,medium-visibility,large-visibility\"><div class=\"fusion-column-wrapper fusion-column-has-shadow fusion-flex-justify-content-flex-start fusion-content-layout-column fusion-column-has-bg-image\" data-bg-url=\"https:\/\/www.severihotels.it\/wp-content\/uploads\/2023\/10\/rosa-vissuta.jpg\"><div class=\"fusion-separator fusion-full-width-sep\" style=\"align-self: center;margin-left: auto;margin-right: auto;margin-top:250px;margin-bottom:250px;width:100%;\"><\/div><\/div><\/div><div class=\"fusion-layout-column fusion_builder_column fusion-builder-column-1 fusion_builder_column_1_2 1_2 fusion-flex-column\" style=\"--awb-padding-top:30px;--awb-padding-right:30px;--awb-padding-bottom:30px;--awb-padding-left:30px;--awb-padding-top-medium:0px;--awb-padding-right-medium:0px;--awb-padding-bottom-medium:0px;--awb-padding-left-medium:0px;--awb-padding-top-small:0px;--awb-padding-right-small:0px;--awb-padding-bottom-small:0px;--awb-padding-left-small:0px;--awb-bg-color:#ffffff;--awb-bg-color-hover:#ffffff;--awb-bg-size:cover;--awb-width-large:50%;--awb-margin-top-large:5%;--awb-spacing-right-large:2.0559%;--awb-margin-bottom-large:20px;--awb-spacing-left-large:-29.37%;--awb-width-medium:50%;--awb-order-medium:0;--awb-spacing-right-medium:2.0559%;--awb-spacing-left-medium:0px;--awb-width-small:100%;--awb-order-small:0;--awb-spacing-right-small:1.02795%;--awb-spacing-left-small:0px;\"><div class=\"fusion-column-wrapper fusion-column-has-shadow fusion-flex-justify-content-flex-start fusion-content-layout-column\"><div class=\"fusion-text fusion-text-1\" style=\"--awb-text-color:var(--awb-color5);\"><h2>Residence Apartments<\/h2>\n<p><span style=\"font-weight: 400;\">Alle Apartments sind ausgestattet mit:<\/span><\/p>\n<\/div><div class=\"fusion-builder-row fusion-builder-row-inner fusion-row fusion-flex-align-items-flex-start fusion-flex-content-wrap\" style=\"width:102.1% !important;max-width:102.1% !important;margin-left: calc(-2.1% \/ 2 );margin-right: calc(-2.1% \/ 2 );\"><div class=\"fusion-layout-column fusion_builder_column_inner fusion-builder-nested-column-0 fusion_builder_column_inner_1_2 1_2 fusion-flex-column\" style=\"--awb-bg-size:cover;--awb-width-large:50%;--awb-margin-top-large:0px;--awb-spacing-right-large:2.0559%;--awb-margin-bottom-large:20px;--awb-spacing-left-large:2.0559%;--awb-width-medium:50%;--awb-order-medium:0;--awb-spacing-right-medium:2.0559%;--awb-spacing-left-medium:2.0559%;--awb-width-small:100%;--awb-order-small:0;--awb-spacing-right-small:1.02795%;--awb-spacing-left-small:1.02795%;\"><div class=\"fusion-column-wrapper fusion-column-has-shadow fusion-flex-justify-content-flex-start fusion-content-layout-column\"><ul style=\"--awb-iconcolor:#42424a;--awb-line-height:27.2px;--awb-icon-width:27.2px;--awb-icon-height:27.2px;--awb-icon-margin:11.2px;--awb-content-margin:38.4px;\" class=\"fusion-checklist fusion-checklist-1 fusion-checklist-default type-icons\"><li class=\"fusion-li-item\" style=\"\"><span class=\"icon-wrapper circle-no\"><i class=\"fusion-li-icon fa-angle-right fas\" aria-hidden=\"true\"><\/i><\/span><div class=\"fusion-li-item-content\">40\u201d-Infomonitor mit Internet<\/div><\/li><li class=\"fusion-li-item\" style=\"\"><span class=\"icon-wrapper circle-no\"><i class=\"fusion-li-icon fa-angle-right fas\" aria-hidden=\"true\"><\/i><\/span><div class=\"fusion-li-item-content\">WLAN<\/div><\/li><li class=\"fusion-li-item\" style=\"\"><span class=\"icon-wrapper circle-no\"><i class=\"fusion-li-icon fa-angle-right fas\" aria-hidden=\"true\"><\/i><\/span><div class=\"fusion-li-item-content\">\n<p>Klimaanlage \/ Heizung<\/p>\n<\/div><\/li><li class=\"fusion-li-item\" style=\"\"><span class=\"icon-wrapper circle-no\"><i class=\"fusion-li-icon fa-angle-right fas\" aria-hidden=\"true\"><\/i><\/span><div class=\"fusion-li-item-content\">Waschmaschine<\/div><\/li><\/ul><\/div><\/div><div class=\"fusion-layout-column fusion_builder_column_inner fusion-builder-nested-column-1 fusion_builder_column_inner_1_2 1_2 fusion-flex-column\" style=\"--awb-bg-size:cover;--awb-width-large:50%;--awb-margin-top-large:0px;--awb-spacing-right-large:2.0559%;--awb-margin-bottom-large:20px;--awb-spacing-left-large:2.0559%;--awb-width-medium:50%;--awb-order-medium:0;--awb-spacing-right-medium:2.0559%;--awb-spacing-left-medium:2.0559%;--awb-width-small:100%;--awb-order-small:0;--awb-spacing-right-small:1.02795%;--awb-spacing-left-small:1.02795%;\"><div class=\"fusion-column-wrapper fusion-column-has-shadow fusion-flex-justify-content-flex-start fusion-content-layout-column\"><ul style=\"--awb-iconcolor:#42424a;--awb-line-height:27.2px;--awb-icon-width:27.2px;--awb-icon-height:27.2px;--awb-icon-margin:11.2px;--awb-content-margin:38.4px;\" class=\"fusion-checklist fusion-checklist-2 fusion-checklist-default type-icons\"><li class=\"fusion-li-item\" style=\"\"><span class=\"icon-wrapper circle-no\"><i class=\"fusion-li-icon fa-angle-right fas\" aria-hidden=\"true\"><\/i><\/span><div class=\"fusion-li-item-content\">Safe<\/div><\/li><li class=\"fusion-li-item\" style=\"\"><span class=\"icon-wrapper circle-no\"><i class=\"fusion-li-icon fa-angle-right fas\" aria-hidden=\"true\"><\/i><\/span><div class=\"fusion-li-item-content\">Duschkabine<\/div><\/li><li class=\"fusion-li-item\" style=\"\"><span class=\"icon-wrapper circle-no\"><i class=\"fusion-li-icon fa-angle-right fas\" aria-hidden=\"true\"><\/i><\/span><div class=\"fusion-li-item-content\">Haartrockner<\/div><\/li><li class=\"fusion-li-item\" style=\"\"><span class=\"icon-wrapper circle-no\"><i class=\"fusion-li-icon fa-angle-right fas\" aria-hidden=\"true\"><\/i><\/span><div class=\"fusion-li-item-content\">Telefon<\/div><\/li><\/ul><\/div><\/div><\/div><\/div><\/div><\/div><\/div><div class=\"fusion-fullwidth fullwidth-box fusion-builder-row-2 fusion-flex-container nonhundred-percent-fullwidth non-hundred-percent-height-scrolling\" style=\"--awb-border-radius-top-left:0px;--awb-border-radius-top-right:0px;--awb-border-radius-bottom-right:0px;--awb-border-radius-bottom-left:0px;--awb-flex-wrap:wrap;\" ><div class=\"fusion-builder-row fusion-row fusion-flex-align-items-stretch fusion-flex-content-wrap\" style=\"max-width:1429.4px;margin-left: calc(-2.1% \/ 2 );margin-right: calc(-2.1% \/ 2 );\"><div class=\"fusion-layout-column fusion_builder_column fusion-builder-column-2 fusion_builder_column_1_2 1_2 fusion-flex-column\" style=\"--awb-bg-color:#f1f0f0;--awb-bg-color-hover:#f1f0f0;--awb-bg-size:cover;--awb-width-large:50%;--awb-margin-top-large:0px;--awb-spacing-right-large:2.0559%;--awb-margin-bottom-large:0px;--awb-spacing-left-large:2.0559%;--awb-width-medium:50%;--awb-order-medium:0;--awb-spacing-right-medium:2.0559%;--awb-spacing-left-medium:2.0559%;--awb-width-small:100%;--awb-order-small:0;--awb-spacing-right-small:1.02795%;--awb-margin-bottom-small:20px;--awb-spacing-left-small:1.02795%;\"><div class=\"fusion-column-wrapper fusion-column-has-shadow fusion-flex-justify-content-flex-start fusion-content-layout-column\"><div class=\"fusion-image-carousel fusion-image-carousel-auto fusion-image-carousel-1 lightbox-enabled\"><div class=\"awb-carousel awb-swiper awb-swiper-carousel\" data-autoplay=\"no\" data-columns=\"1\" data-itemmargin=\"13\" data-itemwidth=\"180\" data-touchscroll=\"yes\" data-imagesize=\"auto\" style=\"--awb-columns:1;\"><div class=\"swiper-wrapper awb-image-carousel-wrapper fusion-flex-align-items-center\"><div class=\"swiper-slide\"><div class=\"fusion-carousel-item-wrapper\"><div class=\"fusion-image-wrapper hover-type-none\"><img decoding=\"async\" width=\"800\" height=\"534\" src=\"https:\/\/www.severihotels.it\/wp-content\/uploads\/2020\/11\/appartamento-rosa-dei-venti-1-6.jpg\" class=\"attachment-full size-full\" alt=\"Monolocale Con Giardino\" srcset=\"https:\/\/www.severihotels.it\/wp-content\/uploads\/2020\/11\/appartamento-rosa-dei-venti-1-6-200x134.jpg 200w, https:\/\/www.severihotels.it\/wp-content\/uploads\/2020\/11\/appartamento-rosa-dei-venti-1-6-300x200.jpg 300w, https:\/\/www.severihotels.it\/wp-content\/uploads\/2020\/11\/appartamento-rosa-dei-venti-1-6-400x267.jpg 400w, https:\/\/www.severihotels.it\/wp-content\/uploads\/2020\/11\/appartamento-rosa-dei-venti-1-6-600x401.jpg 600w, https:\/\/www.severihotels.it\/wp-content\/uploads\/2020\/11\/appartamento-rosa-dei-venti-1-6-768x513.jpg 768w, https:\/\/www.severihotels.it\/wp-content\/uploads\/2020\/11\/appartamento-rosa-dei-venti-1-6.jpg 800w\" sizes=\"(max-width: 800px) 100vw, 800px\" \/><\/div><\/div><\/div><div class=\"swiper-slide\"><div class=\"fusion-carousel-item-wrapper\"><div class=\"fusion-image-wrapper hover-type-none\"><img decoding=\"async\" width=\"800\" height=\"534\" src=\"https:\/\/www.severihotels.it\/wp-content\/uploads\/2020\/11\/appartamento-rosa-dei-venti-3-4.jpg\" class=\"attachment-full size-full\" alt=\"Monolocale Con Giardino\" srcset=\"https:\/\/www.severihotels.it\/wp-content\/uploads\/2020\/11\/appartamento-rosa-dei-venti-3-4-200x134.jpg 200w, https:\/\/www.severihotels.it\/wp-content\/uploads\/2020\/11\/appartamento-rosa-dei-venti-3-4-300x200.jpg 300w, https:\/\/www.severihotels.it\/wp-content\/uploads\/2020\/11\/appartamento-rosa-dei-venti-3-4-400x267.jpg 400w, https:\/\/www.severihotels.it\/wp-content\/uploads\/2020\/11\/appartamento-rosa-dei-venti-3-4-600x401.jpg 600w, https:\/\/www.severihotels.it\/wp-content\/uploads\/2020\/11\/appartamento-rosa-dei-venti-3-4-768x513.jpg 768w, https:\/\/www.severihotels.it\/wp-content\/uploads\/2020\/11\/appartamento-rosa-dei-venti-3-4.jpg 800w\" sizes=\"(max-width: 800px) 100vw, 800px\" \/><\/div><\/div><\/div><div class=\"swiper-slide\"><div class=\"fusion-carousel-item-wrapper\"><div class=\"fusion-image-wrapper hover-type-none\"><img decoding=\"async\" width=\"800\" height=\"534\" src=\"https:\/\/www.severihotels.it\/wp-content\/uploads\/2020\/11\/appartamento-rosa-dei-venti-1-2.jpg\" class=\"attachment-full size-full\" alt=\"Monolocale Con Giardino\" srcset=\"https:\/\/www.severihotels.it\/wp-content\/uploads\/2020\/11\/appartamento-rosa-dei-venti-1-2-200x134.jpg 200w, https:\/\/www.severihotels.it\/wp-content\/uploads\/2020\/11\/appartamento-rosa-dei-venti-1-2-300x200.jpg 300w, https:\/\/www.severihotels.it\/wp-content\/uploads\/2020\/11\/appartamento-rosa-dei-venti-1-2-400x267.jpg 400w, https:\/\/www.severihotels.it\/wp-content\/uploads\/2020\/11\/appartamento-rosa-dei-venti-1-2-600x401.jpg 600w, https:\/\/www.severihotels.it\/wp-content\/uploads\/2020\/11\/appartamento-rosa-dei-venti-1-2-768x513.jpg 768w, https:\/\/www.severihotels.it\/wp-content\/uploads\/2020\/11\/appartamento-rosa-dei-venti-1-2.jpg 800w\" sizes=\"(max-width: 800px) 100vw, 800px\" \/><\/div><\/div><\/div><div class=\"swiper-slide\"><div class=\"fusion-carousel-item-wrapper\"><div class=\"fusion-image-wrapper hover-type-none\"><img decoding=\"async\" width=\"800\" height=\"534\" src=\"https:\/\/www.severihotels.it\/wp-content\/uploads\/2020\/11\/appartamento-rosa-dei-venti-1-3.jpg\" class=\"attachment-full size-full\" alt=\"Monolocale Con Giardino\" srcset=\"https:\/\/www.severihotels.it\/wp-content\/uploads\/2020\/11\/appartamento-rosa-dei-venti-1-3-200x134.jpg 200w, https:\/\/www.severihotels.it\/wp-content\/uploads\/2020\/11\/appartamento-rosa-dei-venti-1-3-300x200.jpg 300w, https:\/\/www.severihotels.it\/wp-content\/uploads\/2020\/11\/appartamento-rosa-dei-venti-1-3-400x267.jpg 400w, https:\/\/www.severihotels.it\/wp-content\/uploads\/2020\/11\/appartamento-rosa-dei-venti-1-3-600x401.jpg 600w, https:\/\/www.severihotels.it\/wp-content\/uploads\/2020\/11\/appartamento-rosa-dei-venti-1-3-768x513.jpg 768w, https:\/\/www.severihotels.it\/wp-content\/uploads\/2020\/11\/appartamento-rosa-dei-venti-1-3.jpg 800w\" sizes=\"(max-width: 800px) 100vw, 800px\" \/><\/div><\/div><\/div><div class=\"swiper-slide\"><div class=\"fusion-carousel-item-wrapper\"><div class=\"fusion-image-wrapper hover-type-none\"><img decoding=\"async\" width=\"800\" height=\"534\" src=\"https:\/\/www.severihotels.it\/wp-content\/uploads\/2020\/11\/appartamento-rosa-dei-venti-3-5.jpg\" class=\"attachment-full size-full\" alt=\"Monolocale Con Giardino\" srcset=\"https:\/\/www.severihotels.it\/wp-content\/uploads\/2020\/11\/appartamento-rosa-dei-venti-3-5-200x134.jpg 200w, https:\/\/www.severihotels.it\/wp-content\/uploads\/2020\/11\/appartamento-rosa-dei-venti-3-5-300x200.jpg 300w, https:\/\/www.severihotels.it\/wp-content\/uploads\/2020\/11\/appartamento-rosa-dei-venti-3-5-400x267.jpg 400w, https:\/\/www.severihotels.it\/wp-content\/uploads\/2020\/11\/appartamento-rosa-dei-venti-3-5-600x401.jpg 600w, https:\/\/www.severihotels.it\/wp-content\/uploads\/2020\/11\/appartamento-rosa-dei-venti-3-5-768x513.jpg 768w, https:\/\/www.severihotels.it\/wp-content\/uploads\/2020\/11\/appartamento-rosa-dei-venti-3-5.jpg 800w\" sizes=\"(max-width: 800px) 100vw, 800px\" \/><\/div><\/div><\/div><div class=\"swiper-slide\"><div class=\"fusion-carousel-item-wrapper\"><div class=\"fusion-image-wrapper hover-type-none\"><img decoding=\"async\" width=\"800\" height=\"534\" src=\"https:\/\/www.severihotels.it\/wp-content\/uploads\/2020\/11\/appartamento-rosa-dei-venti-1-5.jpg\" class=\"attachment-full size-full\" alt=\"Monolocale Con Giardino\" srcset=\"https:\/\/www.severihotels.it\/wp-content\/uploads\/2020\/11\/appartamento-rosa-dei-venti-1-5-200x134.jpg 200w, https:\/\/www.severihotels.it\/wp-content\/uploads\/2020\/11\/appartamento-rosa-dei-venti-1-5-300x200.jpg 300w, https:\/\/www.severihotels.it\/wp-content\/uploads\/2020\/11\/appartamento-rosa-dei-venti-1-5-400x267.jpg 400w, https:\/\/www.severihotels.it\/wp-content\/uploads\/2020\/11\/appartamento-rosa-dei-venti-1-5-600x401.jpg 600w, https:\/\/www.severihotels.it\/wp-content\/uploads\/2020\/11\/appartamento-rosa-dei-venti-1-5-768x513.jpg 768w, https:\/\/www.severihotels.it\/wp-content\/uploads\/2020\/11\/appartamento-rosa-dei-venti-1-5.jpg 800w\" sizes=\"(max-width: 800px) 100vw, 800px\" \/><\/div><\/div><\/div><div class=\"swiper-slide\"><div class=\"fusion-carousel-item-wrapper\"><div class=\"fusion-image-wrapper hover-type-none\"><img decoding=\"async\" width=\"800\" height=\"534\" src=\"https:\/\/www.severihotels.it\/wp-content\/uploads\/2020\/11\/appartamento-rosa-dei-venti-3-6.jpg\" class=\"attachment-full size-full\" alt=\"Monolocale Con Giardino\" srcset=\"https:\/\/www.severihotels.it\/wp-content\/uploads\/2020\/11\/appartamento-rosa-dei-venti-3-6-200x134.jpg 200w, https:\/\/www.severihotels.it\/wp-content\/uploads\/2020\/11\/appartamento-rosa-dei-venti-3-6-300x200.jpg 300w, https:\/\/www.severihotels.it\/wp-content\/uploads\/2020\/11\/appartamento-rosa-dei-venti-3-6-400x267.jpg 400w, https:\/\/www.severihotels.it\/wp-content\/uploads\/2020\/11\/appartamento-rosa-dei-venti-3-6-600x401.jpg 600w, https:\/\/www.severihotels.it\/wp-content\/uploads\/2020\/11\/appartamento-rosa-dei-venti-3-6-768x513.jpg 768w, https:\/\/www.severihotels.it\/wp-content\/uploads\/2020\/11\/appartamento-rosa-dei-venti-3-6.jpg 800w\" sizes=\"(max-width: 800px) 100vw, 800px\" \/><\/div><\/div><\/div><\/div><div class=\"awb-swiper-button awb-swiper-button-prev\"><i class=\"awb-icon-angle-left\" aria-hidden=\"true\"><\/i><\/div><div class=\"awb-swiper-button awb-swiper-button-next\"><i class=\"awb-icon-angle-right\" aria-hidden=\"true\"><\/i><\/div><\/div><\/div><div class=\"fusion-builder-row fusion-builder-row-inner fusion-row fusion-flex-align-items-stretch fusion-flex-content-wrap\" style=\"width:102.1% !important;max-width:102.1% !important;margin-left: calc(-2.1% \/ 2 );margin-right: calc(-2.1% \/ 2 );\"><div class=\"fusion-layout-column fusion_builder_column_inner fusion-builder-nested-column-2 fusion_builder_column_inner_1_1 1_1 fusion-flex-column\" style=\"--awb-padding-right:20px;--awb-padding-bottom:20px;--awb-padding-left:20px;--awb-bg-size:cover;--awb-width-large:100%;--awb-margin-top-large:0px;--awb-spacing-right-large:1.02795%;--awb-margin-bottom-large:0px;--awb-spacing-left-large:1.02795%;--awb-width-medium:100%;--awb-order-medium:0;--awb-spacing-right-medium:1.02795%;--awb-spacing-left-medium:1.02795%;--awb-width-small:100%;--awb-order-small:0;--awb-spacing-right-small:1.02795%;--awb-spacing-left-small:1.02795%;\"><div class=\"fusion-column-wrapper fusion-column-has-shadow fusion-flex-justify-content-flex-start fusion-content-layout-column\"><div class=\"fusion-text fusion-text-2\"><h2>Einzimmerwohnung mit Garten<\/h2>\n<\/div><div class=\"fusion-text fusion-text-3\"><p><i class=\"fb-icon-element-1 fb-icon-element fontawesome-icon hotels-persone circle-no fusion-text-flow\" style=\"--awb-iconcolor:#42424a;--awb-iconcolor-hover:#42424a;--awb-font-size:45px;--awb-margin-top:0px;--awb-margin-right:0px;--awb-margin-bottom:0px;--awb-margin-left:0px;\"><\/i> 2\/3\/4\/5 Personen<\/p>\n<\/div><div class=\"fusion-text fusion-text-4\"><p><span style=\"font-weight: 400;\">Einzimmerwohnung im Erdgeschoss mit Garten, Einzelzimmer mit Doppelbett und zus\u00e4tzlichem Doppelschlafsofa. In einigen Apartments kann ein zus\u00e4tzliches Bett hinzugef\u00fcgt werden. Die Wohnung verf\u00fcgt \u00fcber einen Essbereich mit K\u00fcchenzeile, Backofen und Geschirrsp\u00fcler, Bad mit Dusche und Waschmaschine.<br \/>\n<strong>Die Gr\u00f6\u00dfe der Wohnung betr\u00e4gt ca. 37 Quadratmeter.<\/strong><br \/>\n<\/span><\/p>\n<\/div><\/div><\/div><\/div><\/div><\/div><div class=\"fusion-layout-column fusion_builder_column fusion-builder-column-3 fusion_builder_column_1_2 1_2 fusion-flex-column\" style=\"--awb-bg-color:#f1f0f0;--awb-bg-color-hover:#f1f0f0;--awb-bg-size:cover;--awb-width-large:50%;--awb-margin-top-large:0px;--awb-spacing-right-large:2.0559%;--awb-margin-bottom-large:0px;--awb-spacing-left-large:2.0559%;--awb-width-medium:50%;--awb-order-medium:0;--awb-spacing-right-medium:2.0559%;--awb-spacing-left-medium:2.0559%;--awb-width-small:100%;--awb-order-small:0;--awb-spacing-right-small:1.02795%;--awb-spacing-left-small:1.02795%;\"><div class=\"fusion-column-wrapper fusion-column-has-shadow fusion-flex-justify-content-flex-start fusion-content-layout-column\"><div class=\"fusion-image-carousel fusion-image-carousel-auto fusion-image-carousel-2 lightbox-enabled\"><div class=\"awb-carousel awb-swiper awb-swiper-carousel\" data-autoplay=\"no\" data-columns=\"1\" data-itemmargin=\"13\" data-itemwidth=\"180\" data-touchscroll=\"yes\" data-imagesize=\"auto\" style=\"--awb-columns:1;\"><div class=\"swiper-wrapper awb-image-carousel-wrapper fusion-flex-align-items-center\"><div class=\"swiper-slide\"><div class=\"fusion-carousel-item-wrapper\"><div class=\"fusion-image-wrapper hover-type-none\"><img decoding=\"async\" width=\"800\" height=\"534\" src=\"https:\/\/www.severihotels.it\/wp-content\/uploads\/2020\/12\/app-4-.jpg\" class=\"attachment-full size-full\" alt=\"Monolocale Con Balcone 30mq\" srcset=\"https:\/\/www.severihotels.it\/wp-content\/uploads\/2020\/12\/app-4--200x134.jpg 200w, https:\/\/www.severihotels.it\/wp-content\/uploads\/2020\/12\/app-4--300x200.jpg 300w, https:\/\/www.severihotels.it\/wp-content\/uploads\/2020\/12\/app-4--400x267.jpg 400w, https:\/\/www.severihotels.it\/wp-content\/uploads\/2020\/12\/app-4--600x401.jpg 600w, https:\/\/www.severihotels.it\/wp-content\/uploads\/2020\/12\/app-4--768x513.jpg 768w, https:\/\/www.severihotels.it\/wp-content\/uploads\/2020\/12\/app-4-.jpg 800w\" sizes=\"(max-width: 800px) 100vw, 800px\" \/><\/div><\/div><\/div><div class=\"swiper-slide\"><div class=\"fusion-carousel-item-wrapper\"><div class=\"fusion-image-wrapper hover-type-none\"><img decoding=\"async\" width=\"800\" height=\"534\" src=\"https:\/\/www.severihotels.it\/wp-content\/uploads\/2020\/12\/app-4-4.jpg\" class=\"attachment-full size-full\" alt=\"Monolocale Con Balcone 30mq\" srcset=\"https:\/\/www.severihotels.it\/wp-content\/uploads\/2020\/12\/app-4-4-200x134.jpg 200w, https:\/\/www.severihotels.it\/wp-content\/uploads\/2020\/12\/app-4-4-300x200.jpg 300w, https:\/\/www.severihotels.it\/wp-content\/uploads\/2020\/12\/app-4-4-400x267.jpg 400w, https:\/\/www.severihotels.it\/wp-content\/uploads\/2020\/12\/app-4-4-600x401.jpg 600w, https:\/\/www.severihotels.it\/wp-content\/uploads\/2020\/12\/app-4-4-768x513.jpg 768w, https:\/\/www.severihotels.it\/wp-content\/uploads\/2020\/12\/app-4-4.jpg 800w\" sizes=\"(max-width: 800px) 100vw, 800px\" \/><\/div><\/div><\/div><div class=\"swiper-slide\"><div class=\"fusion-carousel-item-wrapper\"><div class=\"fusion-image-wrapper hover-type-none\"><img decoding=\"async\" width=\"800\" height=\"534\" src=\"https:\/\/www.severihotels.it\/wp-content\/uploads\/2020\/12\/app-4-2.jpg\" class=\"attachment-full size-full\" alt=\"Monolocale Con Balcone 30mq\" srcset=\"https:\/\/www.severihotels.it\/wp-content\/uploads\/2020\/12\/app-4-2-200x134.jpg 200w, https:\/\/www.severihotels.it\/wp-content\/uploads\/2020\/12\/app-4-2-300x200.jpg 300w, https:\/\/www.severihotels.it\/wp-content\/uploads\/2020\/12\/app-4-2-400x267.jpg 400w, https:\/\/www.severihotels.it\/wp-content\/uploads\/2020\/12\/app-4-2-600x401.jpg 600w, https:\/\/www.severihotels.it\/wp-content\/uploads\/2020\/12\/app-4-2-768x513.jpg 768w, https:\/\/www.severihotels.it\/wp-content\/uploads\/2020\/12\/app-4-2.jpg 800w\" sizes=\"(max-width: 800px) 100vw, 800px\" \/><\/div><\/div><\/div><\/div><div class=\"awb-swiper-button awb-swiper-button-prev\"><i class=\"awb-icon-angle-left\" aria-hidden=\"true\"><\/i><\/div><div class=\"awb-swiper-button awb-swiper-button-next\"><i class=\"awb-icon-angle-right\" aria-hidden=\"true\"><\/i><\/div><\/div><\/div><div class=\"fusion-builder-row fusion-builder-row-inner fusion-row fusion-flex-align-items-stretch fusion-flex-content-wrap\" style=\"width:102.1% !important;max-width:102.1% !important;margin-left: calc(-2.1% \/ 2 );margin-right: calc(-2.1% \/ 2 );\"><div class=\"fusion-layout-column fusion_builder_column_inner fusion-builder-nested-column-3 fusion_builder_column_inner_1_1 1_1 fusion-flex-column\" style=\"--awb-padding-right:20px;--awb-padding-bottom:20px;--awb-padding-left:20px;--awb-bg-size:cover;--awb-width-large:100%;--awb-margin-top-large:0px;--awb-spacing-right-large:1.02795%;--awb-margin-bottom-large:0px;--awb-spacing-left-large:1.02795%;--awb-width-medium:100%;--awb-order-medium:0;--awb-spacing-right-medium:1.02795%;--awb-spacing-left-medium:1.02795%;--awb-width-small:100%;--awb-order-small:0;--awb-spacing-right-small:1.02795%;--awb-spacing-left-small:1.02795%;\"><div class=\"fusion-column-wrapper fusion-column-has-shadow fusion-flex-justify-content-flex-start fusion-content-layout-column\"><div class=\"fusion-text fusion-text-5\"><h2>Einzimmerwohnung mit Garten und unabh\u00e4ngigem Parkplatz \/ Zweizimmerwohnung<\/h2>\n<\/div><div class=\"fusion-text fusion-text-6\"><p><i class=\"fb-icon-element-2 fb-icon-element fontawesome-icon hotels-persone circle-no fusion-text-flow\" style=\"--awb-iconcolor:#42424a;--awb-iconcolor-hover:#42424a;--awb-font-size:45px;--awb-margin-top:0px;--awb-margin-right:0px;--awb-margin-bottom:0px;--awb-margin-left:0px;\"><\/i> 3\/4\/5 Personen<\/p>\n<\/div><div class=\"fusion-text fusion-text-7\"><p><span style=\"font-weight: 400;\">Einzimmerwohnung im Erdgeschoss mit Garten und <strong>unabh\u00e4ngigem Parkplatz,<\/strong> Einzelzimmer bestehend aus Doppelbett Bereich, Wohn-Esszimmer mit Schlafsofa \/ Schlafsofa f\u00fcr ein oder zwei Pl\u00e4tze mit zus\u00e4tzlichem Kinderbett, K\u00fcchenzeile mit Backofen und Geschirrsp\u00fcler, eigenem Bad mit Duschkabine und Waschmaschine. <strong>Die Gr\u00f6\u00dfe der Wohnung betr\u00e4gt ca. 40 qm.<\/strong><\/span><\/p>\n<\/div><\/div><\/div><\/div><\/div><\/div><div class=\"fusion-layout-column fusion_builder_column fusion-builder-column-4 fusion_builder_column_1_1 1_1 fusion-flex-column\" style=\"--awb-bg-size:cover;--awb-width-large:100%;--awb-margin-top-large:0px;--awb-spacing-right-large:1.02795%;--awb-margin-bottom-large:20px;--awb-spacing-left-large:1.02795%;--awb-width-medium:100%;--awb-order-medium:0;--awb-spacing-right-medium:1.02795%;--awb-spacing-left-medium:1.02795%;--awb-width-small:100%;--awb-order-small:0;--awb-spacing-right-small:1.02795%;--awb-spacing-left-small:1.02795%;\"><div class=\"fusion-column-wrapper fusion-column-has-shadow fusion-flex-justify-content-flex-start fusion-content-layout-column\"><div class=\"fusion-separator fusion-full-width-sep\" style=\"align-self: center;margin-left: auto;margin-right: auto;margin-top:20px;margin-bottom:20px;width:100%;\"><\/div><\/div><\/div><div class=\"fusion-layout-column fusion_builder_column fusion-builder-column-5 fusion_builder_column_1_2 1_2 fusion-flex-column\" style=\"--awb-bg-color:#f1f0f0;--awb-bg-color-hover:#f1f0f0;--awb-bg-size:cover;--awb-width-large:50%;--awb-margin-top-large:0px;--awb-spacing-right-large:2.0559%;--awb-margin-bottom-large:0px;--awb-spacing-left-large:2.0559%;--awb-width-medium:50%;--awb-order-medium:0;--awb-spacing-right-medium:2.0559%;--awb-spacing-left-medium:2.0559%;--awb-width-small:100%;--awb-order-small:0;--awb-spacing-right-small:1.02795%;--awb-margin-bottom-small:20px;--awb-spacing-left-small:1.02795%;\"><div class=\"fusion-column-wrapper fusion-column-has-shadow fusion-flex-justify-content-flex-start fusion-content-layout-column\"><div class=\"fusion-image-carousel fusion-image-carousel-auto fusion-image-carousel-3 lightbox-enabled\"><div class=\"awb-carousel awb-swiper awb-swiper-carousel\" data-autoplay=\"no\" data-columns=\"1\" data-itemmargin=\"13\" data-itemwidth=\"180\" data-touchscroll=\"yes\" data-imagesize=\"auto\" style=\"--awb-columns:1;\"><div class=\"swiper-wrapper awb-image-carousel-wrapper fusion-flex-align-items-center\"><div class=\"swiper-slide\"><div class=\"fusion-carousel-item-wrapper\"><div class=\"fusion-image-wrapper hover-type-none\"><img decoding=\"async\" width=\"800\" height=\"534\" src=\"https:\/\/www.severihotels.it\/wp-content\/uploads\/2020\/11\/appartamento-rosa-dei-venti-5-2.jpg\" class=\"attachment-full size-full\" alt=\"Monolocale Con Balcone\" srcset=\"https:\/\/www.severihotels.it\/wp-content\/uploads\/2020\/11\/appartamento-rosa-dei-venti-5-2-200x134.jpg 200w, https:\/\/www.severihotels.it\/wp-content\/uploads\/2020\/11\/appartamento-rosa-dei-venti-5-2-300x200.jpg 300w, https:\/\/www.severihotels.it\/wp-content\/uploads\/2020\/11\/appartamento-rosa-dei-venti-5-2-400x267.jpg 400w, https:\/\/www.severihotels.it\/wp-content\/uploads\/2020\/11\/appartamento-rosa-dei-venti-5-2-600x401.jpg 600w, https:\/\/www.severihotels.it\/wp-content\/uploads\/2020\/11\/appartamento-rosa-dei-venti-5-2-768x513.jpg 768w, https:\/\/www.severihotels.it\/wp-content\/uploads\/2020\/11\/appartamento-rosa-dei-venti-5-2.jpg 800w\" sizes=\"(max-width: 800px) 100vw, 800px\" \/><\/div><\/div><\/div><div class=\"swiper-slide\"><div class=\"fusion-carousel-item-wrapper\"><div class=\"fusion-image-wrapper hover-type-none\"><img decoding=\"async\" width=\"800\" height=\"534\" src=\"https:\/\/www.severihotels.it\/wp-content\/uploads\/2020\/11\/appartamento-rosa-dei-venti-8-.jpg\" class=\"attachment-full size-full\" alt=\"Monolocale Con Balcone\" srcset=\"https:\/\/www.severihotels.it\/wp-content\/uploads\/2020\/11\/appartamento-rosa-dei-venti-8--200x134.jpg 200w, https:\/\/www.severihotels.it\/wp-content\/uploads\/2020\/11\/appartamento-rosa-dei-venti-8--300x200.jpg 300w, https:\/\/www.severihotels.it\/wp-content\/uploads\/2020\/11\/appartamento-rosa-dei-venti-8--400x267.jpg 400w, https:\/\/www.severihotels.it\/wp-content\/uploads\/2020\/11\/appartamento-rosa-dei-venti-8--600x401.jpg 600w, https:\/\/www.severihotels.it\/wp-content\/uploads\/2020\/11\/appartamento-rosa-dei-venti-8--768x513.jpg 768w, https:\/\/www.severihotels.it\/wp-content\/uploads\/2020\/11\/appartamento-rosa-dei-venti-8-.jpg 800w\" sizes=\"(max-width: 800px) 100vw, 800px\" \/><\/div><\/div><\/div><div class=\"swiper-slide\"><div class=\"fusion-carousel-item-wrapper\"><div class=\"fusion-image-wrapper hover-type-none\"><img decoding=\"async\" width=\"800\" height=\"534\" src=\"https:\/\/www.severihotels.it\/wp-content\/uploads\/2020\/11\/appartamento-rosa-dei-venti-11.jpg\" class=\"attachment-full size-full\" alt=\"Monolocale Con Balcone\" srcset=\"https:\/\/www.severihotels.it\/wp-content\/uploads\/2020\/11\/appartamento-rosa-dei-venti-11-200x134.jpg 200w, https:\/\/www.severihotels.it\/wp-content\/uploads\/2020\/11\/appartamento-rosa-dei-venti-11-300x200.jpg 300w, https:\/\/www.severihotels.it\/wp-content\/uploads\/2020\/11\/appartamento-rosa-dei-venti-11-400x267.jpg 400w, https:\/\/www.severihotels.it\/wp-content\/uploads\/2020\/11\/appartamento-rosa-dei-venti-11-600x401.jpg 600w, https:\/\/www.severihotels.it\/wp-content\/uploads\/2020\/11\/appartamento-rosa-dei-venti-11-768x513.jpg 768w, https:\/\/www.severihotels.it\/wp-content\/uploads\/2020\/11\/appartamento-rosa-dei-venti-11.jpg 800w\" sizes=\"(max-width: 800px) 100vw, 800px\" \/><\/div><\/div><\/div><div class=\"swiper-slide\"><div class=\"fusion-carousel-item-wrapper\"><div class=\"fusion-image-wrapper hover-type-none\"><img decoding=\"async\" width=\"800\" height=\"534\" src=\"https:\/\/www.severihotels.it\/wp-content\/uploads\/2020\/11\/appartamento-rosa-dei-venti-5-3.jpg\" class=\"attachment-full size-full\" alt=\"Monolocale Con Balcone\" srcset=\"https:\/\/www.severihotels.it\/wp-content\/uploads\/2020\/11\/appartamento-rosa-dei-venti-5-3-200x134.jpg 200w, https:\/\/www.severihotels.it\/wp-content\/uploads\/2020\/11\/appartamento-rosa-dei-venti-5-3-300x200.jpg 300w, https:\/\/www.severihotels.it\/wp-content\/uploads\/2020\/11\/appartamento-rosa-dei-venti-5-3-400x267.jpg 400w, https:\/\/www.severihotels.it\/wp-content\/uploads\/2020\/11\/appartamento-rosa-dei-venti-5-3-600x401.jpg 600w, https:\/\/www.severihotels.it\/wp-content\/uploads\/2020\/11\/appartamento-rosa-dei-venti-5-3-768x513.jpg 768w, https:\/\/www.severihotels.it\/wp-content\/uploads\/2020\/11\/appartamento-rosa-dei-venti-5-3.jpg 800w\" sizes=\"(max-width: 800px) 100vw, 800px\" \/><\/div><\/div><\/div><div class=\"swiper-slide\"><div class=\"fusion-carousel-item-wrapper\"><div class=\"fusion-image-wrapper hover-type-none\"><img decoding=\"async\" width=\"800\" height=\"534\" src=\"https:\/\/www.severihotels.it\/wp-content\/uploads\/2020\/11\/appartamento-rosa-dei-venti-112.jpg\" class=\"attachment-full size-full\" alt=\"Monolocale Con Balcone\" srcset=\"https:\/\/www.severihotels.it\/wp-content\/uploads\/2020\/11\/appartamento-rosa-dei-venti-112-200x134.jpg 200w, https:\/\/www.severihotels.it\/wp-content\/uploads\/2020\/11\/appartamento-rosa-dei-venti-112-300x200.jpg 300w, https:\/\/www.severihotels.it\/wp-content\/uploads\/2020\/11\/appartamento-rosa-dei-venti-112-400x267.jpg 400w, https:\/\/www.severihotels.it\/wp-content\/uploads\/2020\/11\/appartamento-rosa-dei-venti-112-600x401.jpg 600w, https:\/\/www.severihotels.it\/wp-content\/uploads\/2020\/11\/appartamento-rosa-dei-venti-112-768x513.jpg 768w, https:\/\/www.severihotels.it\/wp-content\/uploads\/2020\/11\/appartamento-rosa-dei-venti-112.jpg 800w\" sizes=\"(max-width: 800px) 100vw, 800px\" \/><\/div><\/div><\/div><div class=\"swiper-slide\"><div class=\"fusion-carousel-item-wrapper\"><div class=\"fusion-image-wrapper hover-type-none\"><img decoding=\"async\" width=\"800\" height=\"534\" src=\"https:\/\/www.severihotels.it\/wp-content\/uploads\/2020\/11\/appartamento-rosa-dei-venti-5-6.jpg\" class=\"attachment-full size-full\" alt=\"Monolocale Con Balcone\" srcset=\"https:\/\/www.severihotels.it\/wp-content\/uploads\/2020\/11\/appartamento-rosa-dei-venti-5-6-200x134.jpg 200w, https:\/\/www.severihotels.it\/wp-content\/uploads\/2020\/11\/appartamento-rosa-dei-venti-5-6-300x200.jpg 300w, https:\/\/www.severihotels.it\/wp-content\/uploads\/2020\/11\/appartamento-rosa-dei-venti-5-6-400x267.jpg 400w, https:\/\/www.severihotels.it\/wp-content\/uploads\/2020\/11\/appartamento-rosa-dei-venti-5-6-600x401.jpg 600w, https:\/\/www.severihotels.it\/wp-content\/uploads\/2020\/11\/appartamento-rosa-dei-venti-5-6-768x513.jpg 768w, https:\/\/www.severihotels.it\/wp-content\/uploads\/2020\/11\/appartamento-rosa-dei-venti-5-6.jpg 800w\" sizes=\"(max-width: 800px) 100vw, 800px\" \/><\/div><\/div><\/div><div class=\"swiper-slide\"><div class=\"fusion-carousel-item-wrapper\"><div class=\"fusion-image-wrapper hover-type-none\"><img decoding=\"async\" width=\"800\" height=\"534\" src=\"https:\/\/www.severihotels.it\/wp-content\/uploads\/2020\/11\/appartamento-rosa-dei-venti-5-4.jpg\" class=\"attachment-full size-full\" alt=\"Monolocale Con Balcone\" srcset=\"https:\/\/www.severihotels.it\/wp-content\/uploads\/2020\/11\/appartamento-rosa-dei-venti-5-4-200x134.jpg 200w, https:\/\/www.severihotels.it\/wp-content\/uploads\/2020\/11\/appartamento-rosa-dei-venti-5-4-300x200.jpg 300w, https:\/\/www.severihotels.it\/wp-content\/uploads\/2020\/11\/appartamento-rosa-dei-venti-5-4-400x267.jpg 400w, https:\/\/www.severihotels.it\/wp-content\/uploads\/2020\/11\/appartamento-rosa-dei-venti-5-4-600x401.jpg 600w, https:\/\/www.severihotels.it\/wp-content\/uploads\/2020\/11\/appartamento-rosa-dei-venti-5-4-768x513.jpg 768w, https:\/\/www.severihotels.it\/wp-content\/uploads\/2020\/11\/appartamento-rosa-dei-venti-5-4.jpg 800w\" sizes=\"(max-width: 800px) 100vw, 800px\" \/><\/div><\/div><\/div><div class=\"swiper-slide\"><div class=\"fusion-carousel-item-wrapper\"><div class=\"fusion-image-wrapper hover-type-none\"><img decoding=\"async\" width=\"800\" height=\"534\" src=\"https:\/\/www.severihotels.it\/wp-content\/uploads\/2020\/11\/appartamento-rosa-dei-venti-5-5.jpg\" class=\"attachment-full size-full\" alt=\"Monolocale Con Balcone\" srcset=\"https:\/\/www.severihotels.it\/wp-content\/uploads\/2020\/11\/appartamento-rosa-dei-venti-5-5-200x134.jpg 200w, https:\/\/www.severihotels.it\/wp-content\/uploads\/2020\/11\/appartamento-rosa-dei-venti-5-5-300x200.jpg 300w, https:\/\/www.severihotels.it\/wp-content\/uploads\/2020\/11\/appartamento-rosa-dei-venti-5-5-400x267.jpg 400w, https:\/\/www.severihotels.it\/wp-content\/uploads\/2020\/11\/appartamento-rosa-dei-venti-5-5-600x401.jpg 600w, https:\/\/www.severihotels.it\/wp-content\/uploads\/2020\/11\/appartamento-rosa-dei-venti-5-5-768x513.jpg 768w, https:\/\/www.severihotels.it\/wp-content\/uploads\/2020\/11\/appartamento-rosa-dei-venti-5-5.jpg 800w\" sizes=\"(max-width: 800px) 100vw, 800px\" \/><\/div><\/div><\/div><div class=\"swiper-slide\"><div class=\"fusion-carousel-item-wrapper\"><div class=\"fusion-image-wrapper hover-type-none\"><img decoding=\"async\" width=\"800\" height=\"534\" src=\"https:\/\/www.severihotels.it\/wp-content\/uploads\/2020\/11\/appartamento-rosa-dei-venti-114.jpg\" class=\"attachment-full size-full\" alt=\"Monolocale Con Balcone\" srcset=\"https:\/\/www.severihotels.it\/wp-content\/uploads\/2020\/11\/appartamento-rosa-dei-venti-114-200x134.jpg 200w, https:\/\/www.severihotels.it\/wp-content\/uploads\/2020\/11\/appartamento-rosa-dei-venti-114-300x200.jpg 300w, https:\/\/www.severihotels.it\/wp-content\/uploads\/2020\/11\/appartamento-rosa-dei-venti-114-400x267.jpg 400w, https:\/\/www.severihotels.it\/wp-content\/uploads\/2020\/11\/appartamento-rosa-dei-venti-114-600x401.jpg 600w, https:\/\/www.severihotels.it\/wp-content\/uploads\/2020\/11\/appartamento-rosa-dei-venti-114-768x513.jpg 768w, https:\/\/www.severihotels.it\/wp-content\/uploads\/2020\/11\/appartamento-rosa-dei-venti-114.jpg 800w\" sizes=\"(max-width: 800px) 100vw, 800px\" \/><\/div><\/div><\/div><\/div><div class=\"awb-swiper-button awb-swiper-button-prev\"><i class=\"awb-icon-angle-left\" aria-hidden=\"true\"><\/i><\/div><div class=\"awb-swiper-button awb-swiper-button-next\"><i class=\"awb-icon-angle-right\" aria-hidden=\"true\"><\/i><\/div><\/div><\/div><div class=\"fusion-builder-row fusion-builder-row-inner fusion-row fusion-flex-align-items-stretch fusion-flex-content-wrap\" style=\"width:102.1% !important;max-width:102.1% !important;margin-left: calc(-2.1% \/ 2 );margin-right: calc(-2.1% \/ 2 );\"><div class=\"fusion-layout-column fusion_builder_column_inner fusion-builder-nested-column-4 fusion_builder_column_inner_1_1 1_1 fusion-flex-column\" style=\"--awb-padding-right:20px;--awb-padding-bottom:20px;--awb-padding-left:20px;--awb-bg-size:cover;--awb-width-large:100%;--awb-margin-top-large:0px;--awb-spacing-right-large:1.02795%;--awb-margin-bottom-large:0px;--awb-spacing-left-large:1.02795%;--awb-width-medium:100%;--awb-order-medium:0;--awb-spacing-right-medium:1.02795%;--awb-spacing-left-medium:1.02795%;--awb-width-small:100%;--awb-order-small:0;--awb-spacing-right-small:1.02795%;--awb-spacing-left-small:1.02795%;\"><div class=\"fusion-column-wrapper fusion-column-has-shadow fusion-flex-justify-content-flex-start fusion-content-layout-column\"><div class=\"fusion-text fusion-text-8\"><h2>Einzimmerwohnung mit Balkon<\/h2>\n<\/div><div class=\"fusion-text fusion-text-9\"><p><i class=\"fb-icon-element-3 fb-icon-element fontawesome-icon hotels-persone circle-no fusion-text-flow\" style=\"--awb-iconcolor:#42424a;--awb-iconcolor-hover:#42424a;--awb-font-size:45px;--awb-margin-top:0px;--awb-margin-right:0px;--awb-margin-bottom:0px;--awb-margin-left:0px;\"><\/i> 2\/3\/4\/5 Personen<\/p>\n<\/div><div class=\"fusion-text fusion-text-10\"><p><span style=\"font-weight: 400;\">Wohnung im 1. Stock mit Balkon oder im 2. Stock leicht Dachboden mit Balkon. Einzelzimmer mit Doppelbett, einige mit einem zus\u00e4tzlichen Schlafsofa oder Etagenbett, andere mit einem zus\u00e4tzlichen Bett. Essbereich mit K\u00fcchenzeile, Backofen und Geschirrsp\u00fcler, Badezimmer mit Dusche und Waschmaschine. Die Gesamtgr\u00f6\u00dfe der Wohnung betr\u00e4gt 30 bis 40 m\u00b2 (ohne Balkon).<\/span><\/p>\n<\/div><\/div><\/div><\/div><\/div><\/div><div class=\"fusion-layout-column fusion_builder_column fusion-builder-column-6 fusion_builder_column_1_2 1_2 fusion-flex-column\" style=\"--awb-bg-color:#f1f0f0;--awb-bg-color-hover:#f1f0f0;--awb-bg-size:cover;--awb-width-large:50%;--awb-margin-top-large:0px;--awb-spacing-right-large:2.0559%;--awb-margin-bottom-large:0px;--awb-spacing-left-large:2.0559%;--awb-width-medium:50%;--awb-order-medium:0;--awb-spacing-right-medium:2.0559%;--awb-spacing-left-medium:2.0559%;--awb-width-small:100%;--awb-order-small:0;--awb-spacing-right-small:1.02795%;--awb-spacing-left-small:1.02795%;\"><div class=\"fusion-column-wrapper fusion-column-has-shadow fusion-flex-justify-content-flex-start fusion-content-layout-column\"><div class=\"fusion-image-carousel fusion-image-carousel-auto fusion-image-carousel-4 lightbox-enabled\"><div class=\"awb-carousel awb-swiper awb-swiper-carousel\" data-autoplay=\"no\" data-columns=\"1\" data-itemmargin=\"13\" data-itemwidth=\"180\" data-touchscroll=\"yes\" data-imagesize=\"auto\" style=\"--awb-columns:1;\"><div class=\"swiper-wrapper awb-image-carousel-wrapper fusion-flex-align-items-center\"><div class=\"swiper-slide\"><div class=\"fusion-carousel-item-wrapper\"><div class=\"fusion-image-wrapper hover-type-none\"><img decoding=\"async\" width=\"800\" height=\"534\" src=\"https:\/\/www.severihotels.it\/wp-content\/uploads\/2020\/11\/trilocale-01.jpg\" class=\"attachment-full size-full\" alt=\"Trilocale con Balcone\" srcset=\"https:\/\/www.severihotels.it\/wp-content\/uploads\/2020\/11\/trilocale-01-200x134.jpg 200w, https:\/\/www.severihotels.it\/wp-content\/uploads\/2020\/11\/trilocale-01-300x200.jpg 300w, https:\/\/www.severihotels.it\/wp-content\/uploads\/2020\/11\/trilocale-01-400x267.jpg 400w, https:\/\/www.severihotels.it\/wp-content\/uploads\/2020\/11\/trilocale-01-600x401.jpg 600w, https:\/\/www.severihotels.it\/wp-content\/uploads\/2020\/11\/trilocale-01-768x513.jpg 768w, https:\/\/www.severihotels.it\/wp-content\/uploads\/2020\/11\/trilocale-01.jpg 800w\" sizes=\"(max-width: 800px) 100vw, 800px\" \/><\/div><\/div><\/div><div class=\"swiper-slide\"><div class=\"fusion-carousel-item-wrapper\"><div class=\"fusion-image-wrapper hover-type-none\"><img decoding=\"async\" width=\"800\" height=\"534\" src=\"https:\/\/www.severihotels.it\/wp-content\/uploads\/2021\/01\/trilocale-cam.jpg\" class=\"attachment-full size-full\" alt=\"\" srcset=\"https:\/\/www.severihotels.it\/wp-content\/uploads\/2021\/01\/trilocale-cam-200x134.jpg 200w, https:\/\/www.severihotels.it\/wp-content\/uploads\/2021\/01\/trilocale-cam-300x200.jpg 300w, https:\/\/www.severihotels.it\/wp-content\/uploads\/2021\/01\/trilocale-cam-400x267.jpg 400w, https:\/\/www.severihotels.it\/wp-content\/uploads\/2021\/01\/trilocale-cam-600x401.jpg 600w, https:\/\/www.severihotels.it\/wp-content\/uploads\/2021\/01\/trilocale-cam-768x513.jpg 768w, https:\/\/www.severihotels.it\/wp-content\/uploads\/2021\/01\/trilocale-cam.jpg 800w\" sizes=\"(max-width: 800px) 100vw, 800px\" \/><\/div><\/div><\/div><div class=\"swiper-slide\"><div class=\"fusion-carousel-item-wrapper\"><div class=\"fusion-image-wrapper hover-type-none\"><img decoding=\"async\" width=\"800\" height=\"534\" src=\"https:\/\/www.severihotels.it\/wp-content\/uploads\/2020\/11\/trilocale-02.jpg\" class=\"attachment-full size-full\" alt=\"Trilocale con Balcone\" srcset=\"https:\/\/www.severihotels.it\/wp-content\/uploads\/2020\/11\/trilocale-02-200x134.jpg 200w, https:\/\/www.severihotels.it\/wp-content\/uploads\/2020\/11\/trilocale-02-300x200.jpg 300w, https:\/\/www.severihotels.it\/wp-content\/uploads\/2020\/11\/trilocale-02-400x267.jpg 400w, https:\/\/www.severihotels.it\/wp-content\/uploads\/2020\/11\/trilocale-02-600x401.jpg 600w, https:\/\/www.severihotels.it\/wp-content\/uploads\/2020\/11\/trilocale-02-768x513.jpg 768w, https:\/\/www.severihotels.it\/wp-content\/uploads\/2020\/11\/trilocale-02.jpg 800w\" sizes=\"(max-width: 800px) 100vw, 800px\" \/><\/div><\/div><\/div><div class=\"swiper-slide\"><div class=\"fusion-carousel-item-wrapper\"><div class=\"fusion-image-wrapper hover-type-none\"><img decoding=\"async\" width=\"800\" height=\"534\" src=\"https:\/\/www.severihotels.it\/wp-content\/uploads\/2020\/11\/trilocale-03.jpg\" class=\"attachment-full size-full\" alt=\"Trilocale con Balcone\" srcset=\"https:\/\/www.severihotels.it\/wp-content\/uploads\/2020\/11\/trilocale-03-200x134.jpg 200w, https:\/\/www.severihotels.it\/wp-content\/uploads\/2020\/11\/trilocale-03-300x200.jpg 300w, https:\/\/www.severihotels.it\/wp-content\/uploads\/2020\/11\/trilocale-03-400x267.jpg 400w, https:\/\/www.severihotels.it\/wp-content\/uploads\/2020\/11\/trilocale-03-600x401.jpg 600w, https:\/\/www.severihotels.it\/wp-content\/uploads\/2020\/11\/trilocale-03-768x513.jpg 768w, https:\/\/www.severihotels.it\/wp-content\/uploads\/2020\/11\/trilocale-03.jpg 800w\" sizes=\"(max-width: 800px) 100vw, 800px\" \/><\/div><\/div><\/div><\/div><div class=\"awb-swiper-button awb-swiper-button-prev\"><i class=\"awb-icon-angle-left\" aria-hidden=\"true\"><\/i><\/div><div class=\"awb-swiper-button awb-swiper-button-next\"><i class=\"awb-icon-angle-right\" aria-hidden=\"true\"><\/i><\/div><\/div><\/div><div class=\"fusion-builder-row fusion-builder-row-inner fusion-row fusion-flex-align-items-stretch fusion-flex-content-wrap\" style=\"width:102.1% !important;max-width:102.1% !important;margin-left: calc(-2.1% \/ 2 );margin-right: calc(-2.1% \/ 2 );\"><div class=\"fusion-layout-column fusion_builder_column_inner fusion-builder-nested-column-5 fusion_builder_column_inner_1_1 1_1 fusion-flex-column\" style=\"--awb-padding-right:20px;--awb-padding-bottom:20px;--awb-padding-left:20px;--awb-bg-size:cover;--awb-width-large:100%;--awb-margin-top-large:0px;--awb-spacing-right-large:1.02795%;--awb-margin-bottom-large:0px;--awb-spacing-left-large:1.02795%;--awb-width-medium:100%;--awb-order-medium:0;--awb-spacing-right-medium:1.02795%;--awb-spacing-left-medium:1.02795%;--awb-width-small:100%;--awb-order-small:0;--awb-spacing-right-small:1.02795%;--awb-spacing-left-small:1.02795%;\"><div class=\"fusion-column-wrapper fusion-column-has-shadow fusion-flex-justify-content-flex-start fusion-content-layout-column\"><div class=\"fusion-text fusion-text-11\"><h2>Dreizimmerwohnung mit Balkon<\/h2>\n<\/div><div class=\"fusion-text fusion-text-12\"><p><i class=\"fb-icon-element-4 fb-icon-element fontawesome-icon hotels-persone circle-no fusion-text-flow\" style=\"--awb-iconcolor:#42424a;--awb-iconcolor-hover:#42424a;--awb-font-size:45px;--awb-margin-top:0px;--awb-margin-right:0px;--awb-margin-bottom:0px;--awb-margin-left:0px;\"><\/i> 3\/4\/5\/6 Personen<\/p>\n<\/div><div class=\"fusion-text fusion-text-13\"><p><span style=\"font-weight: 400;\">Dreizimmerwohnung im 1. Stock mit 2 Balkonen, einer mit Blick auf den Pinienwald, bestehend aus zwei Schlafzimmern, einem Doppel- und einem mit Etagenbett (Schutzseiten zur Verf\u00fcgung), Wohn-Esszimmer mit Doppel Schlafsofa, K\u00fcchenzeile mit Backofen und Geschirrsp\u00fcler, Bad mit Dusche und Waschmaschine.<\/span><\/p>\n<\/div><\/div><\/div><\/div><\/div><\/div><\/div><\/div><\/p>\n","protected":false},"excerpt":{"rendered":"","protected":false},"author":2,"featured_media":0,"parent":7759,"menu_order":0,"comment_status":"closed","ping_status":"closed","template":"100-width.php","meta":{"footnotes":"","_joinchat":[]},"yoast_head":"<!-- This site is optimized with the Yoast SEO plugin v21.5 - https:\/\/yoast.com\/wordpress\/plugins\/seo\/ -->\n<title>Residenz Rosa Dei Venti Wohnungen in Pinarella di Cervia Italien<\/title>\n<meta name=\"description\" content=\"Die Apartments sind mit allem Komfort ausgestattet. SMART TV 40 &quot;, Wi-Fi, Waschmaschine, Backofen, Geschirrsp\u00fcler, K\u00fchlschrank, Klimaanlage\" \/>\n<meta name=\"robots\" content=\"index, follow, max-snippet:-1, max-image-preview:large, max-video-preview:-1\" \/>\n<link rel=\"canonical\" href=\"https:\/\/www.severihotels.it\/de\/residence-rosa-dei-venti\/wohnungen\" \/>\n<meta property=\"og:locale\" content=\"de_DE\" \/>\n<meta property=\"og:type\" content=\"article\" \/>\n<meta property=\"og:title\" content=\"Residenz Rosa Dei Venti Wohnungen in Pinarella di Cervia Italien\" \/>\n<meta property=\"og:description\" content=\"Die Apartments sind mit allem Komfort ausgestattet. SMART TV 40 &quot;, Wi-Fi, Waschmaschine, Backofen, Geschirrsp\u00fcler, K\u00fchlschrank, Klimaanlage\" \/>\n<meta property=\"og:url\" content=\"https:\/\/www.severihotels.it\/de\/residence-rosa-dei-venti\/wohnungen\" \/>\n<meta property=\"og:site_name\" content=\"Severi Hotels\" \/>\n<meta property=\"article:publisher\" content=\"https:\/\/www.facebook.com\/severihotels\" \/>\n<meta property=\"article:modified_time\" content=\"2023-12-10T13:04:48+00:00\" \/>\n<meta name=\"twitter:card\" content=\"summary_large_image\" \/>\n<meta name=\"twitter:label1\" content=\"Gesch\u00e4tzte Lesezeit\" \/>\n\t<meta name=\"twitter:data1\" content=\"14\u00a0Minuten\" \/>\n<script type=\"application\/ld+json\" class=\"yoast-schema-graph\">{\"@context\":\"https:\/\/schema.org\",\"@graph\":[{\"@type\":\"WebPage\",\"@id\":\"https:\/\/www.severihotels.it\/de\/residence-rosa-dei-venti\/wohnungen\",\"url\":\"https:\/\/www.severihotels.it\/de\/residence-rosa-dei-venti\/wohnungen\",\"name\":\"Residenz Rosa Dei Venti Wohnungen in Pinarella di Cervia Italien\",\"isPartOf\":{\"@id\":\"https:\/\/www.severihotels.it\/#website\"},\"datePublished\":\"2020-11-02T15:59:09+00:00\",\"dateModified\":\"2023-12-10T13:04:48+00:00\",\"description\":\"Die Apartments sind mit allem Komfort ausgestattet. SMART TV 40 \\\", Wi-Fi, Waschmaschine, Backofen, Geschirrsp\u00fcler, K\u00fchlschrank, Klimaanlage\",\"breadcrumb\":{\"@id\":\"https:\/\/www.severihotels.it\/de\/residence-rosa-dei-venti\/wohnungen#breadcrumb\"},\"inLanguage\":\"de\",\"potentialAction\":[{\"@type\":\"ReadAction\",\"target\":[\"https:\/\/www.severihotels.it\/de\/residence-rosa-dei-venti\/wohnungen\"]}]},{\"@type\":\"BreadcrumbList\",\"@id\":\"https:\/\/www.severihotels.it\/de\/residence-rosa-dei-venti\/wohnungen#breadcrumb\",\"itemListElement\":[{\"@type\":\"ListItem\",\"position\":1,\"name\":\"Home\",\"item\":\"https:\/\/www.severihotels.it\/de\"},{\"@type\":\"ListItem\",\"position\":2,\"name\":\"Residence Rosa Dei Venti\",\"item\":\"https:\/\/www.severihotels.it\/de\/residence-rosa-dei-venti\"},{\"@type\":\"ListItem\",\"position\":3,\"name\":\"Wohnungen\"}]},{\"@type\":\"WebSite\",\"@id\":\"https:\/\/www.severihotels.it\/#website\",\"url\":\"https:\/\/www.severihotels.it\/\",\"name\":\"Severi Hotels\",\"description\":\"I migliori hotels per la tua vacanza in Romagna\",\"potentialAction\":[{\"@type\":\"SearchAction\",\"target\":{\"@type\":\"EntryPoint\",\"urlTemplate\":\"https:\/\/www.severihotels.it\/?s={search_term_string}\"},\"query-input\":\"required name=search_term_string\"}],\"inLanguage\":\"de\"}]}<\/script>\n<!-- \/ Yoast SEO plugin. -->","yoast_head_json":{"title":"Residenz Rosa Dei Venti Wohnungen in Pinarella di Cervia Italien","description":"Die Apartments sind mit allem Komfort ausgestattet. SMART TV 40 \", Wi-Fi, Waschmaschine, Backofen, Geschirrsp\u00fcler, K\u00fchlschrank, Klimaanlage","robots":{"index":"index","follow":"follow","max-snippet":"max-snippet:-1","max-image-preview":"max-image-preview:large","max-video-preview":"max-video-preview:-1"},"canonical":"https:\/\/www.severihotels.it\/de\/residence-rosa-dei-venti\/wohnungen","og_locale":"de_DE","og_type":"article","og_title":"Residenz Rosa Dei Venti Wohnungen in Pinarella di Cervia Italien","og_description":"Die Apartments sind mit allem Komfort ausgestattet. SMART TV 40 \", Wi-Fi, Waschmaschine, Backofen, Geschirrsp\u00fcler, K\u00fchlschrank, Klimaanlage","og_url":"https:\/\/www.severihotels.it\/de\/residence-rosa-dei-venti\/wohnungen","og_site_name":"Severi Hotels","article_publisher":"https:\/\/www.facebook.com\/severihotels","article_modified_time":"2023-12-10T13:04:48+00:00","twitter_card":"summary_large_image","twitter_misc":{"Gesch\u00e4tzte Lesezeit":"14\u00a0Minuten"},"schema":{"@context":"https:\/\/schema.org","@graph":[{"@type":"WebPage","@id":"https:\/\/www.severihotels.it\/de\/residence-rosa-dei-venti\/wohnungen","url":"https:\/\/www.severihotels.it\/de\/residence-rosa-dei-venti\/wohnungen","name":"Residenz Rosa Dei Venti Wohnungen in Pinarella di Cervia Italien","isPartOf":{"@id":"https:\/\/www.severihotels.it\/#website"},"datePublished":"2020-11-02T15:59:09+00:00","dateModified":"2023-12-10T13:04:48+00:00","description":"Die Apartments sind mit allem Komfort ausgestattet. SMART TV 40 \", Wi-Fi, Waschmaschine, Backofen, Geschirrsp\u00fcler, K\u00fchlschrank, Klimaanlage","breadcrumb":{"@id":"https:\/\/www.severihotels.it\/de\/residence-rosa-dei-venti\/wohnungen#breadcrumb"},"inLanguage":"de","potentialAction":[{"@type":"ReadAction","target":["https:\/\/www.severihotels.it\/de\/residence-rosa-dei-venti\/wohnungen"]}]},{"@type":"BreadcrumbList","@id":"https:\/\/www.severihotels.it\/de\/residence-rosa-dei-venti\/wohnungen#breadcrumb","itemListElement":[{"@type":"ListItem","position":1,"name":"Home","item":"https:\/\/www.severihotels.it\/de"},{"@type":"ListItem","position":2,"name":"Residence Rosa Dei Venti","item":"https:\/\/www.severihotels.it\/de\/residence-rosa-dei-venti"},{"@type":"ListItem","position":3,"name":"Wohnungen"}]},{"@type":"WebSite","@id":"https:\/\/www.severihotels.it\/#website","url":"https:\/\/www.severihotels.it\/","name":"Severi Hotels","description":"I migliori hotels per la tua vacanza in Romagna","potentialAction":[{"@type":"SearchAction","target":{"@type":"EntryPoint","urlTemplate":"https:\/\/www.severihotels.it\/?s={search_term_string}"},"query-input":"required name=search_term_string"}],"inLanguage":"de"}]}},"_links":{"self":[{"href":"https:\/\/www.severihotels.it\/de\/wp-json\/wp\/v2\/pages\/7762"}],"collection":[{"href":"https:\/\/www.severihotels.it\/de\/wp-json\/wp\/v2\/pages"}],"about":[{"href":"https:\/\/www.severihotels.it\/de\/wp-json\/wp\/v2\/types\/page"}],"author":[{"embeddable":true,"href":"https:\/\/www.severihotels.it\/de\/wp-json\/wp\/v2\/users\/2"}],"replies":[{"embeddable":true,"href":"https:\/\/www.severihotels.it\/de\/wp-json\/wp\/v2\/comments?post=7762"}],"version-history":[{"count":7,"href":"https:\/\/www.severihotels.it\/de\/wp-json\/wp\/v2\/pages\/7762\/revisions"}],"predecessor-version":[{"id":54111,"href":"https:\/\/www.severihotels.it\/de\/wp-json\/wp\/v2\/pages\/7762\/revisions\/54111"}],"up":[{"embeddable":true,"href":"https:\/\/www.severihotels.it\/de\/wp-json\/wp\/v2\/pages\/7759"}],"wp:attachment":[{"href":"https:\/\/www.severihotels.it\/de\/wp-json\/wp\/v2\/media?parent=7762"}],"curies":[{"name":"wp","href":"https:\/\/api.w.org\/{rel}","templated":true}]}}