{"id":7691,"date":"2020-10-14T17:07:39","date_gmt":"2020-10-14T15:07:39","guid":{"rendered":"https:\/\/www.severihotels.it\/hotel-garden-pinarella\/camere"},"modified":"2024-10-13T14:53:28","modified_gmt":"2024-10-13T12:53:28","slug":"zimmer","status":"publish","type":"page","link":"https:\/\/www.severihotels.it\/de\/hotel-garden-pinarella\/zimmer","title":{"rendered":"Zimmer"},"content":{"rendered":"<p><div class=\"fusion-fullwidth fullwidth-box fusion-builder-row-1 fusion-flex-container has-pattern-background has-mask-background nonhundred-percent-fullwidth non-hundred-percent-height-scrolling\" style=\"--awb-border-radius-top-left:0px;--awb-border-radius-top-right:0px;--awb-border-radius-bottom-right:0px;--awb-border-radius-bottom-left:0px;--awb-margin-top:4%;--awb-margin-bottom:4%;--awb-flex-wrap:wrap;\" ><div class=\"fusion-builder-row fusion-row fusion-flex-align-items-flex-start fusion-flex-content-wrap\" style=\"max-width:1429.4px;margin-left: calc(-2.1% \/ 2 );margin-right: calc(-2.1% \/ 2 );\"><div class=\"fusion-layout-column fusion_builder_column fusion-builder-column-0 fusion_builder_column_1_1 1_1 fusion-flex-column\" style=\"--awb-bg-size:cover;--awb-width-large:100%;--awb-margin-top-large:0px;--awb-spacing-right-large:1.02795%;--awb-margin-bottom-large:20px;--awb-spacing-left-large:1.02795%;--awb-width-medium:100%;--awb-order-medium:0;--awb-spacing-right-medium:1.02795%;--awb-spacing-left-medium:1.02795%;--awb-width-small:100%;--awb-order-small:0;--awb-spacing-right-small:1.02795%;--awb-spacing-left-small:1.02795%;\"><div class=\"fusion-column-wrapper fusion-column-has-shadow fusion-flex-justify-content-flex-start fusion-content-layout-column\"><div class=\"fusion-text fusion-text-1\" style=\"--awb-content-alignment:center;--awb-font-size:16px;--awb-line-height:1;--awb-text-color:var(--awb-color5);\"><p style=\"letter-spacing: 0.2em; text-align: center; margin-bottom: 5px;\"><b>VIELE TYPEN <\/b>F\u00dcR JEDEN BEDARF<\/p>\n<\/div><div class=\"fusion-title title fusion-title-1 fusion-sep-none fusion-title-center fusion-title-text fusion-title-size-two\" style=\"--awb-text-color:#42424a;--awb-margin-top:5px;--awb-margin-bottom:10px;--awb-font-size:38px;\"><h2 class=\"fusion-title-heading title-heading-center\" style=\"margin:0;font-size:1em;letter-spacing:1.2px;\"><p style=\"text-align: center;\"><span style=\"font-weight: 400;\">Fragen Sie uns nach dem passenden Typ f\u00fcr Sie!<\/span><\/p><\/h2><\/div><div class=\"fusion-image-element \" style=\"text-align:center;--awb-max-width:150px;--awb-caption-title-font-family:var(--h2_typography-font-family);--awb-caption-title-font-weight:var(--h2_typography-font-weight);--awb-caption-title-font-style:var(--h2_typography-font-style);--awb-caption-title-size:var(--h2_typography-font-size);--awb-caption-title-transform:var(--h2_typography-text-transform);--awb-caption-title-line-height:var(--h2_typography-line-height);--awb-caption-title-letter-spacing:var(--h2_typography-letter-spacing);\"><span class=\" fusion-imageframe imageframe-none imageframe-1 hover-type-none fusion-animated\" data-animationType=\"fadeInLeft\" data-animationDuration=\"0.3\" data-animationOffset=\"top-into-view\"><img decoding=\"async\" width=\"350\" height=\"150\" title=\"divisor_yellow\" src=\"https:\/\/www.severihotels.it\/wp-content\/uploads\/2023\/10\/divisor_yellow.png\" alt class=\"img-responsive wp-image-48611\" srcset=\"https:\/\/www.severihotels.it\/wp-content\/uploads\/2023\/10\/divisor_yellow-200x86.png 200w, https:\/\/www.severihotels.it\/wp-content\/uploads\/2023\/10\/divisor_yellow.png 350w\" sizes=\"(max-width: 640px) 100vw, 350px\" \/><\/span><\/div><div class=\"fusion-text fusion-text-2\" style=\"--awb-content-alignment:center;\"><p class=\"p1\"><span style=\"font-weight: 400;\"><strong>Im 4-Sterne-Hotel Garden,<\/strong> der 3-Sterne-Dependance und der Deluxe-Dependance bieten wir eine gro\u00dfe Auswahl an Zimmertypen f\u00fcr bis zu sechs Personen, darunter auch Optionen mit zwei Verbindungszimmern. Gegen einen Tageszuschlag ist es m\u00f6glich, ein Zimmer mit Blick auf den Pinienwald\/das Meer zu erhalten.<\/span><\/p>\n<p class=\"p1\"><span style=\"font-weight: 400;\"><strong>Das Parken ist f\u00fcr alle Zimmer garantiert<\/strong> (f\u00fcr einige Zimmer ist das Parken im Innenbereich garantiert). Fordern Sie ein Angebot an, um die besten Vorschl\u00e4ge zu erhalten!<\/span><\/p>\n<\/div><div style=\"text-align:center;\"><a class=\"fusion-button button-flat fusion-button-default-size button-custom fusion-button-default button-1 fusion-button-default-span fusion-button-default-type\" style=\"--button_accent_color:var(--awb-color1);--button_border_color:var(--awb-color7);--button_accent_hover_color:var(--awb-color1);--button_border_hover_color:#ffffff;--button_gradient_top_color:var(--awb-color5);--button_gradient_bottom_color:var(--awb-color5);--button_gradient_top_color_hover:var(--awb-color5);--button_gradient_bottom_color_hover:var(--awb-color5);\" target=\"_self\" href=\"https:\/\/my.garden.severihotels.it\/forms\/de-DE\/reservation\"><span class=\"fusion-button-text\">ANGEBOT ANFORDEN<\/span><\/a><\/div><\/div><\/div><\/div><\/div><div class=\"fusion-fullwidth fullwidth-box fusion-builder-row-2 fusion-flex-container nonhundred-percent-fullwidth non-hundred-percent-height-scrolling\" style=\"--awb-border-radius-top-left:0px;--awb-border-radius-top-right:0px;--awb-border-radius-bottom-right:0px;--awb-border-radius-bottom-left:0px;--awb-margin-bottom:40px;--awb-flex-wrap:wrap;\" ><div class=\"fusion-builder-row fusion-row fusion-flex-align-items-flex-start fusion-flex-content-wrap\" style=\"max-width:1429.4px;margin-left: calc(-2.1% \/ 2 );margin-right: calc(-2.1% \/ 2 );\"><div class=\"fusion-layout-column fusion_builder_column fusion-builder-column-1 fusion_builder_column_1_2 1_2 fusion-flex-column\" style=\"--awb-bg-image:url(&#039;https:\/\/www.severihotels.it\/wp-content\/uploads\/2023\/10\/garden-vissuta.jpg&#039;);--awb-bg-size:cover;--awb-width-large:50%;--awb-margin-top-large:0px;--awb-spacing-right-large:2.0559%;--awb-margin-bottom-large:20px;--awb-spacing-left-large:2.0559%;--awb-width-medium:50%;--awb-order-medium:0;--awb-spacing-right-medium:2.0559%;--awb-spacing-left-medium:2.0559%;--awb-width-small:100%;--awb-order-small:0;--awb-spacing-right-small:1.02795%;--awb-spacing-left-small:1.02795%;\" data-motion-effects=\"[{&quot;type&quot;:&quot;&quot;,&quot;scroll_type&quot;:&quot;transition&quot;,&quot;scroll_direction&quot;:&quot;up&quot;,&quot;transition_speed&quot;:&quot;1&quot;,&quot;fade_type&quot;:&quot;in&quot;,&quot;scale_type&quot;:&quot;up&quot;,&quot;initial_scale&quot;:&quot;1&quot;,&quot;max_scale&quot;:&quot;1.5&quot;,&quot;min_scale&quot;:&quot;0.5&quot;,&quot;initial_rotate&quot;:&quot;0&quot;,&quot;end_rotate&quot;:&quot;30&quot;,&quot;initial_blur&quot;:&quot;0&quot;,&quot;end_blur&quot;:&quot;3&quot;,&quot;start_element&quot;:&quot;top&quot;,&quot;start_viewport&quot;:&quot;bottom&quot;,&quot;end_element&quot;:&quot;bottom&quot;,&quot;end_viewport&quot;:&quot;top&quot;,&quot;mouse_effect&quot;:&quot;track&quot;,&quot;mouse_effect_direction&quot;:&quot;opposite&quot;,&quot;mouse_effect_speed&quot;:&quot;2&quot;,&quot;infinite_animation&quot;:&quot;float&quot;,&quot;infinite_animation_speed&quot;:&quot;2&quot;}]\" data-scroll-devices=\"small-visibility,medium-visibility,large-visibility\"><div class=\"fusion-column-wrapper fusion-column-has-shadow fusion-flex-justify-content-flex-start fusion-content-layout-column fusion-column-has-bg-image\" data-bg-url=\"https:\/\/www.severihotels.it\/wp-content\/uploads\/2023\/10\/garden-vissuta.jpg\"><div class=\"fusion-separator fusion-full-width-sep\" style=\"align-self: center;margin-left: auto;margin-right: auto;margin-top:250px;margin-bottom:250px;width:100%;\"><\/div><\/div><\/div><div class=\"fusion-layout-column fusion_builder_column fusion-builder-column-2 fusion_builder_column_1_2 1_2 fusion-flex-column\" style=\"--awb-padding-top:30px;--awb-padding-right:30px;--awb-padding-bottom:30px;--awb-padding-left:30px;--awb-padding-top-medium:0px;--awb-padding-right-medium:0px;--awb-padding-bottom-medium:0px;--awb-padding-left-medium:0px;--awb-padding-top-small:0px;--awb-padding-right-small:0px;--awb-padding-bottom-small:0px;--awb-padding-left-small:0px;--awb-bg-color:#ffffff;--awb-bg-color-hover:#ffffff;--awb-bg-size:cover;--awb-width-large:50%;--awb-margin-top-large:5%;--awb-spacing-right-large:2.0559%;--awb-margin-bottom-large:20px;--awb-spacing-left-large:-29.37%;--awb-width-medium:50%;--awb-order-medium:0;--awb-spacing-right-medium:2.0559%;--awb-spacing-left-medium:0px;--awb-width-small:100%;--awb-order-small:0;--awb-spacing-right-small:1.02795%;--awb-spacing-left-small:0px;\"><div class=\"fusion-column-wrapper fusion-column-has-shadow fusion-flex-justify-content-flex-start fusion-content-layout-column\"><div class=\"fusion-text fusion-text-3\"><h2>Hotel Garden Zimmer<\/h2>\n<\/div><div class=\"fusion-builder-row fusion-builder-row-inner fusion-row fusion-flex-align-items-flex-start fusion-flex-content-wrap\" style=\"width:102.1% !important;max-width:102.1% !important;margin-left: calc(-2.1% \/ 2 );margin-right: calc(-2.1% \/ 2 );\"><div class=\"fusion-layout-column fusion_builder_column_inner fusion-builder-nested-column-0 fusion_builder_column_inner_1_2 1_2 fusion-flex-column\" style=\"--awb-bg-size:cover;--awb-width-large:50%;--awb-margin-top-large:0px;--awb-spacing-right-large:2.0559%;--awb-margin-bottom-large:20px;--awb-spacing-left-large:2.0559%;--awb-width-medium:50%;--awb-order-medium:0;--awb-spacing-right-medium:2.0559%;--awb-spacing-left-medium:2.0559%;--awb-width-small:100%;--awb-order-small:0;--awb-spacing-right-small:1.02795%;--awb-spacing-left-small:1.02795%;\"><div class=\"fusion-column-wrapper fusion-column-has-shadow fusion-flex-justify-content-flex-start fusion-content-layout-column\"><ul style=\"--awb-iconcolor:#42424a;--awb-line-height:27.2px;--awb-icon-width:27.2px;--awb-icon-height:27.2px;--awb-icon-margin:11.2px;--awb-content-margin:38.4px;\" class=\"fusion-checklist fusion-checklist-1 fusion-checklist-default type-icons\"><li class=\"fusion-li-item\" style=\"\"><span class=\"icon-wrapper circle-no\"><i class=\"fusion-li-icon fa-angle-right fas\" aria-hidden=\"true\"><\/i><\/span><div class=\"fusion-li-item-content\"><span style=\"font-weight: 400;\">Einstellbare Klimaanlage<\/span><\/div><\/li><li class=\"fusion-li-item\" style=\"\"><span class=\"icon-wrapper circle-no\"><i class=\"fusion-li-icon fa-angle-right fas\" aria-hidden=\"true\"><\/i><\/span><div class=\"fusion-li-item-content\">WLAN<\/div><\/li><li class=\"fusion-li-item\" style=\"\"><span class=\"icon-wrapper circle-no\"><i class=\"fusion-li-icon fa-angle-right fas\" aria-hidden=\"true\"><\/i><\/span><div class=\"fusion-li-item-content\"><span style=\"font-weight: 400;\">Safe<\/span><\/div><\/li><li class=\"fusion-li-item\" style=\"\"><span class=\"icon-wrapper circle-no\"><i class=\"fusion-li-icon fa-angle-right fas\" aria-hidden=\"true\"><\/i><\/span><div class=\"fusion-li-item-content\"><span style=\"font-weight: 400;\">Benutzung der Minibar<\/span><\/div><\/li><li class=\"fusion-li-item\" style=\"\"><span class=\"icon-wrapper circle-no\"><i class=\"fusion-li-icon fa-angle-right fas\" aria-hidden=\"true\"><\/i><\/span><div class=\"fusion-li-item-content\"><span style=\"font-weight: 400;\">40\u201d-Infomonitor mit Internet<\/span><\/div><\/li><\/ul><\/div><\/div><div class=\"fusion-layout-column fusion_builder_column_inner fusion-builder-nested-column-1 fusion_builder_column_inner_1_2 1_2 fusion-flex-column\" style=\"--awb-bg-size:cover;--awb-width-large:50%;--awb-margin-top-large:0px;--awb-spacing-right-large:2.0559%;--awb-margin-bottom-large:20px;--awb-spacing-left-large:2.0559%;--awb-width-medium:50%;--awb-order-medium:0;--awb-spacing-right-medium:2.0559%;--awb-spacing-left-medium:2.0559%;--awb-width-small:100%;--awb-order-small:0;--awb-spacing-right-small:1.02795%;--awb-spacing-left-small:1.02795%;\"><div class=\"fusion-column-wrapper fusion-column-has-shadow fusion-flex-justify-content-flex-start fusion-content-layout-column\"><ul style=\"--awb-iconcolor:#42424a;--awb-line-height:27.2px;--awb-icon-width:27.2px;--awb-icon-height:27.2px;--awb-icon-margin:11.2px;--awb-content-margin:38.4px;\" class=\"fusion-checklist fusion-checklist-2 fusion-checklist-default type-icons\"><li class=\"fusion-li-item\" style=\"\"><span class=\"icon-wrapper circle-no\"><i class=\"fusion-li-icon fa-angle-right fas\" aria-hidden=\"true\"><\/i><\/span><div class=\"fusion-li-item-content\">Telefon<\/div><\/li><li class=\"fusion-li-item\" style=\"\"><span class=\"icon-wrapper circle-no\"><i class=\"fusion-li-icon fa-angle-right fas\" aria-hidden=\"true\"><\/i><\/span><div class=\"fusion-li-item-content\"><span style=\"font-weight: 400;\">Schuhschrank<\/span><\/div><\/li><li class=\"fusion-li-item\" style=\"\"><span class=\"icon-wrapper circle-no\"><i class=\"fusion-li-icon fa-angle-right fas\" aria-hidden=\"true\"><\/i><\/span><div class=\"fusion-li-item-content\"><span style=\"font-weight: 400;\">Haartrockner<\/span><\/div><\/li><li class=\"fusion-li-item\" style=\"\"><span class=\"icon-wrapper circle-no\"><i class=\"fusion-li-icon fa-angle-right fas\" aria-hidden=\"true\"><\/i><\/span><div class=\"fusion-li-item-content\"><span style=\"font-weight: 400;\">Duschkabine<\/span><\/div><\/li><\/ul><\/div><\/div><\/div><\/div><\/div><div class=\"fusion-layout-column fusion_builder_column fusion-builder-column-3 fusion_builder_column_1_1 1_1 fusion-flex-column\" style=\"--awb-bg-size:cover;--awb-width-large:100%;--awb-margin-top-large:0px;--awb-spacing-right-large:1.02795%;--awb-margin-bottom-large:20px;--awb-spacing-left-large:1.02795%;--awb-width-medium:100%;--awb-order-medium:0;--awb-spacing-right-medium:1.02795%;--awb-spacing-left-medium:1.02795%;--awb-width-small:100%;--awb-order-small:0;--awb-spacing-right-small:1.02795%;--awb-spacing-left-small:1.02795%;\"><div class=\"fusion-column-wrapper fusion-column-has-shadow fusion-flex-justify-content-flex-start fusion-content-layout-column\"><div class=\"fusion-image-carousel fusion-image-carousel-auto fusion-image-carousel-1 fusion-carousel-border\"><div class=\"awb-carousel awb-swiper awb-swiper-carousel\" data-autoplay=\"no\" data-columns=\"4\" data-itemmargin=\"10\" data-itemwidth=\"180\" data-touchscroll=\"no\" data-imagesize=\"auto\" style=\"--awb-columns:4;--awb-column-spacing:10px;\"><div class=\"swiper-wrapper awb-image-carousel-wrapper fusion-flex-align-items-center\"><div class=\"swiper-slide\"><div class=\"fusion-carousel-item-wrapper\"><div class=\"fusion-image-wrapper hover-type-none\"><img decoding=\"async\" width=\"800\" height=\"534\" src=\"https:\/\/www.severihotels.it\/wp-content\/uploads\/2020\/10\/camera-garden-gold-plus-b4.jpg\" class=\"attachment-full size-full\" alt=\"\" srcset=\"https:\/\/www.severihotels.it\/wp-content\/uploads\/2020\/10\/camera-garden-gold-plus-b4-200x134.jpg 200w, https:\/\/www.severihotels.it\/wp-content\/uploads\/2020\/10\/camera-garden-gold-plus-b4-400x267.jpg 400w, https:\/\/www.severihotels.it\/wp-content\/uploads\/2020\/10\/camera-garden-gold-plus-b4-600x401.jpg 600w, https:\/\/www.severihotels.it\/wp-content\/uploads\/2020\/10\/camera-garden-gold-plus-b4.jpg 800w\" sizes=\"(min-width: 2200px) 100vw, (min-width: 856px) 343px, (min-width: 784px) 457px, (min-width: 712px) 685px, (min-width: 640px) 712px, \" \/><\/div><\/div><\/div><div class=\"swiper-slide\"><div class=\"fusion-carousel-item-wrapper\"><div class=\"fusion-image-wrapper hover-type-none\"><img decoding=\"async\" width=\"800\" height=\"534\" src=\"https:\/\/www.severihotels.it\/wp-content\/uploads\/2020\/10\/garden-camera-corallo-1.jpg\" class=\"attachment-full size-full\" alt=\"garden-camera-corallo\" srcset=\"https:\/\/www.severihotels.it\/wp-content\/uploads\/2020\/10\/garden-camera-corallo-1-200x134.jpg 200w, https:\/\/www.severihotels.it\/wp-content\/uploads\/2020\/10\/garden-camera-corallo-1-400x267.jpg 400w, https:\/\/www.severihotels.it\/wp-content\/uploads\/2020\/10\/garden-camera-corallo-1-600x401.jpg 600w, https:\/\/www.severihotels.it\/wp-content\/uploads\/2020\/10\/garden-camera-corallo-1.jpg 800w\" sizes=\"(min-width: 2200px) 100vw, (min-width: 856px) 343px, (min-width: 784px) 457px, (min-width: 712px) 685px, (min-width: 640px) 712px, \" \/><\/div><\/div><\/div><div class=\"swiper-slide\"><div class=\"fusion-carousel-item-wrapper\"><div class=\"fusion-image-wrapper hover-type-none\"><img decoding=\"async\" width=\"800\" height=\"534\" src=\"https:\/\/www.severihotels.it\/wp-content\/uploads\/2020\/10\/garden-camera-topazio.jpg\" class=\"attachment-full size-full\" alt=\"garden-camera-topazio\" srcset=\"https:\/\/www.severihotels.it\/wp-content\/uploads\/2020\/10\/garden-camera-topazio-200x134.jpg 200w, https:\/\/www.severihotels.it\/wp-content\/uploads\/2020\/10\/garden-camera-topazio-400x267.jpg 400w, https:\/\/www.severihotels.it\/wp-content\/uploads\/2020\/10\/garden-camera-topazio-600x401.jpg 600w, https:\/\/www.severihotels.it\/wp-content\/uploads\/2020\/10\/garden-camera-topazio.jpg 800w\" sizes=\"(min-width: 2200px) 100vw, (min-width: 856px) 343px, (min-width: 784px) 457px, (min-width: 712px) 685px, (min-width: 640px) 712px, \" \/><\/div><\/div><\/div><div class=\"swiper-slide\"><div class=\"fusion-carousel-item-wrapper\"><div class=\"fusion-image-wrapper hover-type-none\"><img decoding=\"async\" width=\"800\" height=\"534\" src=\"https:\/\/www.severihotels.it\/wp-content\/uploads\/2020\/10\/Camera-Garden-Gold-Plus-A-3.jpg\" class=\"attachment-full size-full\" alt=\"\" srcset=\"https:\/\/www.severihotels.it\/wp-content\/uploads\/2020\/10\/Camera-Garden-Gold-Plus-A-3-200x134.jpg 200w, https:\/\/www.severihotels.it\/wp-content\/uploads\/2020\/10\/Camera-Garden-Gold-Plus-A-3-400x267.jpg 400w, https:\/\/www.severihotels.it\/wp-content\/uploads\/2020\/10\/Camera-Garden-Gold-Plus-A-3-600x401.jpg 600w, https:\/\/www.severihotels.it\/wp-content\/uploads\/2020\/10\/Camera-Garden-Gold-Plus-A-3.jpg 800w\" sizes=\"(min-width: 2200px) 100vw, (min-width: 856px) 343px, (min-width: 784px) 457px, (min-width: 712px) 685px, (min-width: 640px) 712px, \" \/><\/div><\/div><\/div><div class=\"swiper-slide\"><div class=\"fusion-carousel-item-wrapper\"><div class=\"fusion-image-wrapper hover-type-none\"><img decoding=\"async\" width=\"800\" height=\"534\" src=\"https:\/\/www.severihotels.it\/wp-content\/uploads\/2020\/10\/camera-garden-gold-plus-b2.jpg\" class=\"attachment-full size-full\" alt=\"camera-garden-gold-plus\" srcset=\"https:\/\/www.severihotels.it\/wp-content\/uploads\/2020\/10\/camera-garden-gold-plus-b2-200x134.jpg 200w, https:\/\/www.severihotels.it\/wp-content\/uploads\/2020\/10\/camera-garden-gold-plus-b2-400x267.jpg 400w, https:\/\/www.severihotels.it\/wp-content\/uploads\/2020\/10\/camera-garden-gold-plus-b2-600x401.jpg 600w, https:\/\/www.severihotels.it\/wp-content\/uploads\/2020\/10\/camera-garden-gold-plus-b2.jpg 800w\" sizes=\"(min-width: 2200px) 100vw, (min-width: 856px) 343px, (min-width: 784px) 457px, (min-width: 712px) 685px, (min-width: 640px) 712px, \" \/><\/div><\/div><\/div><div class=\"swiper-slide\"><div class=\"fusion-carousel-item-wrapper\"><div class=\"fusion-image-wrapper hover-type-none\"><img decoding=\"async\" width=\"800\" height=\"534\" src=\"https:\/\/www.severihotels.it\/wp-content\/uploads\/2020\/10\/ambra-01.jpg\" class=\"attachment-full size-full\" alt=\"garden-camera-ambra\" srcset=\"https:\/\/www.severihotels.it\/wp-content\/uploads\/2020\/10\/ambra-01-200x134.jpg 200w, https:\/\/www.severihotels.it\/wp-content\/uploads\/2020\/10\/ambra-01-400x267.jpg 400w, https:\/\/www.severihotels.it\/wp-content\/uploads\/2020\/10\/ambra-01-600x401.jpg 600w, https:\/\/www.severihotels.it\/wp-content\/uploads\/2020\/10\/ambra-01.jpg 800w\" sizes=\"(min-width: 2200px) 100vw, (min-width: 856px) 343px, (min-width: 784px) 457px, (min-width: 712px) 685px, (min-width: 640px) 712px, \" \/><\/div><\/div><\/div><div class=\"swiper-slide\"><div class=\"fusion-carousel-item-wrapper\"><div class=\"fusion-image-wrapper hover-type-none\"><img decoding=\"async\" width=\"800\" height=\"534\" src=\"https:\/\/www.severihotels.it\/wp-content\/uploads\/2020\/10\/garden-camera-corallo2.jpg\" class=\"attachment-full size-full\" alt=\"garden-camera-corallo\" srcset=\"https:\/\/www.severihotels.it\/wp-content\/uploads\/2020\/10\/garden-camera-corallo2-200x134.jpg 200w, https:\/\/www.severihotels.it\/wp-content\/uploads\/2020\/10\/garden-camera-corallo2-400x267.jpg 400w, https:\/\/www.severihotels.it\/wp-content\/uploads\/2020\/10\/garden-camera-corallo2-600x401.jpg 600w, https:\/\/www.severihotels.it\/wp-content\/uploads\/2020\/10\/garden-camera-corallo2.jpg 800w\" sizes=\"(min-width: 2200px) 100vw, (min-width: 856px) 343px, (min-width: 784px) 457px, (min-width: 712px) 685px, (min-width: 640px) 712px, \" \/><\/div><\/div><\/div><\/div><div class=\"awb-swiper-button awb-swiper-button-prev\"><i class=\"awb-icon-angle-left\" aria-hidden=\"true\"><\/i><\/div><div class=\"awb-swiper-button awb-swiper-button-next\"><i class=\"awb-icon-angle-right\" aria-hidden=\"true\"><\/i><\/div><\/div><\/div><\/div><\/div>\n<\/div><\/div><div class=\"fusion-fullwidth fullwidth-box fusion-builder-row-3 fusion-flex-container nonhundred-percent-fullwidth non-hundred-percent-height-scrolling\" style=\"--awb-border-radius-top-left:0px;--awb-border-radius-top-right:0px;--awb-border-radius-bottom-right:0px;--awb-border-radius-bottom-left:0px;--awb-margin-top:4%;--awb-flex-wrap:wrap;\" ><div class=\"fusion-builder-row fusion-row fusion-flex-align-items-flex-start fusion-flex-content-wrap\" style=\"max-width:1429.4px;margin-left: calc(-2.1% \/ 2 );margin-right: calc(-2.1% \/ 2 );\"><div class=\"fusion-layout-column fusion_builder_column fusion-builder-column-4 fusion_builder_column_1_2 1_2 fusion-flex-column\" style=\"--awb-bg-image:url(&#039;https:\/\/www.severihotels.it\/wp-content\/uploads\/2023\/10\/rosa-foto.jpg&#039;);--awb-bg-size:cover;--awb-width-large:50%;--awb-margin-top-large:0px;--awb-spacing-right-large:2.0559%;--awb-margin-bottom-large:20px;--awb-spacing-left-large:2.0559%;--awb-width-medium:50%;--awb-order-medium:0;--awb-spacing-right-medium:2.0559%;--awb-spacing-left-medium:2.0559%;--awb-width-small:100%;--awb-order-small:0;--awb-spacing-right-small:1.02795%;--awb-spacing-left-small:1.02795%;\" data-motion-effects=\"[{&quot;type&quot;:&quot;&quot;,&quot;scroll_type&quot;:&quot;transition&quot;,&quot;scroll_direction&quot;:&quot;up&quot;,&quot;transition_speed&quot;:&quot;1&quot;,&quot;fade_type&quot;:&quot;in&quot;,&quot;scale_type&quot;:&quot;up&quot;,&quot;initial_scale&quot;:&quot;1&quot;,&quot;max_scale&quot;:&quot;1.5&quot;,&quot;min_scale&quot;:&quot;0.5&quot;,&quot;initial_rotate&quot;:&quot;0&quot;,&quot;end_rotate&quot;:&quot;30&quot;,&quot;initial_blur&quot;:&quot;0&quot;,&quot;end_blur&quot;:&quot;3&quot;,&quot;start_element&quot;:&quot;top&quot;,&quot;start_viewport&quot;:&quot;bottom&quot;,&quot;end_element&quot;:&quot;bottom&quot;,&quot;end_viewport&quot;:&quot;top&quot;,&quot;mouse_effect&quot;:&quot;track&quot;,&quot;mouse_effect_direction&quot;:&quot;opposite&quot;,&quot;mouse_effect_speed&quot;:&quot;2&quot;,&quot;infinite_animation&quot;:&quot;float&quot;,&quot;infinite_animation_speed&quot;:&quot;2&quot;}]\" data-scroll-devices=\"small-visibility,medium-visibility,large-visibility\"><div class=\"fusion-column-wrapper fusion-column-has-shadow fusion-flex-justify-content-flex-start fusion-content-layout-column fusion-column-has-bg-image\" data-bg-url=\"https:\/\/www.severihotels.it\/wp-content\/uploads\/2023\/10\/rosa-foto.jpg\"><div class=\"fusion-separator fusion-full-width-sep\" style=\"align-self: center;margin-left: auto;margin-right: auto;margin-top:250px;margin-bottom:250px;width:100%;\"><\/div><\/div><\/div><div class=\"fusion-layout-column fusion_builder_column fusion-builder-column-5 fusion_builder_column_1_2 1_2 fusion-flex-column\" style=\"--awb-padding-top:30px;--awb-padding-right:30px;--awb-padding-bottom:30px;--awb-padding-left:30px;--awb-bg-color:rgba(255,255,255,0.9);--awb-bg-color-hover:rgba(255,255,255,0.9);--awb-bg-size:cover;--awb-width-large:50%;--awb-margin-top-large:5%;--awb-spacing-right-large:2.0559%;--awb-margin-bottom-large:20px;--awb-spacing-left-large:-29.37%;--awb-width-medium:50%;--awb-order-medium:0;--awb-spacing-right-medium:2.0559%;--awb-spacing-left-medium:-29.37%;--awb-width-small:100%;--awb-order-small:0;--awb-spacing-right-small:1.02795%;--awb-spacing-left-small:1.02795%;\" data-motion-effects=\"[{&quot;type&quot;:&quot;&quot;,&quot;scroll_type&quot;:&quot;transition&quot;,&quot;scroll_direction&quot;:&quot;up&quot;,&quot;transition_speed&quot;:&quot;1&quot;,&quot;fade_type&quot;:&quot;in&quot;,&quot;scale_type&quot;:&quot;up&quot;,&quot;initial_scale&quot;:&quot;1&quot;,&quot;max_scale&quot;:&quot;1.5&quot;,&quot;min_scale&quot;:&quot;0.5&quot;,&quot;initial_rotate&quot;:&quot;0&quot;,&quot;end_rotate&quot;:&quot;30&quot;,&quot;initial_blur&quot;:&quot;0&quot;,&quot;end_blur&quot;:&quot;3&quot;,&quot;start_element&quot;:&quot;top&quot;,&quot;start_viewport&quot;:&quot;bottom&quot;,&quot;end_element&quot;:&quot;bottom&quot;,&quot;end_viewport&quot;:&quot;top&quot;,&quot;mouse_effect&quot;:&quot;track&quot;,&quot;mouse_effect_direction&quot;:&quot;opposite&quot;,&quot;mouse_effect_speed&quot;:&quot;2&quot;,&quot;infinite_animation&quot;:&quot;float&quot;,&quot;infinite_animation_speed&quot;:&quot;2&quot;}]\" data-scroll-devices=\"small-visibility,medium-visibility,large-visibility\"><div class=\"fusion-column-wrapper fusion-column-has-shadow fusion-flex-justify-content-flex-start fusion-content-layout-column\"><div class=\"fusion-text fusion-text-4\"><h2>Zimmer Deluxe<\/h2>\n<\/div><div class=\"fusion-text fusion-text-5\"><p><span style=\"font-weight: 400;\"><strong>Die Deluxe-Zimmer befinden sich in einem Nebengeb\u00e4ude,<\/strong> nur 15 Meter vom Hotel Garden entfernt. <\/span><\/p>\n<p><span style=\"font-weight: 400;\">Die Zimmer sind gro\u00df und ger\u00e4umig, das Nebengeb\u00e4ude ist mit einem Aufzug ausgestattet und alle Dienstleistungen finden im Hotel Garden statt.<\/span><\/p>\n<\/div><\/div><\/div><div class=\"fusion-layout-column fusion_builder_column fusion-builder-column-6 fusion_builder_column_1_1 1_1 fusion-flex-column\" style=\"--awb-bg-size:cover;--awb-width-large:100%;--awb-margin-top-large:0px;--awb-spacing-right-large:1.02795%;--awb-margin-bottom-large:20px;--awb-spacing-left-large:1.02795%;--awb-width-medium:100%;--awb-order-medium:0;--awb-spacing-right-medium:1.02795%;--awb-spacing-left-medium:1.02795%;--awb-width-small:100%;--awb-order-small:0;--awb-spacing-right-small:1.02795%;--awb-spacing-left-small:1.02795%;\"><div class=\"fusion-column-wrapper fusion-column-has-shadow fusion-flex-justify-content-flex-start fusion-content-layout-column\"><div class=\"fusion-image-carousel fusion-image-carousel-auto fusion-image-carousel-2 fusion-carousel-border\"><div class=\"awb-carousel awb-swiper awb-swiper-carousel\" data-autoplay=\"no\" data-columns=\"4\" data-itemmargin=\"10\" data-itemwidth=\"180\" data-touchscroll=\"no\" data-imagesize=\"auto\" style=\"--awb-columns:4;--awb-column-spacing:10px;\"><div class=\"swiper-wrapper awb-image-carousel-wrapper fusion-flex-align-items-center\"><div class=\"swiper-slide\"><div class=\"fusion-carousel-item-wrapper\"><div class=\"fusion-image-wrapper hover-type-none\"><img decoding=\"async\" width=\"800\" height=\"534\" src=\"https:\/\/www.severihotels.it\/wp-content\/uploads\/2020\/11\/trilocale-01.jpg\" class=\"attachment-full size-full\" alt=\"\" srcset=\"https:\/\/www.severihotels.it\/wp-content\/uploads\/2020\/11\/trilocale-01-200x134.jpg 200w, https:\/\/www.severihotels.it\/wp-content\/uploads\/2020\/11\/trilocale-01-400x267.jpg 400w, https:\/\/www.severihotels.it\/wp-content\/uploads\/2020\/11\/trilocale-01-600x401.jpg 600w, https:\/\/www.severihotels.it\/wp-content\/uploads\/2020\/11\/trilocale-01.jpg 800w\" sizes=\"(min-width: 2200px) 100vw, (min-width: 856px) 343px, (min-width: 784px) 457px, (min-width: 712px) 685px, (min-width: 640px) 712px, \" \/><\/div><\/div><\/div><div class=\"swiper-slide\"><div class=\"fusion-carousel-item-wrapper\"><div class=\"fusion-image-wrapper hover-type-none\"><img decoding=\"async\" width=\"800\" height=\"534\" src=\"https:\/\/www.severihotels.it\/wp-content\/uploads\/2020\/11\/appartamento-rosa-dei-venti-5-2.jpg\" class=\"attachment-full size-full\" alt=\"\" srcset=\"https:\/\/www.severihotels.it\/wp-content\/uploads\/2020\/11\/appartamento-rosa-dei-venti-5-2-200x134.jpg 200w, https:\/\/www.severihotels.it\/wp-content\/uploads\/2020\/11\/appartamento-rosa-dei-venti-5-2-400x267.jpg 400w, https:\/\/www.severihotels.it\/wp-content\/uploads\/2020\/11\/appartamento-rosa-dei-venti-5-2-600x401.jpg 600w, https:\/\/www.severihotels.it\/wp-content\/uploads\/2020\/11\/appartamento-rosa-dei-venti-5-2.jpg 800w\" sizes=\"(min-width: 2200px) 100vw, (min-width: 856px) 343px, (min-width: 784px) 457px, (min-width: 712px) 685px, (min-width: 640px) 712px, \" \/><\/div><\/div><\/div><div class=\"swiper-slide\"><div class=\"fusion-carousel-item-wrapper\"><div class=\"fusion-image-wrapper hover-type-none\"><img decoding=\"async\" width=\"800\" height=\"534\" src=\"https:\/\/www.severihotels.it\/wp-content\/uploads\/2020\/11\/appartamento-rosa-dei-venti-114.jpg\" class=\"attachment-full size-full\" alt=\"\" srcset=\"https:\/\/www.severihotels.it\/wp-content\/uploads\/2020\/11\/appartamento-rosa-dei-venti-114-200x134.jpg 200w, https:\/\/www.severihotels.it\/wp-content\/uploads\/2020\/11\/appartamento-rosa-dei-venti-114-400x267.jpg 400w, https:\/\/www.severihotels.it\/wp-content\/uploads\/2020\/11\/appartamento-rosa-dei-venti-114-600x401.jpg 600w, https:\/\/www.severihotels.it\/wp-content\/uploads\/2020\/11\/appartamento-rosa-dei-venti-114.jpg 800w\" sizes=\"(min-width: 2200px) 100vw, (min-width: 856px) 343px, (min-width: 784px) 457px, (min-width: 712px) 685px, (min-width: 640px) 712px, \" \/><\/div><\/div><\/div><div class=\"swiper-slide\"><div class=\"fusion-carousel-item-wrapper\"><div class=\"fusion-image-wrapper hover-type-none\"><img decoding=\"async\" width=\"800\" height=\"534\" src=\"https:\/\/www.severihotels.it\/wp-content\/uploads\/2020\/11\/appartamento-rosa-dei-venti-1-6.jpg\" class=\"attachment-full size-full\" alt=\"\" srcset=\"https:\/\/www.severihotels.it\/wp-content\/uploads\/2020\/11\/appartamento-rosa-dei-venti-1-6-200x134.jpg 200w, https:\/\/www.severihotels.it\/wp-content\/uploads\/2020\/11\/appartamento-rosa-dei-venti-1-6-400x267.jpg 400w, https:\/\/www.severihotels.it\/wp-content\/uploads\/2020\/11\/appartamento-rosa-dei-venti-1-6-600x401.jpg 600w, https:\/\/www.severihotels.it\/wp-content\/uploads\/2020\/11\/appartamento-rosa-dei-venti-1-6.jpg 800w\" sizes=\"(min-width: 2200px) 100vw, (min-width: 856px) 343px, (min-width: 784px) 457px, (min-width: 712px) 685px, (min-width: 640px) 712px, \" \/><\/div><\/div><\/div><div class=\"swiper-slide\"><div class=\"fusion-carousel-item-wrapper\"><div class=\"fusion-image-wrapper hover-type-none\"><img decoding=\"async\" width=\"800\" height=\"534\" src=\"https:\/\/www.severihotels.it\/wp-content\/uploads\/2020\/11\/appartamento-rosa-dei-venti-3-6.jpg\" class=\"attachment-full size-full\" alt=\"\" srcset=\"https:\/\/www.severihotels.it\/wp-content\/uploads\/2020\/11\/appartamento-rosa-dei-venti-3-6-200x134.jpg 200w, https:\/\/www.severihotels.it\/wp-content\/uploads\/2020\/11\/appartamento-rosa-dei-venti-3-6-400x267.jpg 400w, https:\/\/www.severihotels.it\/wp-content\/uploads\/2020\/11\/appartamento-rosa-dei-venti-3-6-600x401.jpg 600w, https:\/\/www.severihotels.it\/wp-content\/uploads\/2020\/11\/appartamento-rosa-dei-venti-3-6.jpg 800w\" sizes=\"(min-width: 2200px) 100vw, (min-width: 856px) 343px, (min-width: 784px) 457px, (min-width: 712px) 685px, (min-width: 640px) 712px, \" \/><\/div><\/div><\/div><\/div><div class=\"awb-swiper-button awb-swiper-button-prev\"><i class=\"awb-icon-angle-left\" aria-hidden=\"true\"><\/i><\/div><div class=\"awb-swiper-button awb-swiper-button-next\"><i class=\"awb-icon-angle-right\" aria-hidden=\"true\"><\/i><\/div><\/div><\/div><\/div><\/div><\/div><\/div><div class=\"fusion-fullwidth fullwidth-box fusion-builder-row-4 fusion-flex-container has-pattern-background has-mask-background nonhundred-percent-fullwidth non-hundred-percent-height-scrolling\" style=\"--awb-border-radius-top-left:0px;--awb-border-radius-top-right:0px;--awb-border-radius-bottom-right:0px;--awb-border-radius-bottom-left:0px;--awb-padding-top:4%;--awb-background-color:#f0f0f0;--awb-flex-wrap:wrap;\" ><div class=\"fusion-builder-row fusion-row fusion-flex-align-items-flex-start fusion-flex-content-wrap\" style=\"max-width:1429.4px;margin-left: calc(-2.1% \/ 2 );margin-right: calc(-2.1% \/ 2 );\"><div class=\"fusion-layout-column fusion_builder_column fusion-builder-column-7 fusion_builder_column_1_2 1_2 fusion-flex-column\" style=\"--awb-padding-top:30px;--awb-padding-right:30px;--awb-padding-bottom:30px;--awb-padding-left:30px;--awb-bg-color:rgba(255,255,255,0);--awb-bg-color-hover:rgba(255,255,255,0);--awb-bg-size:cover;--awb-width-large:50%;--awb-margin-top-large:5%;--awb-spacing-right-large:-58.74%;--awb-margin-bottom-large:20px;--awb-spacing-left-large:2.0559%;--awb-width-medium:50%;--awb-order-medium:0;--awb-spacing-right-medium:-58.74%;--awb-spacing-left-medium:2.0559%;--awb-width-small:100%;--awb-order-small:0;--awb-spacing-right-small:1.02795%;--awb-spacing-left-small:1.02795%;\" data-motion-effects=\"[{&quot;type&quot;:&quot;&quot;,&quot;scroll_type&quot;:&quot;transition&quot;,&quot;scroll_direction&quot;:&quot;up&quot;,&quot;transition_speed&quot;:&quot;1&quot;,&quot;fade_type&quot;:&quot;in&quot;,&quot;scale_type&quot;:&quot;up&quot;,&quot;initial_scale&quot;:&quot;1&quot;,&quot;max_scale&quot;:&quot;1.5&quot;,&quot;min_scale&quot;:&quot;0.5&quot;,&quot;initial_rotate&quot;:&quot;0&quot;,&quot;end_rotate&quot;:&quot;30&quot;,&quot;initial_blur&quot;:&quot;0&quot;,&quot;end_blur&quot;:&quot;3&quot;,&quot;start_element&quot;:&quot;top&quot;,&quot;start_viewport&quot;:&quot;bottom&quot;,&quot;end_element&quot;:&quot;bottom&quot;,&quot;end_viewport&quot;:&quot;top&quot;,&quot;mouse_effect&quot;:&quot;track&quot;,&quot;mouse_effect_direction&quot;:&quot;opposite&quot;,&quot;mouse_effect_speed&quot;:&quot;2&quot;,&quot;infinite_animation&quot;:&quot;float&quot;,&quot;infinite_animation_speed&quot;:&quot;2&quot;}]\" data-scroll-devices=\"small-visibility,medium-visibility,large-visibility\"><div class=\"fusion-column-wrapper fusion-column-has-shadow fusion-flex-justify-content-flex-start fusion-content-layout-column\"><div class=\"fusion-text fusion-text-6\"><h2>Zimmer 3-Sterne-Dependance<\/h2>\n<\/div><div class=\"fusion-text fusion-text-7\"><p><span style=\"font-weight: 400;\">G\u00fcnstigere L\u00f6sungen finden Sie in der 3-Sterne-Dependance, nur 30 Meter vom Hotelgarten entfernt, mit Aufzug ausgestattet und im Erdgeschoss finden Sie das Kinderzimmer \u201ePantera Rosa\u201c.<\/span><\/p>\n<\/div><\/div><\/div><div class=\"fusion-layout-column fusion_builder_column fusion-builder-column-8 fusion_builder_column_1_2 1_2 fusion-flex-column\" style=\"--awb-bg-image:url(&#039;https:\/\/www.severihotels.it\/wp-content\/uploads\/2023\/10\/garden-dip-vissuta.jpg&#039;);--awb-bg-size:cover;--awb-width-large:50%;--awb-margin-top-large:0px;--awb-spacing-right-large:2.0559%;--awb-margin-bottom-large:20px;--awb-spacing-left-large:2.0559%;--awb-width-medium:50%;--awb-order-medium:0;--awb-spacing-right-medium:2.0559%;--awb-spacing-left-medium:2.0559%;--awb-width-small:100%;--awb-order-small:0;--awb-spacing-right-small:1.02795%;--awb-spacing-left-small:1.02795%;\" data-motion-effects=\"[{&quot;type&quot;:&quot;&quot;,&quot;scroll_type&quot;:&quot;transition&quot;,&quot;scroll_direction&quot;:&quot;up&quot;,&quot;transition_speed&quot;:&quot;1&quot;,&quot;fade_type&quot;:&quot;in&quot;,&quot;scale_type&quot;:&quot;up&quot;,&quot;initial_scale&quot;:&quot;1&quot;,&quot;max_scale&quot;:&quot;1.5&quot;,&quot;min_scale&quot;:&quot;0.5&quot;,&quot;initial_rotate&quot;:&quot;0&quot;,&quot;end_rotate&quot;:&quot;30&quot;,&quot;initial_blur&quot;:&quot;0&quot;,&quot;end_blur&quot;:&quot;3&quot;,&quot;start_element&quot;:&quot;top&quot;,&quot;start_viewport&quot;:&quot;bottom&quot;,&quot;end_element&quot;:&quot;bottom&quot;,&quot;end_viewport&quot;:&quot;top&quot;,&quot;mouse_effect&quot;:&quot;track&quot;,&quot;mouse_effect_direction&quot;:&quot;opposite&quot;,&quot;mouse_effect_speed&quot;:&quot;2&quot;,&quot;infinite_animation&quot;:&quot;float&quot;,&quot;infinite_animation_speed&quot;:&quot;2&quot;}]\" data-scroll-devices=\"small-visibility,medium-visibility,large-visibility\"><div class=\"fusion-column-wrapper fusion-column-has-shadow fusion-flex-justify-content-flex-start fusion-content-layout-column fusion-column-has-bg-image\" data-bg-url=\"https:\/\/www.severihotels.it\/wp-content\/uploads\/2023\/10\/garden-dip-vissuta.jpg\"><div class=\"fusion-separator fusion-full-width-sep\" style=\"align-self: center;margin-left: auto;margin-right: auto;margin-top:250px;margin-bottom:250px;width:100%;\"><\/div><\/div><\/div><div class=\"fusion-layout-column fusion_builder_column fusion-builder-column-9 fusion_builder_column_1_1 1_1 fusion-flex-column\" style=\"--awb-bg-size:cover;--awb-width-large:100%;--awb-margin-top-large:0px;--awb-spacing-right-large:1.02795%;--awb-margin-bottom-large:20px;--awb-spacing-left-large:1.02795%;--awb-width-medium:100%;--awb-order-medium:0;--awb-spacing-right-medium:1.02795%;--awb-spacing-left-medium:1.02795%;--awb-width-small:100%;--awb-order-small:0;--awb-spacing-right-small:1.02795%;--awb-spacing-left-small:1.02795%;\"><div class=\"fusion-column-wrapper fusion-column-has-shadow fusion-flex-justify-content-flex-start fusion-content-layout-column\"><div class=\"fusion-image-carousel fusion-image-carousel-auto fusion-image-carousel-3 fusion-carousel-border\"><div class=\"awb-carousel awb-swiper awb-swiper-carousel\" data-autoplay=\"no\" data-columns=\"4\" data-itemmargin=\"10\" data-itemwidth=\"180\" data-touchscroll=\"no\" data-imagesize=\"auto\" style=\"--awb-columns:4;--awb-column-spacing:10px;\"><div class=\"swiper-wrapper awb-image-carousel-wrapper fusion-flex-align-items-center\"><div class=\"swiper-slide\"><div class=\"fusion-carousel-item-wrapper\"><div class=\"fusion-image-wrapper hover-type-none\"><img decoding=\"async\" width=\"800\" height=\"534\" src=\"https:\/\/www.severihotels.it\/wp-content\/uploads\/2020\/10\/dipendenza-garden-turchese-1.jpg\" class=\"attachment-full size-full\" alt=\"\" srcset=\"https:\/\/www.severihotels.it\/wp-content\/uploads\/2020\/10\/dipendenza-garden-turchese-1-200x134.jpg 200w, https:\/\/www.severihotels.it\/wp-content\/uploads\/2020\/10\/dipendenza-garden-turchese-1-400x267.jpg 400w, https:\/\/www.severihotels.it\/wp-content\/uploads\/2020\/10\/dipendenza-garden-turchese-1-600x401.jpg 600w, https:\/\/www.severihotels.it\/wp-content\/uploads\/2020\/10\/dipendenza-garden-turchese-1.jpg 800w\" sizes=\"(min-width: 2200px) 100vw, (min-width: 856px) 343px, (min-width: 784px) 457px, (min-width: 712px) 685px, (min-width: 640px) 712px, \" \/><\/div><\/div><\/div><div class=\"swiper-slide\"><div class=\"fusion-carousel-item-wrapper\"><div class=\"fusion-image-wrapper hover-type-none\"><img decoding=\"async\" width=\"800\" height=\"534\" src=\"https:\/\/www.severihotels.it\/wp-content\/uploads\/2020\/10\/dipendenza-garden-giada-1.jpg\" class=\"attachment-full size-full\" alt=\"dipendenza-garden-giada\" srcset=\"https:\/\/www.severihotels.it\/wp-content\/uploads\/2020\/10\/dipendenza-garden-giada-1-200x134.jpg 200w, https:\/\/www.severihotels.it\/wp-content\/uploads\/2020\/10\/dipendenza-garden-giada-1-400x267.jpg 400w, https:\/\/www.severihotels.it\/wp-content\/uploads\/2020\/10\/dipendenza-garden-giada-1-600x401.jpg 600w, https:\/\/www.severihotels.it\/wp-content\/uploads\/2020\/10\/dipendenza-garden-giada-1.jpg 800w\" sizes=\"(min-width: 2200px) 100vw, (min-width: 856px) 343px, (min-width: 784px) 457px, (min-width: 712px) 685px, (min-width: 640px) 712px, \" \/><\/div><\/div><\/div><div class=\"swiper-slide\"><div class=\"fusion-carousel-item-wrapper\"><div class=\"fusion-image-wrapper hover-type-none\"><img decoding=\"async\" width=\"800\" height=\"534\" src=\"https:\/\/www.severihotels.it\/wp-content\/uploads\/2020\/10\/dipendenza-garden-opale-1.jpg\" class=\"attachment-full size-full\" alt=\"dipendenza-garden-opale\" srcset=\"https:\/\/www.severihotels.it\/wp-content\/uploads\/2020\/10\/dipendenza-garden-opale-1-200x134.jpg 200w, https:\/\/www.severihotels.it\/wp-content\/uploads\/2020\/10\/dipendenza-garden-opale-1-400x267.jpg 400w, https:\/\/www.severihotels.it\/wp-content\/uploads\/2020\/10\/dipendenza-garden-opale-1-600x401.jpg 600w, https:\/\/www.severihotels.it\/wp-content\/uploads\/2020\/10\/dipendenza-garden-opale-1.jpg 800w\" sizes=\"(min-width: 2200px) 100vw, (min-width: 856px) 343px, (min-width: 784px) 457px, (min-width: 712px) 685px, (min-width: 640px) 712px, \" \/><\/div><\/div><\/div><div class=\"swiper-slide\"><div class=\"fusion-carousel-item-wrapper\"><div class=\"fusion-image-wrapper hover-type-none\"><img decoding=\"async\" width=\"800\" height=\"534\" src=\"https:\/\/www.severihotels.it\/wp-content\/uploads\/2020\/10\/dipendenza-garden-semplice-1.jpg\" class=\"attachment-full size-full\" alt=\"dipendenza-garden-semplice\" srcset=\"https:\/\/www.severihotels.it\/wp-content\/uploads\/2020\/10\/dipendenza-garden-semplice-1-200x134.jpg 200w, https:\/\/www.severihotels.it\/wp-content\/uploads\/2020\/10\/dipendenza-garden-semplice-1-400x267.jpg 400w, https:\/\/www.severihotels.it\/wp-content\/uploads\/2020\/10\/dipendenza-garden-semplice-1-600x401.jpg 600w, https:\/\/www.severihotels.it\/wp-content\/uploads\/2020\/10\/dipendenza-garden-semplice-1.jpg 800w\" sizes=\"(min-width: 2200px) 100vw, (min-width: 856px) 343px, (min-width: 784px) 457px, (min-width: 712px) 685px, (min-width: 640px) 712px, \" \/><\/div><\/div><\/div><div class=\"swiper-slide\"><div class=\"fusion-carousel-item-wrapper\"><div class=\"fusion-image-wrapper hover-type-none\"><img decoding=\"async\" width=\"800\" height=\"534\" src=\"https:\/\/www.severihotels.it\/wp-content\/uploads\/2020\/10\/dipendenza-garden-acquamarina-1.jpg\" class=\"attachment-full size-full\" alt=\"dipendenza-garden-acquamarina\" srcset=\"https:\/\/www.severihotels.it\/wp-content\/uploads\/2020\/10\/dipendenza-garden-acquamarina-1-200x134.jpg 200w, https:\/\/www.severihotels.it\/wp-content\/uploads\/2020\/10\/dipendenza-garden-acquamarina-1-400x267.jpg 400w, https:\/\/www.severihotels.it\/wp-content\/uploads\/2020\/10\/dipendenza-garden-acquamarina-1-600x401.jpg 600w, https:\/\/www.severihotels.it\/wp-content\/uploads\/2020\/10\/dipendenza-garden-acquamarina-1.jpg 800w\" sizes=\"(min-width: 2200px) 100vw, (min-width: 856px) 343px, (min-width: 784px) 457px, (min-width: 712px) 685px, (min-width: 640px) 712px, \" \/><\/div><\/div><\/div><div class=\"swiper-slide\"><div class=\"fusion-carousel-item-wrapper\"><div class=\"fusion-image-wrapper hover-type-none\"><img decoding=\"async\" width=\"800\" height=\"534\" src=\"https:\/\/www.severihotels.it\/wp-content\/uploads\/2020\/10\/dipendenza-garden-opale-com-4.jpg\" class=\"attachment-full size-full\" alt=\"\" srcset=\"https:\/\/www.severihotels.it\/wp-content\/uploads\/2020\/10\/dipendenza-garden-opale-com-4-200x134.jpg 200w, https:\/\/www.severihotels.it\/wp-content\/uploads\/2020\/10\/dipendenza-garden-opale-com-4-400x267.jpg 400w, https:\/\/www.severihotels.it\/wp-content\/uploads\/2020\/10\/dipendenza-garden-opale-com-4-600x401.jpg 600w, https:\/\/www.severihotels.it\/wp-content\/uploads\/2020\/10\/dipendenza-garden-opale-com-4.jpg 800w\" sizes=\"(min-width: 2200px) 100vw, (min-width: 856px) 343px, (min-width: 784px) 457px, (min-width: 712px) 685px, (min-width: 640px) 712px, \" \/><\/div><\/div><\/div><\/div><div class=\"awb-swiper-button awb-swiper-button-prev\"><i class=\"awb-icon-angle-left\" aria-hidden=\"true\"><\/i><\/div><div class=\"awb-swiper-button awb-swiper-button-next\"><i class=\"awb-icon-angle-right\" aria-hidden=\"true\"><\/i><\/div><\/div><\/div><\/div><\/div><\/div><\/div><\/p>\n","protected":false},"excerpt":{"rendered":"","protected":false},"author":2,"featured_media":0,"parent":7683,"menu_order":0,"comment_status":"closed","ping_status":"closed","template":"100-width.php","meta":{"footnotes":"","_joinchat":[]},"yoast_head":"<!-- This site is optimized with the Yoast SEO plugin v21.5 - https:\/\/yoast.com\/wordpress\/plugins\/seo\/ -->\n<title>Zimmer Hotel Garden - 4 Sterne in Pinarella di Cervia<\/title>\n<meta name=\"description\" content=\"Alle Zimmer des Hotel Garden sind mit einem 40&#039;&#039;-SMART-TV, WLAN, Minibar, Safe und Badezimmer mit Duschkabine ausgestattet\" \/>\n<meta name=\"robots\" content=\"index, follow, max-snippet:-1, max-image-preview:large, max-video-preview:-1\" \/>\n<link rel=\"canonical\" href=\"https:\/\/www.severihotels.it\/de\/hotel-garden-pinarella\/zimmer\" \/>\n<meta property=\"og:locale\" content=\"de_DE\" \/>\n<meta property=\"og:type\" content=\"article\" \/>\n<meta property=\"og:title\" content=\"Zimmer Hotel Garden - 4 Sterne in Pinarella di Cervia\" \/>\n<meta property=\"og:description\" content=\"Alle Zimmer des Hotel Garden sind mit einem 40&#039;&#039;-SMART-TV, WLAN, Minibar, Safe und Badezimmer mit Duschkabine ausgestattet\" \/>\n<meta property=\"og:url\" content=\"https:\/\/www.severihotels.it\/de\/hotel-garden-pinarella\/zimmer\" \/>\n<meta property=\"og:site_name\" content=\"Severi Hotels\" \/>\n<meta property=\"article:publisher\" content=\"https:\/\/www.facebook.com\/severihotels\" \/>\n<meta property=\"article:modified_time\" content=\"2024-10-13T12:53:28+00:00\" \/>\n<meta name=\"twitter:card\" content=\"summary_large_image\" \/>\n<meta name=\"twitter:label1\" content=\"Gesch\u00e4tzte Lesezeit\" \/>\n\t<meta name=\"twitter:data1\" content=\"23\u00a0Minuten\" \/>\n<script type=\"application\/ld+json\" class=\"yoast-schema-graph\">{\"@context\":\"https:\/\/schema.org\",\"@graph\":[{\"@type\":\"WebPage\",\"@id\":\"https:\/\/www.severihotels.it\/de\/hotel-garden-pinarella\/zimmer\",\"url\":\"https:\/\/www.severihotels.it\/de\/hotel-garden-pinarella\/zimmer\",\"name\":\"Zimmer Hotel Garden - 4 Sterne in Pinarella di Cervia\",\"isPartOf\":{\"@id\":\"https:\/\/www.severihotels.it\/#website\"},\"datePublished\":\"2020-10-14T15:07:39+00:00\",\"dateModified\":\"2024-10-13T12:53:28+00:00\",\"description\":\"Alle Zimmer des Hotel Garden sind mit einem 40''-SMART-TV, WLAN, Minibar, Safe und Badezimmer mit Duschkabine ausgestattet\",\"breadcrumb\":{\"@id\":\"https:\/\/www.severihotels.it\/de\/hotel-garden-pinarella\/zimmer#breadcrumb\"},\"inLanguage\":\"de\",\"potentialAction\":[{\"@type\":\"ReadAction\",\"target\":[\"https:\/\/www.severihotels.it\/de\/hotel-garden-pinarella\/zimmer\"]}]},{\"@type\":\"BreadcrumbList\",\"@id\":\"https:\/\/www.severihotels.it\/de\/hotel-garden-pinarella\/zimmer#breadcrumb\",\"itemListElement\":[{\"@type\":\"ListItem\",\"position\":1,\"name\":\"Home\",\"item\":\"https:\/\/www.severihotels.it\/de\"},{\"@type\":\"ListItem\",\"position\":2,\"name\":\"Hotel Garden Pinarella\",\"item\":\"https:\/\/www.severihotels.it\/de\/hotel-garden-pinarella\"},{\"@type\":\"ListItem\",\"position\":3,\"name\":\"Zimmer\"}]},{\"@type\":\"WebSite\",\"@id\":\"https:\/\/www.severihotels.it\/#website\",\"url\":\"https:\/\/www.severihotels.it\/\",\"name\":\"Severi Hotels\",\"description\":\"I migliori hotels per la tua vacanza in Romagna\",\"potentialAction\":[{\"@type\":\"SearchAction\",\"target\":{\"@type\":\"EntryPoint\",\"urlTemplate\":\"https:\/\/www.severihotels.it\/?s={search_term_string}\"},\"query-input\":\"required name=search_term_string\"}],\"inLanguage\":\"de\"}]}<\/script>\n<!-- \/ Yoast SEO plugin. -->","yoast_head_json":{"title":"Zimmer Hotel Garden - 4 Sterne in Pinarella di Cervia","description":"Alle Zimmer des Hotel Garden sind mit einem 40''-SMART-TV, WLAN, Minibar, Safe und Badezimmer mit Duschkabine ausgestattet","robots":{"index":"index","follow":"follow","max-snippet":"max-snippet:-1","max-image-preview":"max-image-preview:large","max-video-preview":"max-video-preview:-1"},"canonical":"https:\/\/www.severihotels.it\/de\/hotel-garden-pinarella\/zimmer","og_locale":"de_DE","og_type":"article","og_title":"Zimmer Hotel Garden - 4 Sterne in Pinarella di Cervia","og_description":"Alle Zimmer des Hotel Garden sind mit einem 40''-SMART-TV, WLAN, Minibar, Safe und Badezimmer mit Duschkabine ausgestattet","og_url":"https:\/\/www.severihotels.it\/de\/hotel-garden-pinarella\/zimmer","og_site_name":"Severi Hotels","article_publisher":"https:\/\/www.facebook.com\/severihotels","article_modified_time":"2024-10-13T12:53:28+00:00","twitter_card":"summary_large_image","twitter_misc":{"Gesch\u00e4tzte Lesezeit":"23\u00a0Minuten"},"schema":{"@context":"https:\/\/schema.org","@graph":[{"@type":"WebPage","@id":"https:\/\/www.severihotels.it\/de\/hotel-garden-pinarella\/zimmer","url":"https:\/\/www.severihotels.it\/de\/hotel-garden-pinarella\/zimmer","name":"Zimmer Hotel Garden - 4 Sterne in Pinarella di Cervia","isPartOf":{"@id":"https:\/\/www.severihotels.it\/#website"},"datePublished":"2020-10-14T15:07:39+00:00","dateModified":"2024-10-13T12:53:28+00:00","description":"Alle Zimmer des Hotel Garden sind mit einem 40''-SMART-TV, WLAN, Minibar, Safe und Badezimmer mit Duschkabine ausgestattet","breadcrumb":{"@id":"https:\/\/www.severihotels.it\/de\/hotel-garden-pinarella\/zimmer#breadcrumb"},"inLanguage":"de","potentialAction":[{"@type":"ReadAction","target":["https:\/\/www.severihotels.it\/de\/hotel-garden-pinarella\/zimmer"]}]},{"@type":"BreadcrumbList","@id":"https:\/\/www.severihotels.it\/de\/hotel-garden-pinarella\/zimmer#breadcrumb","itemListElement":[{"@type":"ListItem","position":1,"name":"Home","item":"https:\/\/www.severihotels.it\/de"},{"@type":"ListItem","position":2,"name":"Hotel Garden Pinarella","item":"https:\/\/www.severihotels.it\/de\/hotel-garden-pinarella"},{"@type":"ListItem","position":3,"name":"Zimmer"}]},{"@type":"WebSite","@id":"https:\/\/www.severihotels.it\/#website","url":"https:\/\/www.severihotels.it\/","name":"Severi Hotels","description":"I migliori hotels per la tua vacanza in Romagna","potentialAction":[{"@type":"SearchAction","target":{"@type":"EntryPoint","urlTemplate":"https:\/\/www.severihotels.it\/?s={search_term_string}"},"query-input":"required name=search_term_string"}],"inLanguage":"de"}]}},"_links":{"self":[{"href":"https:\/\/www.severihotels.it\/de\/wp-json\/wp\/v2\/pages\/7691"}],"collection":[{"href":"https:\/\/www.severihotels.it\/de\/wp-json\/wp\/v2\/pages"}],"about":[{"href":"https:\/\/www.severihotels.it\/de\/wp-json\/wp\/v2\/types\/page"}],"author":[{"embeddable":true,"href":"https:\/\/www.severihotels.it\/de\/wp-json\/wp\/v2\/users\/2"}],"replies":[{"embeddable":true,"href":"https:\/\/www.severihotels.it\/de\/wp-json\/wp\/v2\/comments?post=7691"}],"version-history":[{"count":14,"href":"https:\/\/www.severihotels.it\/de\/wp-json\/wp\/v2\/pages\/7691\/revisions"}],"predecessor-version":[{"id":57356,"href":"https:\/\/www.severihotels.it\/de\/wp-json\/wp\/v2\/pages\/7691\/revisions\/57356"}],"up":[{"embeddable":true,"href":"https:\/\/www.severihotels.it\/de\/wp-json\/wp\/v2\/pages\/7683"}],"wp:attachment":[{"href":"https:\/\/www.severihotels.it\/de\/wp-json\/wp\/v2\/media?parent=7691"}],"curies":[{"name":"wp","href":"https:\/\/api.w.org\/{rel}","templated":true}]}}