{"id":63737,"date":"2022-12-06T14:14:50","date_gmt":"2022-12-06T13:14:50","guid":{"rendered":"https:\/\/www.severihotels.it\/hotel-everest-pinarella\/domande-frequenti"},"modified":"2026-01-03T15:31:03","modified_gmt":"2026-01-03T14:31:03","slug":"domande-frequenti","status":"publish","type":"page","link":"https:\/\/www.severihotels.it\/de\/hotel-everest-pinarella\/domande-frequenti","title":{"rendered":"H\u00e4ufig gestellte Fragen"},"content":{"rendered":"<div class=\"fusion-fullwidth fullwidth-box fusion-builder-row-1 fusion-flex-container nonhundred-percent-fullwidth non-hundred-percent-height-scrolling\" style=\"--awb-border-radius-top-left:0px;--awb-border-radius-top-right:0px;--awb-border-radius-bottom-right:0px;--awb-border-radius-bottom-left:0px;--awb-flex-wrap:wrap;\" ><div class=\"fusion-builder-row fusion-row fusion-flex-align-items-flex-start fusion-flex-content-wrap\" style=\"max-width:1429.4px;margin-left: calc(-2.1% \/ 2 );margin-right: calc(-2.1% \/ 2 );\"><div class=\"fusion-layout-column fusion_builder_column fusion-builder-column-0 fusion_builder_column_1_1 1_1 fusion-flex-column\" style=\"--awb-padding-top:2%;--awb-padding-bottom:2%;--awb-bg-size:cover;--awb-width-large:100%;--awb-margin-top-large:0px;--awb-spacing-right-large:1.02795%;--awb-margin-bottom-large:20px;--awb-spacing-left-large:1.02795%;--awb-width-medium:100%;--awb-order-medium:0;--awb-spacing-right-medium:1.02795%;--awb-spacing-left-medium:1.02795%;--awb-width-small:100%;--awb-order-small:0;--awb-spacing-right-small:1.02795%;--awb-spacing-left-small:1.02795%;\"><div class=\"fusion-column-wrapper fusion-column-has-shadow fusion-flex-justify-content-flex-start fusion-content-layout-column\"><div class=\"fusion-title title fusion-title-1 fusion-sep-none fusion-title-text fusion-title-size-two\" style=\"--awb-font-size:38px;\"><h2 class=\"fusion-title-heading title-heading-left\" style=\"font-family:&quot;Alegreya&quot;;font-style:normal;font-weight:400;margin:0;font-size:1em;\"><h2>H\u00e4ufig gestellte Fragen<\/h2><\/h2><\/div><div class=\"fusion-separator fusion-full-width-sep\" style=\"align-self: center;margin-left: auto;margin-right: auto;width:100%;\"><div class=\"fusion-separator-border sep-single sep-solid\" style=\"--awb-height:20px;--awb-amount:20px;border-color:#e2e2e2;border-top-width:1px;\"><\/div><\/div><\/div><\/div><div class=\"fusion-layout-column fusion_builder_column fusion-builder-column-1 fusion_builder_column_1_2 1_2 fusion-flex-column\" style=\"--awb-bg-size:cover;--awb-width-large:50%;--awb-margin-top-large:0px;--awb-spacing-right-large:2.0559%;--awb-margin-bottom-large:20px;--awb-spacing-left-large:2.0559%;--awb-width-medium:50%;--awb-order-medium:0;--awb-spacing-right-medium:2.0559%;--awb-spacing-left-medium:2.0559%;--awb-width-small:100%;--awb-order-small:0;--awb-spacing-right-small:1.02795%;--awb-spacing-left-small:1.02795%;\"><div class=\"fusion-column-wrapper fusion-column-has-shadow fusion-flex-justify-content-flex-start fusion-content-layout-column\"><div class=\"accordian fusion-accordian\" style=\"--awb-border-size:1px;--awb-icon-size:16px;--awb-content-font-size:18px;--awb-icon-alignment:left;--awb-hover-color:#f9f9fb;--awb-border-color:#e2e2e2;--awb-background-color:#ffffff;--awb-divider-color:#e2e2e2;--awb-divider-hover-color:#e2e2e2;--awb-icon-color:#ffffff;--awb-title-color:#212934;--awb-content-color:#4a4e57;--awb-icon-box-color:#212934;--awb-toggle-hover-accent-color:#62a5c8;--awb-title-font-family:&quot;Playfair Display&quot;;--awb-title-font-weight:400;--awb-title-font-style:normal;--awb-title-font-size:20px;--awb-title-line-height:1,2;--awb-content-font-family:&quot;Roboto&quot;;--awb-content-font-style:normal;--awb-content-font-weight:400;\"><div class=\"panel-group fusion-toggle-icon-boxed\" id=\"accordion-63737-1\"><div class=\"fusion-panel panel-default panel-e44483d1ea2328188 fusion-toggle-no-divider fusion-toggle-boxed-mode\" style=\"--awb-title-color:#212934;\"><div class=\"panel-heading\"><h4 class=\"panel-title toggle\" id=\"toggle_e44483d1ea2328188\"><a aria-expanded=\"false\" aria-controls=\"e44483d1ea2328188\" role=\"button\" data-toggle=\"collapse\" data-parent=\"#accordion-63737-1\" data-target=\"#e44483d1ea2328188\" href=\"#e44483d1ea2328188\"><span class=\"fusion-toggle-icon-wrapper\" aria-hidden=\"true\"><i class=\"fa-fusion-box active-icon awb-icon-minus\" aria-hidden=\"true\"><\/i><i class=\"fa-fusion-box inactive-icon awb-icon-plus\" aria-hidden=\"true\"><\/i><\/span><span class=\"fusion-toggle-heading\">Was beinhaltet das All-Inclusive-Angebot?<\/span><\/a><\/h4><\/div><div id=\"e44483d1ea2328188\" class=\"panel-collapse collapse \" aria-labelledby=\"toggle_e44483d1ea2328188\"><div class=\"panel-body toggle-content fusion-clearfix\">\n<p>Unser SUPER All-Inclusive-Paket beinhaltet unbegrenzt alkoholische und alkoholfreie Getr\u00e4nke an der Hotelbar: Kaffee, Wasser, Softdrinks, Spirituosen, Sekt, Stillwein und Rotwein. An der Strandbar erwartet Sie au\u00dferdem eine Auswahl an Eiscreme, Granita, Sorbets, Bier und Spritzern. Aperitifbuffets vor den Mahlzeiten, Nachmittagssnacks, eine Schlafecke, ein Sonnenschirm und zwei Liegen im Standardbereich und vieles mehr. Entdecken Sie das vollst\u00e4ndige All-Inclusive-Paket auf der <a href=\"https:\/\/www.severihotels.it\/de\/hotel-everest-pinarella\/alles-inklusive\">entsprechenden Seite.<\/a><\/p>\n<\/div><\/div><\/div><div class=\"fusion-panel panel-default panel-af4c16a40289f3b74 fusion-toggle-no-divider fusion-toggle-boxed-mode\" style=\"--awb-title-color:#212934;\"><div class=\"panel-heading\"><h4 class=\"panel-title toggle\" id=\"toggle_af4c16a40289f3b74\"><a aria-expanded=\"false\" aria-controls=\"af4c16a40289f3b74\" role=\"button\" data-toggle=\"collapse\" data-parent=\"#accordion-63737-1\" data-target=\"#af4c16a40289f3b74\" href=\"#af4c16a40289f3b74\"><span class=\"fusion-toggle-icon-wrapper\" aria-hidden=\"true\"><i class=\"fa-fusion-box active-icon awb-icon-minus\" aria-hidden=\"true\"><\/i><i class=\"fa-fusion-box inactive-icon awb-icon-plus\" aria-hidden=\"true\"><\/i><\/span><span class=\"fusion-toggle-heading\">Kann man am Strand zu Mittag oder zu Abend essen?<\/span><\/a><\/h4><\/div><div id=\"af4c16a40289f3b74\" class=\"panel-collapse collapse \" aria-labelledby=\"toggle_af4c16a40289f3b74\"><div class=\"panel-body toggle-content fusion-clearfix\">\n<p>Bei Buchung von Halb- oder Vollpension k\u00f6nnen Sie (wetterabh\u00e4ngig) ohne Aufpreis im Le Lido Bistro an unserem Privatstrand zu Mittag und zu Abend essen. Ihren Wunsch k\u00f6nnen Sie am Vorabend auf der Speisekarte angeben.<\/p>\n<\/div><\/div><\/div><div class=\"fusion-panel panel-default panel-2d515a51d66788dfa fusion-toggle-no-divider fusion-toggle-boxed-mode\" style=\"--awb-title-color:#212934;\"><div class=\"panel-heading\"><h4 class=\"panel-title toggle\" id=\"toggle_2d515a51d66788dfa\"><a aria-expanded=\"false\" aria-controls=\"2d515a51d66788dfa\" role=\"button\" data-toggle=\"collapse\" data-parent=\"#accordion-63737-1\" data-target=\"#2d515a51d66788dfa\" href=\"#2d515a51d66788dfa\"><span class=\"fusion-toggle-icon-wrapper\" aria-hidden=\"true\"><i class=\"fa-fusion-box active-icon awb-icon-minus\" aria-hidden=\"true\"><\/i><i class=\"fa-fusion-box inactive-icon awb-icon-plus\" aria-hidden=\"true\"><\/i><\/span><span class=\"fusion-toggle-heading\">Gibt es Parkpl\u00e4tze?<\/span><\/a><\/h4><\/div><div id=\"2d515a51d66788dfa\" class=\"panel-collapse collapse \" aria-labelledby=\"toggle_2d515a51d66788dfa\"><div class=\"panel-body toggle-content fusion-clearfix\">\n<p>Ja, f\u00fcr alle Zimmerkategorien und Unterk\u00fcnfte ist ein kostenloser Parkplatz (Einzelplatz, nicht reservierbar) auf einem ca. 600 Meter vom Hotel entfernten Parkplatz garantiert.<\/p>\n<p>Der Parkplatz ist unbewacht; daher \u00fcbernimmt das Hotel keine Haftung f\u00fcr Diebstahl oder Besch\u00e4digung von Fahrzeugen.<\/p>\n<p>Um Ihnen die Fortbewegung zu erleichtern, bieten wir unseren G\u00e4sten einen kostenlosen Shuttle-Service an, der t\u00e4glich von 8:00 bis 19:00 Uhr (nur tags\u00fcber) zwischen Hotel und Parkplatz verkehrt.<\/p>\n<\/div><\/div><\/div><div class=\"fusion-panel panel-default panel-b31bdbe17ff8257e2 fusion-toggle-no-divider fusion-toggle-boxed-mode\" style=\"--awb-title-color:#212934;\"><div class=\"panel-heading\"><h4 class=\"panel-title toggle\" id=\"toggle_b31bdbe17ff8257e2\"><a aria-expanded=\"false\" aria-controls=\"b31bdbe17ff8257e2\" role=\"button\" data-toggle=\"collapse\" data-parent=\"#accordion-63737-1\" data-target=\"#b31bdbe17ff8257e2\" href=\"#b31bdbe17ff8257e2\"><span class=\"fusion-toggle-icon-wrapper\" aria-hidden=\"true\"><i class=\"fa-fusion-box active-icon awb-icon-minus\" aria-hidden=\"true\"><\/i><i class=\"fa-fusion-box inactive-icon awb-icon-plus\" aria-hidden=\"true\"><\/i><\/span><span class=\"fusion-toggle-heading\">Sind alkoholische Getr\u00e4nke im All-inclusive-Paket enthalten?<\/span><\/a><\/h4><\/div><div id=\"b31bdbe17ff8257e2\" class=\"panel-collapse collapse \" aria-labelledby=\"toggle_b31bdbe17ff8257e2\"><div class=\"panel-body toggle-content fusion-clearfix\">\n<p>Ja, an der Hotelbar und an unserem privaten Strand Le Lido, der im All-Inclusive-Paket enthalten ist, finden Sie eine Auswahl an Bitter, Spritz, Sekt, Hausaperitifs und Bier. Alkoholische Getr\u00e4nke werden nur an Erwachsene ab 18 Jahren ausgeschenkt.<\/p>\n<\/div><\/div><\/div><div class=\"fusion-panel panel-default panel-b8ffaa02a92da6b2c fusion-toggle-no-divider fusion-toggle-boxed-mode\" style=\"--awb-title-color:#212934;\"><div class=\"panel-heading\"><h4 class=\"panel-title toggle\" id=\"toggle_b8ffaa02a92da6b2c\"><a aria-expanded=\"false\" aria-controls=\"b8ffaa02a92da6b2c\" role=\"button\" data-toggle=\"collapse\" data-parent=\"#accordion-63737-1\" data-target=\"#b8ffaa02a92da6b2c\" href=\"#b8ffaa02a92da6b2c\"><span class=\"fusion-toggle-icon-wrapper\" aria-hidden=\"true\"><i class=\"fa-fusion-box active-icon awb-icon-minus\" aria-hidden=\"true\"><\/i><i class=\"fa-fusion-box inactive-icon awb-icon-plus\" aria-hidden=\"true\"><\/i><\/span><span class=\"fusion-toggle-heading\">Sind Haustiere im Hotel erlaubt?<\/span><\/a><\/h4><\/div><div id=\"b8ffaa02a92da6b2c\" class=\"panel-collapse collapse \" aria-labelledby=\"toggle_b8ffaa02a92da6b2c\"><div class=\"panel-body toggle-content fusion-clearfix\">\n<p>Ja, Ihr vierbeiniger Freund ist im Hotel herzlich willkommen.<br \/>\nWir akzeptieren maximal ein mittelgro\u00dfes\/kleines Haustier pro Zimmer.<br \/>\nHaustiere sind in der Bar, im Solarium, am Pool und im Restaurant nicht gestattet.<br \/>\nIn den \u00f6ffentlichen Bereichen des Hotels m\u00fcssen sie an der Leine gef\u00fchrt werden.<br \/>\nDie Zimmerreinigung kann sich bis zum Nachmittag verz\u00f6gern. Wie alle unsere G\u00e4ste m\u00fcssen auch Ihre vierbeinigen Freunde die Ruhezeiten von 14:00 bis 16:00 Uhr und von 22:30 bis 7:30 Uhr einhalten.<br \/>\nF\u00fcr die Zimmerreinigung nach der Abreise des Gastes wird bei der Buchung eine zus\u00e4tzliche Geb\u00fchr von 40,00 \u20ac pro Woche erhoben.<\/p>\n<\/div><\/div><\/div><div class=\"fusion-panel panel-default panel-80f9293cef3aee75c fusion-toggle-no-divider fusion-toggle-boxed-mode\" style=\"--awb-title-color:#212934;\"><div class=\"panel-heading\"><h4 class=\"panel-title toggle\" id=\"toggle_80f9293cef3aee75c\"><a aria-expanded=\"false\" aria-controls=\"80f9293cef3aee75c\" role=\"button\" data-toggle=\"collapse\" data-parent=\"#accordion-63737-1\" data-target=\"#80f9293cef3aee75c\" href=\"#80f9293cef3aee75c\"><span class=\"fusion-toggle-icon-wrapper\" aria-hidden=\"true\"><i class=\"fa-fusion-box active-icon awb-icon-minus\" aria-hidden=\"true\"><\/i><i class=\"fa-fusion-box inactive-icon awb-icon-plus\" aria-hidden=\"true\"><\/i><\/span><span class=\"fusion-toggle-heading\">Sind Haustiere am Strand erlaubt?<\/span><\/a><\/h4><\/div><div id=\"80f9293cef3aee75c\" class=\"panel-collapse collapse \" aria-labelledby=\"toggle_80f9293cef3aee75c\"><div class=\"panel-body toggle-content fusion-clearfix\">\n<p>Ja, die Gemeindeverordnung von Cervia erlaubt Hunden den Zugang zum Strand von 6:00 bis 8:00 Uhr und von 21:00 bis 24:00 Uhr. Hunde m\u00fcssen an einer maximal 1,50 Meter langen Leine gef\u00fchrt werden, einen geeigneten Maulkorb tragen und d\u00fcrfen mit ihrem Besitzer baden.<\/p>\n<\/div><\/div><\/div><div class=\"fusion-panel panel-default panel-bcdf778509845ad80 fusion-toggle-no-divider fusion-toggle-boxed-mode\" style=\"--awb-title-color:#212934;\"><div class=\"panel-heading\"><h4 class=\"panel-title toggle\" id=\"toggle_bcdf778509845ad80\"><a aria-expanded=\"false\" aria-controls=\"bcdf778509845ad80\" role=\"button\" data-toggle=\"collapse\" data-parent=\"#accordion-63737-1\" data-target=\"#bcdf778509845ad80\" href=\"#bcdf778509845ad80\"><span class=\"fusion-toggle-icon-wrapper\" aria-hidden=\"true\"><i class=\"fa-fusion-box active-icon awb-icon-minus\" aria-hidden=\"true\"><\/i><i class=\"fa-fusion-box inactive-icon awb-icon-plus\" aria-hidden=\"true\"><\/i><\/span><span class=\"fusion-toggle-heading\">Gibt es eine Ecke f\u00fcr Babynahrung?<\/span><\/a><\/h4><\/div><div id=\"bcdf778509845ad80\" class=\"panel-collapse collapse \" aria-labelledby=\"toggle_bcdf778509845ad80\"><div class=\"panel-body toggle-content fusion-clearfix\">\n<div class=\"fusion-text fusion-text-14\">\n<p>Im Speisesaal befindet sich die Babyk\u00fcche, ein speziell f\u00fcr M\u00fctter eingerichteter Bereich, die w\u00e4hrend ihres Aufenthalts Mahlzeiten f\u00fcr ihre Kleinen zubereiten m\u00f6chten. Sie ist t\u00e4glich von 7:30 bis 21:00 Uhr ge\u00f6ffnet.<\/p>\n<p>Die Babyk\u00fcche ist mit Herdplatte, K\u00fchlschrank, Mikrowelle und K\u00fcchenutensilien ausgestattet, sodass Sie selbstst\u00e4ndig kochen k\u00f6nnen. Wir stellen Ihnen au\u00dferdem eine Auswahl an Zutaten in Einzelportionen zur Verf\u00fcgung, darunter:<\/p>\n<\/div>\n<\/div><\/div><\/div><div class=\"fusion-panel panel-default panel-e442c847c71ce071d fusion-toggle-no-divider fusion-toggle-boxed-mode\" style=\"--awb-title-color:#212934;\"><div class=\"panel-heading\"><h4 class=\"panel-title toggle\" id=\"toggle_e442c847c71ce071d\"><a aria-expanded=\"false\" aria-controls=\"e442c847c71ce071d\" role=\"button\" data-toggle=\"collapse\" data-parent=\"#accordion-63737-1\" data-target=\"#e442c847c71ce071d\" href=\"#e442c847c71ce071d\"><span class=\"fusion-toggle-icon-wrapper\" aria-hidden=\"true\"><i class=\"fa-fusion-box active-icon awb-icon-minus\" aria-hidden=\"true\"><\/i><i class=\"fa-fusion-box inactive-icon awb-icon-plus\" aria-hidden=\"true\"><\/i><\/span><span class=\"fusion-toggle-heading\">Gibt es auch vegane Optionen?<\/span><\/a><\/h4><\/div><div id=\"e442c847c71ce071d\" class=\"panel-collapse collapse \" aria-labelledby=\"toggle_e442c847c71ce071d\"><div class=\"panel-body toggle-content fusion-clearfix\">\n<p>Ja, jeden Tag erwartet Sie zu den Hauptmahlzeiten ein reichhaltiges Buffet mit gekochtem und rohem Gem\u00fcse.<\/p>\n<\/div><\/div><\/div><div class=\"fusion-panel panel-default panel-73e3fbbcad81fbf47 fusion-toggle-no-divider fusion-toggle-boxed-mode\" style=\"--awb-title-color:#212934;\"><div class=\"panel-heading\"><h4 class=\"panel-title toggle\" id=\"toggle_73e3fbbcad81fbf47\"><a aria-expanded=\"false\" aria-controls=\"73e3fbbcad81fbf47\" role=\"button\" data-toggle=\"collapse\" data-parent=\"#accordion-63737-1\" data-target=\"#73e3fbbcad81fbf47\" href=\"#73e3fbbcad81fbf47\"><span class=\"fusion-toggle-icon-wrapper\" aria-hidden=\"true\"><i class=\"fa-fusion-box active-icon awb-icon-minus\" aria-hidden=\"true\"><\/i><i class=\"fa-fusion-box inactive-icon awb-icon-plus\" aria-hidden=\"true\"><\/i><\/span><span class=\"fusion-toggle-heading\">Wie weit ist das Hotel vom Strand entfernt?<\/span><\/a><\/h4><\/div><div id=\"73e3fbbcad81fbf47\" class=\"panel-collapse collapse \" aria-labelledby=\"toggle_73e3fbbcad81fbf47\"><div class=\"panel-body toggle-content fusion-clearfix\">\n<p>Unser Privatstrand, Le Lido, ist nur 200 Meter entfernt und kann \u00fcber einen angenehmen Spaziergang durch den k\u00fchlen, gr\u00fcnen Pinienwald erreicht werden.<\/p>\n<\/div><\/div><\/div><div class=\"fusion-panel panel-default panel-920a52c90ec118a00 fusion-toggle-no-divider fusion-toggle-boxed-mode\" style=\"--awb-title-color:#212934;\"><div class=\"panel-heading\"><h4 class=\"panel-title toggle\" id=\"toggle_920a52c90ec118a00\"><a aria-expanded=\"false\" aria-controls=\"920a52c90ec118a00\" role=\"button\" data-toggle=\"collapse\" data-parent=\"#accordion-63737-1\" data-target=\"#920a52c90ec118a00\" href=\"#920a52c90ec118a00\"><span class=\"fusion-toggle-icon-wrapper\" aria-hidden=\"true\"><i class=\"fa-fusion-box active-icon awb-icon-minus\" aria-hidden=\"true\"><\/i><i class=\"fa-fusion-box inactive-icon awb-icon-plus\" aria-hidden=\"true\"><\/i><\/span><span class=\"fusion-toggle-heading\">Ist der Pool beheizt?<\/span><\/a><\/h4><\/div><div id=\"920a52c90ec118a00\" class=\"panel-collapse collapse \" aria-labelledby=\"toggle_920a52c90ec118a00\"><div class=\"panel-body toggle-content fusion-clearfix\">\n<p>Ja, der Pool ist beheizt und hat eine Temperatur von \u00fcber 26\u00b0C.<\/p>\n<\/div><\/div><\/div><div class=\"fusion-panel panel-default panel-3bb1724ac590bbc05 fusion-toggle-no-divider fusion-toggle-boxed-mode\" style=\"--awb-title-color:#212934;\"><div class=\"panel-heading\"><h4 class=\"panel-title toggle\" id=\"toggle_3bb1724ac590bbc05\"><a aria-expanded=\"false\" aria-controls=\"3bb1724ac590bbc05\" role=\"button\" data-toggle=\"collapse\" data-parent=\"#accordion-63737-1\" data-target=\"#3bb1724ac590bbc05\" href=\"#3bb1724ac590bbc05\"><span class=\"fusion-toggle-icon-wrapper\" aria-hidden=\"true\"><i class=\"fa-fusion-box active-icon awb-icon-minus\" aria-hidden=\"true\"><\/i><i class=\"fa-fusion-box inactive-icon awb-icon-plus\" aria-hidden=\"true\"><\/i><\/span><span class=\"fusion-toggle-heading\">Wo befindet sich das Hotel Everest?<\/span><\/a><\/h4><\/div><div id=\"3bb1724ac590bbc05\" class=\"panel-collapse collapse \" aria-labelledby=\"toggle_3bb1724ac590bbc05\"><div class=\"panel-body toggle-content fusion-clearfix\">\n<p>Das Hotel Everest befindet sich in Pinarella di Cervia (RA) in der Emilia-Romagna und bietet einen Blick auf den Pinienwald: einen k\u00fchlen, gr\u00fcnen Streifen, der es vom Strand trennt.<\/p>\n<\/div><\/div><\/div><div class=\"fusion-panel panel-default panel-57efc557bb753376d fusion-toggle-no-divider fusion-toggle-boxed-mode\" style=\"--awb-title-color:#212934;\"><div class=\"panel-heading\"><h4 class=\"panel-title toggle\" id=\"toggle_57efc557bb753376d\"><a aria-expanded=\"false\" aria-controls=\"57efc557bb753376d\" role=\"button\" data-toggle=\"collapse\" data-parent=\"#accordion-63737-1\" data-target=\"#57efc557bb753376d\" href=\"#57efc557bb753376d\"><span class=\"fusion-toggle-icon-wrapper\" aria-hidden=\"true\"><i class=\"fa-fusion-box active-icon awb-icon-minus\" aria-hidden=\"true\"><\/i><i class=\"fa-fusion-box inactive-icon awb-icon-plus\" aria-hidden=\"true\"><\/i><\/span><span class=\"fusion-toggle-heading\">Kann ich, wenn ich in einem Hotel \u00fcbernachte, auch die Dienstleistungen eines anderen Hotels in Anspruch nehmen?<\/span><\/a><\/h4><\/div><div id=\"57efc557bb753376d\" class=\"panel-collapse collapse \" aria-labelledby=\"toggle_57efc557bb753376d\"><div class=\"panel-body toggle-content fusion-clearfix\">\n<p>Nein, mit Ausnahme des Abendprogramms, das von unserem Animationsteam angeboten wird.<\/p>\n<\/div><\/div><\/div><\/div><\/div><\/div><\/div><div class=\"fusion-layout-column fusion_builder_column fusion-builder-column-2 fusion_builder_column_1_2 1_2 fusion-flex-column\" style=\"--awb-bg-size:cover;--awb-width-large:50%;--awb-margin-top-large:0px;--awb-spacing-right-large:2.0559%;--awb-margin-bottom-large:20px;--awb-spacing-left-large:2.0559%;--awb-width-medium:50%;--awb-order-medium:0;--awb-spacing-right-medium:2.0559%;--awb-spacing-left-medium:2.0559%;--awb-width-small:100%;--awb-order-small:0;--awb-spacing-right-small:1.02795%;--awb-spacing-left-small:1.02795%;\"><div class=\"fusion-column-wrapper fusion-column-has-shadow fusion-flex-justify-content-flex-start fusion-content-layout-column\"><div class=\"accordian fusion-accordian\" style=\"--awb-border-size:1px;--awb-icon-size:16px;--awb-content-font-size:18px;--awb-icon-alignment:left;--awb-hover-color:#f9f9fb;--awb-border-color:#e2e2e2;--awb-background-color:#ffffff;--awb-divider-color:#e2e2e2;--awb-divider-hover-color:#e2e2e2;--awb-icon-color:#ffffff;--awb-title-color:#212934;--awb-content-color:#4a4e57;--awb-icon-box-color:#212934;--awb-toggle-hover-accent-color:#62a5c8;--awb-title-font-family:&quot;Playfair Display&quot;;--awb-title-font-weight:400;--awb-title-font-style:normal;--awb-title-font-size:20px;--awb-title-line-height:1,2;--awb-content-font-family:&quot;Roboto&quot;;--awb-content-font-style:normal;--awb-content-font-weight:400;\"><div class=\"panel-group fusion-toggle-icon-boxed\" id=\"accordion-63737-2\"><div class=\"fusion-panel panel-default panel-95aafd8e0fa9409cc fusion-toggle-no-divider fusion-toggle-boxed-mode\" style=\"--awb-title-color:#212934;\"><div class=\"panel-heading\"><h4 class=\"panel-title toggle\" id=\"toggle_95aafd8e0fa9409cc\"><a aria-expanded=\"false\" aria-controls=\"95aafd8e0fa9409cc\" role=\"button\" data-toggle=\"collapse\" data-parent=\"#accordion-63737-2\" data-target=\"#95aafd8e0fa9409cc\" href=\"#95aafd8e0fa9409cc\"><span class=\"fusion-toggle-icon-wrapper\" aria-hidden=\"true\"><i class=\"fa-fusion-box active-icon awb-icon-minus\" aria-hidden=\"true\"><\/i><i class=\"fa-fusion-box inactive-icon awb-icon-plus\" aria-hidden=\"true\"><\/i><\/span><span class=\"fusion-toggle-heading\">Ist das Zimmer bei meiner Ankunft fertig?<\/span><\/a><\/h4><\/div><div id=\"95aafd8e0fa9409cc\" class=\"panel-collapse collapse \" aria-labelledby=\"toggle_95aafd8e0fa9409cc\"><div class=\"panel-body toggle-content fusion-clearfix\">\n<p>Das Zimmer steht Ihnen von 14:00 bis 17:00 Uhr zur Verf\u00fcgung und muss am Abreisetag bis sp\u00e4testens 10:00 Uhr ger\u00e4umt sein.<\/p>\n<\/div><\/div><\/div><div class=\"fusion-panel panel-default panel-994f6789e24e3de45 fusion-toggle-no-divider fusion-toggle-boxed-mode\" style=\"--awb-title-color:#212934;\"><div class=\"panel-heading\"><h4 class=\"panel-title toggle\" id=\"toggle_994f6789e24e3de45\"><a aria-expanded=\"false\" aria-controls=\"994f6789e24e3de45\" role=\"button\" data-toggle=\"collapse\" data-parent=\"#accordion-63737-2\" data-target=\"#994f6789e24e3de45\" href=\"#994f6789e24e3de45\"><span class=\"fusion-toggle-icon-wrapper\" aria-hidden=\"true\"><i class=\"fa-fusion-box active-icon awb-icon-minus\" aria-hidden=\"true\"><\/i><i class=\"fa-fusion-box inactive-icon awb-icon-plus\" aria-hidden=\"true\"><\/i><\/span><span class=\"fusion-toggle-heading\">Sind bei meiner Ankunft bereits Parkpl\u00e4tze verf\u00fcgbar?<\/span><\/a><\/h4><\/div><div id=\"994f6789e24e3de45\" class=\"panel-collapse collapse \" aria-labelledby=\"toggle_994f6789e24e3de45\"><div class=\"panel-body toggle-content fusion-clearfix\">\n<p>Der Parkplatz steht ab 10:00 Uhr zur Verf\u00fcgung und muss am Abreisetag bis sp\u00e4testens 10:00 Uhr ger\u00e4umt sein.<\/p>\n<\/div><\/div><\/div><div class=\"fusion-panel panel-default panel-4565a737bfa12ef19 fusion-toggle-no-divider fusion-toggle-boxed-mode\" style=\"--awb-title-color:#212934;\"><div class=\"panel-heading\"><h4 class=\"panel-title toggle\" id=\"toggle_4565a737bfa12ef19\"><a aria-expanded=\"false\" aria-controls=\"4565a737bfa12ef19\" role=\"button\" data-toggle=\"collapse\" data-parent=\"#accordion-63737-2\" data-target=\"#4565a737bfa12ef19\" href=\"#4565a737bfa12ef19\"><span class=\"fusion-toggle-icon-wrapper\" aria-hidden=\"true\"><i class=\"fa-fusion-box active-icon awb-icon-minus\" aria-hidden=\"true\"><\/i><i class=\"fa-fusion-box inactive-icon awb-icon-plus\" aria-hidden=\"true\"><\/i><\/span><span class=\"fusion-toggle-heading\">Sind Sonnenschirme und Liegen bei meiner Ankunft sofort verf\u00fcgbar?<\/span><\/a><\/h4><\/div><div id=\"4565a737bfa12ef19\" class=\"panel-collapse collapse \" aria-labelledby=\"toggle_4565a737bfa12ef19\"><div class=\"panel-body toggle-content fusion-clearfix\">\n<p>Der Sonnenschirm und die 2 Sonnenliegen an unserem Privatstrand Le Lido stehen Ihnen vom Morgen des Anreisetages bis zum Abend des Vorabends Ihrer Abreise zur Verf\u00fcgung.<\/p>\n<\/div><\/div><\/div><div class=\"fusion-panel panel-default panel-8dd925b8e54e13ef2 fusion-toggle-no-divider fusion-toggle-boxed-mode\" style=\"--awb-title-color:#212934;\"><div class=\"panel-heading\"><h4 class=\"panel-title toggle\" id=\"toggle_8dd925b8e54e13ef2\"><a aria-expanded=\"false\" aria-controls=\"8dd925b8e54e13ef2\" role=\"button\" data-toggle=\"collapse\" data-parent=\"#accordion-63737-2\" data-target=\"#8dd925b8e54e13ef2\" href=\"#8dd925b8e54e13ef2\"><span class=\"fusion-toggle-icon-wrapper\" aria-hidden=\"true\"><i class=\"fa-fusion-box active-icon awb-icon-minus\" aria-hidden=\"true\"><\/i><i class=\"fa-fusion-box inactive-icon awb-icon-plus\" aria-hidden=\"true\"><\/i><\/span><span class=\"fusion-toggle-heading\">Mein Kind ist unter 4 Jahre alt, was kann es tun?<\/span><\/a><\/h4><\/div><div id=\"8dd925b8e54e13ef2\" class=\"panel-collapse collapse \" aria-labelledby=\"toggle_8dd925b8e54e13ef2\"><div class=\"panel-body toggle-content fusion-clearfix\">\n<p>Das Hotel verf\u00fcgt \u00fcber ein Kinderzimmer mit eingez\u00e4untem Softplay-Bereich sowie einen Au\u00dfenbereich mit Tischfu\u00dfball, Tischtennisplatte und H\u00fcpfburg. Am Strand gibt es einen Kinderbereich mit Spielen und einer riesigen H\u00fcpfburg im maritimen Stil. Unser Animationsteam unterh\u00e4lt die kleinen G\u00e4ste t\u00e4glich am Strand mit Babyt\u00e4nzen, Workshops und vielen weiteren Aktivit\u00e4ten. Die Aufsichtspflicht der Eltern gilt bei allen Aktivit\u00e4ten.<\/p>\n<\/div><\/div><\/div><div class=\"fusion-panel panel-default panel-60235408c0e2fd2e0 fusion-toggle-no-divider fusion-toggle-boxed-mode\" style=\"--awb-title-color:#212934;\"><div class=\"panel-heading\"><h4 class=\"panel-title toggle\" id=\"toggle_60235408c0e2fd2e0\"><a aria-expanded=\"false\" aria-controls=\"60235408c0e2fd2e0\" role=\"button\" data-toggle=\"collapse\" data-parent=\"#accordion-63737-2\" data-target=\"#60235408c0e2fd2e0\" href=\"#60235408c0e2fd2e0\"><span class=\"fusion-toggle-icon-wrapper\" aria-hidden=\"true\"><i class=\"fa-fusion-box active-icon awb-icon-minus\" aria-hidden=\"true\"><\/i><i class=\"fa-fusion-box inactive-icon awb-icon-plus\" aria-hidden=\"true\"><\/i><\/span><span class=\"fusion-toggle-heading\">Ist das Unterhaltungsangebot nur f\u00fcr Kinder oder auch f\u00fcr Erwachsene?<\/span><\/a><\/h4><\/div><div id=\"60235408c0e2fd2e0\" class=\"panel-collapse collapse \" aria-labelledby=\"toggle_60235408c0e2fd2e0\"><div class=\"panel-body toggle-content fusion-clearfix\">\n<p>Unser Unterhaltungsprogramm bietet Unterhaltung f\u00fcr alle Altersgruppen. Unsere Mitarbeiter organisieren altersgerechte Aktivit\u00e4ten und Turniere sowie Abende f\u00fcr Erwachsene und Kinder mit Kabarettvorstellungen, Musik und Spielen. Dar\u00fcber hinaus bieten wir eine gro\u00dfe Auswahl an Ausfl\u00fcgen f\u00fcr Paare und Familien, die unvergessliche Abenteuer erleben m\u00f6chten.<\/p>\n<\/div><\/div><\/div><div class=\"fusion-panel panel-default panel-0e1bf0721e5e3e5a7 fusion-toggle-no-divider fusion-toggle-boxed-mode\" style=\"--awb-title-color:#212934;\"><div class=\"panel-heading\"><h4 class=\"panel-title toggle\" id=\"toggle_0e1bf0721e5e3e5a7\"><a aria-expanded=\"false\" aria-controls=\"0e1bf0721e5e3e5a7\" role=\"button\" data-toggle=\"collapse\" data-parent=\"#accordion-63737-2\" data-target=\"#0e1bf0721e5e3e5a7\" href=\"#0e1bf0721e5e3e5a7\"><span class=\"fusion-toggle-icon-wrapper\" aria-hidden=\"true\"><i class=\"fa-fusion-box active-icon awb-icon-minus\" aria-hidden=\"true\"><\/i><i class=\"fa-fusion-box inactive-icon awb-icon-plus\" aria-hidden=\"true\"><\/i><\/span><span class=\"fusion-toggle-heading\">Sind Fahrr\u00e4der verf\u00fcgbar?<\/span><\/a><\/h4><\/div><div id=\"0e1bf0721e5e3e5a7\" class=\"panel-collapse collapse \" aria-labelledby=\"toggle_0e1bf0721e5e3e5a7\"><div class=\"panel-body toggle-content fusion-clearfix\">\n<p>Ja, das Hotel stellt Fahrr\u00e4der f\u00fcr Erwachsene und Kinder kostenlos zur Verf\u00fcgung. Diese k\u00f6nnen f\u00fcr kurze Fahrten und zum Erreichen der wichtigsten Sehensw\u00fcrdigkeiten genutzt werden. Beim Abstellen m\u00fcssen die Fahrr\u00e4der mit dem bereitgestellten Vorh\u00e4ngeschloss gesichert werden. G\u00e4ste haften f\u00fcr jegliche Besch\u00e4digung oder Diebstahl des Fahrrads und m\u00fcssen je nach Schadensh\u00f6he eine Entsch\u00e4digung zwischen 20,00 \u20ac und 200,00 \u20ac zahlen.<\/p>\n<\/div><\/div><\/div><div class=\"fusion-panel panel-default panel-1c9fcabd6909198a6 fusion-toggle-no-divider fusion-toggle-boxed-mode\" style=\"--awb-title-color:#212934;\"><div class=\"panel-heading\"><h4 class=\"panel-title toggle\" id=\"toggle_1c9fcabd6909198a6\"><a aria-expanded=\"false\" aria-controls=\"1c9fcabd6909198a6\" role=\"button\" data-toggle=\"collapse\" data-parent=\"#accordion-63737-2\" data-target=\"#1c9fcabd6909198a6\" href=\"#1c9fcabd6909198a6\"><span class=\"fusion-toggle-icon-wrapper\" aria-hidden=\"true\"><i class=\"fa-fusion-box active-icon awb-icon-minus\" aria-hidden=\"true\"><\/i><i class=\"fa-fusion-box inactive-icon awb-icon-plus\" aria-hidden=\"true\"><\/i><\/span><span class=\"fusion-toggle-heading\">Sind Ausfl\u00fcge im All-inclusive-Paket enthalten?<\/span><\/a><\/h4><\/div><div id=\"1c9fcabd6909198a6\" class=\"panel-collapse collapse \" aria-labelledby=\"toggle_1c9fcabd6909198a6\"><div class=\"panel-body toggle-content fusion-clearfix\">\n<p>Nein, der AusflugService <em>\u201eMinibus Garden\u201c<\/em> ist nicht im All-Inclusive-Paket enthalten. Das Programm mit Preisen und Fahrpl\u00e4nen erhalten Sie im Ausflugsb\u00fcro an unserem Strand. Aktuelle Informationen finden Sie auf unserem Instagram-Profil <a href=\"https:\/\/www.instagram.com\/minibus.garden\/\">@minibusgarden<\/a><\/p>\n<\/div><\/div><\/div><div class=\"fusion-panel panel-default panel-093e10f908b6eb067 fusion-toggle-no-divider fusion-toggle-boxed-mode\" style=\"--awb-title-color:#212934;\"><div class=\"panel-heading\"><h4 class=\"panel-title toggle\" id=\"toggle_093e10f908b6eb067\"><a aria-expanded=\"false\" aria-controls=\"093e10f908b6eb067\" role=\"button\" data-toggle=\"collapse\" data-parent=\"#accordion-63737-2\" data-target=\"#093e10f908b6eb067\" href=\"#093e10f908b6eb067\"><span class=\"fusion-toggle-icon-wrapper\" aria-hidden=\"true\"><i class=\"fa-fusion-box active-icon awb-icon-minus\" aria-hidden=\"true\"><\/i><i class=\"fa-fusion-box inactive-icon awb-icon-plus\" aria-hidden=\"true\"><\/i><\/span><span class=\"fusion-toggle-heading\">Gibt es einen Shuttle-Service zum n\u00e4chstgelegenen Bahnhof?<\/span><\/a><\/h4><\/div><div id=\"093e10f908b6eb067\" class=\"panel-collapse collapse \" aria-labelledby=\"toggle_093e10f908b6eb067\"><div class=\"panel-body toggle-content fusion-clearfix\">\n<p>Ja, das Hotel bietet einen kostenlosen Transfer zum Bahnhof Cervia-Milano Marittima von 7:30 Uhr bis 23:00 Uhr an.<br \/>\nBitte geben Sie dies bei der Buchung an.<\/p>\n<\/div><\/div><\/div><div class=\"fusion-panel panel-default panel-8ba8689853744d0ac fusion-toggle-no-divider fusion-toggle-boxed-mode\" style=\"--awb-title-color:#212934;\"><div class=\"panel-heading\"><h4 class=\"panel-title toggle\" id=\"toggle_8ba8689853744d0ac\"><a aria-expanded=\"false\" aria-controls=\"8ba8689853744d0ac\" role=\"button\" data-toggle=\"collapse\" data-parent=\"#accordion-63737-2\" data-target=\"#8ba8689853744d0ac\" href=\"#8ba8689853744d0ac\"><span class=\"fusion-toggle-icon-wrapper\" aria-hidden=\"true\"><i class=\"fa-fusion-box active-icon awb-icon-minus\" aria-hidden=\"true\"><\/i><i class=\"fa-fusion-box inactive-icon awb-icon-plus\" aria-hidden=\"true\"><\/i><\/span><span class=\"fusion-toggle-heading\">Was geschieht im Falle einer Stornierung oder vorzeitigen Abreise?<\/span><\/a><\/h4><\/div><div id=\"8ba8689853744d0ac\" class=\"panel-collapse collapse \" aria-labelledby=\"toggle_8ba8689853744d0ac\"><div class=\"panel-body toggle-content fusion-clearfix\">\n<p><strong><a href=\"https:\/\/www.severihotels.it\/de\/hotel-everest-pinarella\/allgemeine-bedingungen\">Wir laden Sie ein, alle allgemeinen Gesch\u00e4ftsbedingungen auf dieser Seite zu lesen.<\/a><\/strong><\/p>\n<\/div><\/div><\/div><div class=\"fusion-panel panel-default panel-971a8e2ee8619ece8 fusion-toggle-no-divider fusion-toggle-boxed-mode\" style=\"--awb-title-color:#212934;\"><div class=\"panel-heading\"><h4 class=\"panel-title toggle\" id=\"toggle_971a8e2ee8619ece8\"><a aria-expanded=\"false\" aria-controls=\"971a8e2ee8619ece8\" role=\"button\" data-toggle=\"collapse\" data-parent=\"#accordion-63737-2\" data-target=\"#971a8e2ee8619ece8\" href=\"#971a8e2ee8619ece8\"><span class=\"fusion-toggle-icon-wrapper\" aria-hidden=\"true\"><i class=\"fa-fusion-box active-icon awb-icon-minus\" aria-hidden=\"true\"><\/i><i class=\"fa-fusion-box inactive-icon awb-icon-plus\" aria-hidden=\"true\"><\/i><\/span><span class=\"fusion-toggle-heading\">Gibt es Kinderwagen?<\/span><\/a><\/h4><\/div><div id=\"971a8e2ee8619ece8\" class=\"panel-collapse collapse \" aria-labelledby=\"toggle_971a8e2ee8619ece8\"><div class=\"panel-body toggle-content fusion-clearfix\">\n<p>Ja, das Hotel stellt seinen G\u00e4sten Kinderwagen zur Verf\u00fcgung. Bitte fragen Sie am Anreisetag an der Rezeption danach.<\/p>\n<\/div><\/div><\/div><div class=\"fusion-panel panel-default panel-faf21af7d4fe6cde1 fusion-toggle-no-divider fusion-toggle-boxed-mode\" style=\"--awb-title-color:#212934;\"><div class=\"panel-heading\"><h4 class=\"panel-title toggle\" id=\"toggle_faf21af7d4fe6cde1\"><a aria-expanded=\"false\" aria-controls=\"faf21af7d4fe6cde1\" role=\"button\" data-toggle=\"collapse\" data-parent=\"#accordion-63737-2\" data-target=\"#faf21af7d4fe6cde1\" href=\"#faf21af7d4fe6cde1\"><span class=\"fusion-toggle-icon-wrapper\" aria-hidden=\"true\"><i class=\"fa-fusion-box active-icon awb-icon-minus\" aria-hidden=\"true\"><\/i><i class=\"fa-fusion-box inactive-icon awb-icon-plus\" aria-hidden=\"true\"><\/i><\/span><span class=\"fusion-toggle-heading\">Gibt es am Strand einen Spielzeugaufbewahrungsraum?<\/span><\/a><\/h4><\/div><div id=\"faf21af7d4fe6cde1\" class=\"panel-collapse collapse \" aria-labelledby=\"toggle_faf21af7d4fe6cde1\"><div class=\"panel-body toggle-content fusion-clearfix\">\n<p>Ja, es gibt ein Spielzimmer, aber es wird nicht beaufsichtigt.<\/p>\n<\/div><\/div><\/div><div class=\"fusion-panel panel-default panel-9cd6427ef2ee17ccc fusion-toggle-no-divider fusion-toggle-boxed-mode\" style=\"--awb-title-color:#212934;\"><div class=\"panel-heading\"><h4 class=\"panel-title toggle\" id=\"toggle_9cd6427ef2ee17ccc\"><a aria-expanded=\"false\" aria-controls=\"9cd6427ef2ee17ccc\" role=\"button\" data-toggle=\"collapse\" data-parent=\"#accordion-63737-2\" data-target=\"#9cd6427ef2ee17ccc\" href=\"#9cd6427ef2ee17ccc\"><span class=\"fusion-toggle-icon-wrapper\" aria-hidden=\"true\"><i class=\"fa-fusion-box active-icon awb-icon-minus\" aria-hidden=\"true\"><\/i><i class=\"fa-fusion-box inactive-icon awb-icon-plus\" aria-hidden=\"true\"><\/i><\/span><span class=\"fusion-toggle-heading\">Ist das Hotel f\u00fcr Menschen mit Hausstaubmilbenallergie geeignet?<\/span><\/a><\/h4><\/div><div id=\"9cd6427ef2ee17ccc\" class=\"panel-collapse collapse \" aria-labelledby=\"toggle_9cd6427ef2ee17ccc\"><div class=\"panel-body toggle-content fusion-clearfix\">\n<p class=\"p1\">Wir m\u00f6chten Sie dar\u00fcber informieren, dass unser Hotel leider keine Unterk\u00fcnfte f\u00fcr G\u00e4ste mit Hausstaubmilbenallergie anbietet. Wir verf\u00fcgen weder \u00fcber hypoallergene Matratzen, Bettw\u00e4sche, Handt\u00fccher noch Vorh\u00e4nge, und die Flure sind mit Teppichboden ausgelegt. Das Hotel liegt direkt gegen\u00fcber einem Kiefernwald, und in diesem Bereich kann es zu Staubbelastung kommen. Daher liegt es in Ihrer Verantwortung, die Allergien Ihres Kindes zu ber\u00fccksichtigen.<\/p>\n<\/div><\/div><\/div><div class=\"fusion-panel panel-default panel-2d847e28d7067b60a fusion-toggle-no-divider fusion-toggle-boxed-mode\" style=\"--awb-title-color:#212934;\"><div class=\"panel-heading\"><h4 class=\"panel-title toggle\" id=\"toggle_2d847e28d7067b60a\"><a aria-expanded=\"false\" aria-controls=\"2d847e28d7067b60a\" role=\"button\" data-toggle=\"collapse\" data-parent=\"#accordion-63737-2\" data-target=\"#2d847e28d7067b60a\" href=\"#2d847e28d7067b60a\"><span class=\"fusion-toggle-icon-wrapper\" aria-hidden=\"true\"><i class=\"fa-fusion-box active-icon awb-icon-minus\" aria-hidden=\"true\"><\/i><i class=\"fa-fusion-box inactive-icon awb-icon-plus\" aria-hidden=\"true\"><\/i><\/span><span class=\"fusion-toggle-heading\">Ber\u00fccksichtigt das Hotel Lebensmittelallergien und -unvertr\u00e4glichkeiten?<\/span><\/a><\/h4><\/div><div id=\"2d847e28d7067b60a\" class=\"panel-collapse collapse \" aria-labelledby=\"toggle_2d847e28d7067b60a\"><div class=\"panel-body toggle-content fusion-clearfix\">\n<p>Gem\u00e4\u00df Verordnung 1169\/2011 informieren wir Sie dar\u00fcber, dass unsere Gerichte Allergene und Spuren von Gluten, Laktose, Eiern, Krustentieren, Fisch, Erdn\u00fcssen, Soja, Schalenfr\u00fcchten, Sellerie, Senf, Knoblauch, Sesam, Schwefeldioxid, Lupinen und Weichtieren enthalten k\u00f6nnen.<\/p>\n<p>Unsere beiden Restaurantk\u00fcchen (Hotel und Strand) verf\u00fcgen nicht \u00fcber einen separaten Bereich, um Kreuzkontaminationen im Falle von Lebensmittelallergien und\/oder -unvertr\u00e4glichkeiten zu vermeiden.<\/p>\n<p>F\u00fcr G\u00e4ste mit Z\u00f6liakie oder Laktoseintoleranz steht im Hotel eine kleine Auswahl an abgepackten Produkten zur Verf\u00fcgung*.<\/p>\n<p>Wenn Sie der Meinung sind, dass Sie Ihre Allergien und\/oder Unvertr\u00e4glichkeiten selbstst\u00e4ndig behandeln k\u00f6nnen, steht Ihnen unser K\u00fcchenchef gerne f\u00fcr Informationen zu den servierten Gerichten zur Verf\u00fcgung. In diesem Fall bitten wir Sie, eine entsprechende Verzichtserkl\u00e4rung auszuf\u00fcllen und zu unterschreiben. G\u00e4sten mit besonders schweren Allergien empfehlen wir, ihren Aufenthalt in unserem Hotel sorgf\u00e4ltig abzuw\u00e4gen.<\/p>\n<p>*Die K\u00fcche des Strandrestaurants f\u00fchrt keine abgepackten Produkte und nimmt auch keine \u00c4nderungen an der Tageskarte vor.<\/p>\n<\/div><\/div><\/div><\/div><\/div><\/div><\/div><\/div><\/div>\n","protected":false},"excerpt":{"rendered":"","protected":false},"author":2,"featured_media":0,"parent":7642,"menu_order":0,"comment_status":"closed","ping_status":"closed","template":"","meta":{"footnotes":"","_joinchat":[]},"yoast_head":"<!-- This site is optimized with the Yoast SEO plugin v21.5 - https:\/\/yoast.com\/wordpress\/plugins\/seo\/ -->\n<title>H\u00e4ufig gestellte Fragen<\/title>\n<meta name=\"robots\" content=\"index, follow, max-snippet:-1, max-image-preview:large, max-video-preview:-1\" \/>\n<link rel=\"canonical\" href=\"https:\/\/www.severihotels.it\/de\/hotel-everest-pinarella\/domande-frequenti\" \/>\n<meta property=\"og:locale\" content=\"de_DE\" \/>\n<meta property=\"og:type\" content=\"article\" \/>\n<meta property=\"og:title\" content=\"H\u00e4ufig gestellte Fragen\" \/>\n<meta property=\"og:url\" content=\"https:\/\/www.severihotels.it\/de\/hotel-everest-pinarella\/domande-frequenti\" \/>\n<meta property=\"og:site_name\" content=\"Severi Hotels\" \/>\n<meta property=\"article:publisher\" content=\"https:\/\/www.facebook.com\/severihotels\" \/>\n<meta property=\"article:modified_time\" content=\"2026-01-03T14:31:03+00:00\" \/>\n<meta name=\"twitter:card\" content=\"summary_large_image\" \/>\n<meta name=\"twitter:label1\" content=\"Gesch\u00e4tzte Lesezeit\" \/>\n\t<meta name=\"twitter:data1\" content=\"13\u00a0Minuten\" \/>\n<script type=\"application\/ld+json\" class=\"yoast-schema-graph\">{\"@context\":\"https:\/\/schema.org\",\"@graph\":[{\"@type\":\"WebPage\",\"@id\":\"https:\/\/www.severihotels.it\/de\/hotel-everest-pinarella\/domande-frequenti\",\"url\":\"https:\/\/www.severihotels.it\/de\/hotel-everest-pinarella\/domande-frequenti\",\"name\":\"H\u00e4ufig gestellte Fragen\",\"isPartOf\":{\"@id\":\"https:\/\/www.severihotels.it\/#website\"},\"datePublished\":\"2022-12-06T13:14:50+00:00\",\"dateModified\":\"2026-01-03T14:31:03+00:00\",\"breadcrumb\":{\"@id\":\"https:\/\/www.severihotels.it\/de\/hotel-everest-pinarella\/domande-frequenti#breadcrumb\"},\"inLanguage\":\"de\",\"potentialAction\":[{\"@type\":\"ReadAction\",\"target\":[\"https:\/\/www.severihotels.it\/de\/hotel-everest-pinarella\/domande-frequenti\"]}]},{\"@type\":\"BreadcrumbList\",\"@id\":\"https:\/\/www.severihotels.it\/de\/hotel-everest-pinarella\/domande-frequenti#breadcrumb\",\"itemListElement\":[{\"@type\":\"ListItem\",\"position\":1,\"name\":\"Home\",\"item\":\"https:\/\/www.severihotels.it\/de\"},{\"@type\":\"ListItem\",\"position\":2,\"name\":\"Hotel Everest Pinarella\",\"item\":\"https:\/\/www.severihotels.it\/de\/hotel-everest-pinarella\"},{\"@type\":\"ListItem\",\"position\":3,\"name\":\"H\u00e4ufig gestellte Fragen\"}]},{\"@type\":\"WebSite\",\"@id\":\"https:\/\/www.severihotels.it\/#website\",\"url\":\"https:\/\/www.severihotels.it\/\",\"name\":\"Severi Hotels\",\"description\":\"I migliori hotels per la tua vacanza in Romagna\",\"potentialAction\":[{\"@type\":\"SearchAction\",\"target\":{\"@type\":\"EntryPoint\",\"urlTemplate\":\"https:\/\/www.severihotels.it\/?s={search_term_string}\"},\"query-input\":\"required name=search_term_string\"}],\"inLanguage\":\"de\"}]}<\/script>\n<!-- \/ Yoast SEO plugin. -->","yoast_head_json":{"title":"H\u00e4ufig gestellte Fragen","robots":{"index":"index","follow":"follow","max-snippet":"max-snippet:-1","max-image-preview":"max-image-preview:large","max-video-preview":"max-video-preview:-1"},"canonical":"https:\/\/www.severihotels.it\/de\/hotel-everest-pinarella\/domande-frequenti","og_locale":"de_DE","og_type":"article","og_title":"H\u00e4ufig gestellte Fragen","og_url":"https:\/\/www.severihotels.it\/de\/hotel-everest-pinarella\/domande-frequenti","og_site_name":"Severi Hotels","article_publisher":"https:\/\/www.facebook.com\/severihotels","article_modified_time":"2026-01-03T14:31:03+00:00","twitter_card":"summary_large_image","twitter_misc":{"Gesch\u00e4tzte Lesezeit":"13\u00a0Minuten"},"schema":{"@context":"https:\/\/schema.org","@graph":[{"@type":"WebPage","@id":"https:\/\/www.severihotels.it\/de\/hotel-everest-pinarella\/domande-frequenti","url":"https:\/\/www.severihotels.it\/de\/hotel-everest-pinarella\/domande-frequenti","name":"H\u00e4ufig gestellte Fragen","isPartOf":{"@id":"https:\/\/www.severihotels.it\/#website"},"datePublished":"2022-12-06T13:14:50+00:00","dateModified":"2026-01-03T14:31:03+00:00","breadcrumb":{"@id":"https:\/\/www.severihotels.it\/de\/hotel-everest-pinarella\/domande-frequenti#breadcrumb"},"inLanguage":"de","potentialAction":[{"@type":"ReadAction","target":["https:\/\/www.severihotels.it\/de\/hotel-everest-pinarella\/domande-frequenti"]}]},{"@type":"BreadcrumbList","@id":"https:\/\/www.severihotels.it\/de\/hotel-everest-pinarella\/domande-frequenti#breadcrumb","itemListElement":[{"@type":"ListItem","position":1,"name":"Home","item":"https:\/\/www.severihotels.it\/de"},{"@type":"ListItem","position":2,"name":"Hotel Everest Pinarella","item":"https:\/\/www.severihotels.it\/de\/hotel-everest-pinarella"},{"@type":"ListItem","position":3,"name":"H\u00e4ufig gestellte Fragen"}]},{"@type":"WebSite","@id":"https:\/\/www.severihotels.it\/#website","url":"https:\/\/www.severihotels.it\/","name":"Severi Hotels","description":"I migliori hotels per la tua vacanza in Romagna","potentialAction":[{"@type":"SearchAction","target":{"@type":"EntryPoint","urlTemplate":"https:\/\/www.severihotels.it\/?s={search_term_string}"},"query-input":"required name=search_term_string"}],"inLanguage":"de"}]}},"_links":{"self":[{"href":"https:\/\/www.severihotels.it\/de\/wp-json\/wp\/v2\/pages\/63737"}],"collection":[{"href":"https:\/\/www.severihotels.it\/de\/wp-json\/wp\/v2\/pages"}],"about":[{"href":"https:\/\/www.severihotels.it\/de\/wp-json\/wp\/v2\/types\/page"}],"author":[{"embeddable":true,"href":"https:\/\/www.severihotels.it\/de\/wp-json\/wp\/v2\/users\/2"}],"replies":[{"embeddable":true,"href":"https:\/\/www.severihotels.it\/de\/wp-json\/wp\/v2\/comments?post=63737"}],"version-history":[{"count":4,"href":"https:\/\/www.severihotels.it\/de\/wp-json\/wp\/v2\/pages\/63737\/revisions"}],"predecessor-version":[{"id":63750,"href":"https:\/\/www.severihotels.it\/de\/wp-json\/wp\/v2\/pages\/63737\/revisions\/63750"}],"up":[{"embeddable":true,"href":"https:\/\/www.severihotels.it\/de\/wp-json\/wp\/v2\/pages\/7642"}],"wp:attachment":[{"href":"https:\/\/www.severihotels.it\/de\/wp-json\/wp\/v2\/media?parent=63737"}],"curies":[{"name":"wp","href":"https:\/\/api.w.org\/{rel}","templated":true}]}}